{"id":2279,"date":"2021-04-12T22:36:07","date_gmt":"2021-04-12T20:36:07","guid":{"rendered":"https:\/\/www.mandelbaum.schule\/wordpress\/?page_id=2279"},"modified":"2024-12-23T14:53:53","modified_gmt":"2024-12-23T13:53:53","slug":"team","status":"publish","type":"page","link":"https:\/\/www.mandelbaum.schule\/wordpress\/team\/","title":{"rendered":"Team"},"content":{"rendered":"\t\t<div data-elementor-type=\"wp-page\" data-elementor-id=\"2279\" class=\"elementor elementor-2279\">\n\t\t\t\t\t\t<section class=\"elementor-section elementor-top-section elementor-element elementor-element-ac0f078 elementor-section-boxed elementor-section-height-default elementor-section-height-default\" data-id=\"ac0f078\" data-element_type=\"section\" data-e-type=\"section\">\n\t\t\t\t\t\t<div class=\"elementor-container elementor-column-gap-default\">\n\t\t\t\t\t<div class=\"elementor-column elementor-col-100 elementor-top-column elementor-element elementor-element-d25e63e\" data-id=\"d25e63e\" data-element_type=\"column\" data-e-type=\"column\">\n\t\t\t<div class=\"elementor-widget-wrap elementor-element-populated\">\n\t\t\t\t\t\t<div class=\"elementor-element elementor-element-a83fb78 elementor-widget elementor-widget-image\" data-id=\"a83fb78\" data-element_type=\"widget\" data-e-type=\"widget\" data-widget_type=\"image.default\">\n\t\t\t\t<div class=\"elementor-widget-container\">\n\t\t\t\t\t\t\t\t\t\t\t\t<figure class=\"wp-caption\">\n\t\t\t\t\t\t\t\t\t\t<img fetchpriority=\"high\" decoding=\"async\" width=\"585\" height=\"1024\" src=\"https:\/\/www.mandelbaum.schule\/wordpress\/wp-content\/uploads\/2024\/12\/MbS-Team-585x1024.png\" class=\"attachment-large size-large wp-image-3834\" alt=\"\" srcset=\"https:\/\/www.mandelbaum.schule\/wordpress\/wp-content\/uploads\/2024\/12\/MbS-Team-585x1024.png 585w, https:\/\/www.mandelbaum.schule\/wordpress\/wp-content\/uploads\/2024\/12\/MbS-Team-171x300.png 171w, https:\/\/www.mandelbaum.schule\/wordpress\/wp-content\/uploads\/2024\/12\/MbS-Team-768x1344.png 768w, https:\/\/www.mandelbaum.schule\/wordpress\/wp-content\/uploads\/2024\/12\/MbS-Team-878x1536.png 878w, https:\/\/www.mandelbaum.schule\/wordpress\/wp-content\/uploads\/2024\/12\/MbS-Team-1171x2048.png 1171w, https:\/\/www.mandelbaum.schule\/wordpress\/wp-content\/uploads\/2024\/12\/MbS-Team.png 1800w\" sizes=\"(max-width: 585px) 100vw, 585px\" \/>\t\t\t\t\t\t\t\t\t\t\t<figcaption class=\"widget-image-caption wp-caption-text\">Das Team der Mandelbaumschule 24_25<\/figcaption>\n\t\t\t\t\t\t\t\t\t\t<\/figure>\n\t\t\t\t\t\t\t\t\t<\/div>\n\t\t\t\t<\/div>\n\t\t\t\t\t<\/div>\n\t\t<\/div>\n\t\t\t\t\t<\/div>\n\t\t<\/section>\n\t\t\t\t<section class=\"elementor-section elementor-top-section elementor-element elementor-element-bfcbf96 elementor-section-boxed elementor-section-height-default elementor-section-height-default\" data-id=\"bfcbf96\" data-element_type=\"section\" data-e-type=\"section\">\n\t\t\t\t\t\t<div class=\"elementor-container elementor-column-gap-default\">\n\t\t\t\t\t<div class=\"elementor-column elementor-col-100 elementor-top-column elementor-element elementor-element-d036aee\" data-id=\"d036aee\" data-element_type=\"column\" data-e-type=\"column\">\n\t\t\t<div class=\"elementor-widget-wrap elementor-element-populated\">\n\t\t\t\t\t\t<div class=\"elementor-element elementor-element-d40c523 elementor-widget elementor-widget-image\" data-id=\"d40c523\" data-element_type=\"widget\" data-e-type=\"widget\" data-widget_type=\"image.default\">\n\t\t\t\t<div class=\"elementor-widget-container\">\n\t\t\t\t\t\t\t\t\t\t\t\t\t\t\t<img decoding=\"async\" width=\"812\" height=\"457\" src=\"https:\/\/www.mandelbaum.schule\/wordpress\/wp-content\/uploads\/2024\/08\/IMG_20230714_210921-1024x576.jpg\" class=\"attachment-large size-large wp-image-3785\" alt=\"\" srcset=\"https:\/\/www.mandelbaum.schule\/wordpress\/wp-content\/uploads\/2024\/08\/IMG_20230714_210921-1024x576.jpg 1024w, https:\/\/www.mandelbaum.schule\/wordpress\/wp-content\/uploads\/2024\/08\/IMG_20230714_210921-300x169.jpg 300w, https:\/\/www.mandelbaum.schule\/wordpress\/wp-content\/uploads\/2024\/08\/IMG_20230714_210921-768x432.jpg 768w, https:\/\/www.mandelbaum.schule\/wordpress\/wp-content\/uploads\/2024\/08\/IMG_20230714_210921-1536x864.jpg 1536w, https:\/\/www.mandelbaum.schule\/wordpress\/wp-content\/uploads\/2024\/08\/IMG_20230714_210921-2048x1152.jpg 2048w\" sizes=\"(max-width: 812px) 100vw, 812px\" \/>\t\t\t\t\t\t\t\t\t\t\t\t\t\t\t<\/div>\n\t\t\t\t<\/div>\n\t\t\t\t<div class=\"elementor-element elementor-element-2578be9 elementor-widget elementor-widget-text-editor\" data-id=\"2578be9\" data-element_type=\"widget\" data-e-type=\"widget\" data-widget_type=\"text-editor.default\">\n\t\t\t\t<div class=\"elementor-widget-container\">\n\t\t\t\t\t\t\t\t\t<p>Unsere Vision von der Mandelbaum Grundschule ist m\u00f6glich, weil wir als engagierte Eltern gemeinsam mit den Lehrkr\u00e4ften unser Ziel verfolgen. Jeder bringt seine F\u00e4higkeiten und Begabungen da ein, wo es gebraucht wird &#8211; das begeistert uns!<\/p><p>Das Gr\u00fcndungs-Team\u00a0<span style=\"color: var( --e-global-color-text ); font-family: var( --e-global-typography-text-font-family ), Sans-serif; font-weight: var( --e-global-typography-text-font-weight );\">hat voller Begeisterung\u00a0<\/span><span style=\"font-style: inherit; font-weight: inherit; color: var( --e-global-color-text ); font-family: var( --e-global-typography-text-font-family ), Sans-serif;\">den Verein Wurzelwerke &#8211; Initiative f\u00fcr ganzheitliche P\u00e4dagogik e.V.\u00a0<\/span><span style=\"color: var( --e-global-color-text ); font-family: var( --e-global-typography-text-font-family ), Sans-serif; font-weight: var( --e-global-typography-text-font-weight );\">im August 2019\u00a0<\/span><span style=\"color: var( --e-global-color-text ); font-family: var( --e-global-typography-text-font-family ), Sans-serif; font-style: inherit; font-weight: inherit;\">gegr\u00fcndet.<\/span><\/p>\t\t\t\t\t\t\t\t<\/div>\n\t\t\t\t<\/div>\n\t\t\t\t<div class=\"elementor-element elementor-element-1adfb2d elementor-widget elementor-widget-image\" data-id=\"1adfb2d\" data-element_type=\"widget\" data-e-type=\"widget\" data-widget_type=\"image.default\">\n\t\t\t\t<div class=\"elementor-widget-container\">\n\t\t\t\t\t\t\t\t\t\t\t\t\t\t\t<img decoding=\"async\" width=\"300\" height=\"199\" src=\"https:\/\/www.mandelbaum.schule\/wordpress\/wp-content\/uploads\/2021\/07\/Wurzelwerke_Motiviert_web-Team-300x199.jpg\" class=\"attachment-medium size-medium wp-image-2420\" alt=\"\" srcset=\"https:\/\/www.mandelbaum.schule\/wordpress\/wp-content\/uploads\/2021\/07\/Wurzelwerke_Motiviert_web-Team-300x199.jpg 300w, https:\/\/www.mandelbaum.schule\/wordpress\/wp-content\/uploads\/2021\/07\/Wurzelwerke_Motiviert_web-Team-1024x680.jpg 1024w, https:\/\/www.mandelbaum.schule\/wordpress\/wp-content\/uploads\/2021\/07\/Wurzelwerke_Motiviert_web-Team-768x510.jpg 768w, https:\/\/www.mandelbaum.schule\/wordpress\/wp-content\/uploads\/2021\/07\/Wurzelwerke_Motiviert_web-Team-1536x1020.jpg 1536w, https:\/\/www.mandelbaum.schule\/wordpress\/wp-content\/uploads\/2021\/07\/Wurzelwerke_Motiviert_web-Team.jpg 1626w\" sizes=\"(max-width: 300px) 100vw, 300px\" \/>\t\t\t\t\t\t\t\t\t\t\t\t\t\t\t<\/div>\n\t\t\t\t<\/div>\n\t\t\t\t\t<\/div>\n\t\t<\/div>\n\t\t\t\t\t<\/div>\n\t\t<\/section>\n\t\t\t\t<section class=\"elementor-section elementor-top-section elementor-element elementor-element-07024ea elementor-section-boxed elementor-section-height-default elementor-section-height-default\" data-id=\"07024ea\" data-element_type=\"section\" data-e-type=\"section\">\n\t\t\t\t\t\t<div class=\"elementor-container elementor-column-gap-default\">\n\t\t\t\t\t<div class=\"elementor-column elementor-col-100 elementor-top-column elementor-element elementor-element-5a1c2c8\" data-id=\"5a1c2c8\" data-element_type=\"column\" data-e-type=\"column\">\n\t\t\t<div class=\"elementor-widget-wrap\">\n\t\t\t\t\t\t\t<\/div>\n\t\t<\/div>\n\t\t\t\t\t<\/div>\n\t\t<\/section>\n\t\t\t\t<\/div>\n\t\t","protected":false},"excerpt":{"rendered":"<p>Das Team der Mandelbaumschule 24_25 Unsere Vision von der Mandelbaum Grundschule ist m\u00f6glich, weil wir als engagierte Eltern gemeinsam mit den Lehrkr\u00e4ften unser Ziel verfolgen. Jeder bringt seine F\u00e4higkeiten und Begabungen da ein, wo es gebraucht wird &#8211; das begeistert uns! Das Gr\u00fcndungs-Team\u00a0hat voller Begeisterung\u00a0den Verein Wurzelwerke &#8211; Initiative f\u00fcr ganzheitliche P\u00e4dagogik e.V.\u00a0im August 2019\u00a0gegr\u00fcndet.<\/p>\n","protected":false},"author":4,"featured_media":0,"parent":0,"menu_order":0,"comment_status":"closed","ping_status":"closed","template":"","meta":{"zakra_sidebar_layout":"customizer","zakra_remove_content_margin":false,"zakra_sidebar":"customizer","zakra_transparent_header":"customizer","zakra_logo":0,"zakra_main_header_style":"default","zakra_menu_item_color":"","zakra_menu_item_hover_color":"","zakra_menu_item_active_color":"","zakra_menu_active_style":"","zakra_page_header":true,"footnotes":""},"class_list":["post-2279","page","type-page","status-publish","hentry"],"yoast_head":"<!-- This site is optimized with the Yoast SEO plugin v27.5 - https:\/\/yoast.com\/product\/yoast-seo-wordpress\/ -->\n<title>Team - Initiative f\u00fcr ganzheitliche P\u00e4dagogik - Mandelbaum Grundschule<\/title>\n<meta name=\"robots\" content=\"index, follow, max-snippet:-1, max-image-preview:large, max-video-preview:-1\" \/>\n<link rel=\"canonical\" href=\"https:\/\/www.mandelbaum.schule\/wordpress\/team\/\" \/>\n<meta property=\"og:locale\" content=\"de_DE\" \/>\n<meta property=\"og:type\" content=\"article\" \/>\n<meta property=\"og:title\" content=\"Team - Initiative f\u00fcr ganzheitliche P\u00e4dagogik - Mandelbaum Grundschule\" \/>\n<meta property=\"og:description\" content=\"Das Team der Mandelbaumschule 24_25 Unsere Vision von der Mandelbaum Grundschule ist m\u00f6glich, weil wir als engagierte Eltern gemeinsam mit den Lehrkr\u00e4ften unser Ziel verfolgen. Jeder bringt seine F\u00e4higkeiten und Begabungen da ein, wo es gebraucht wird &#8211; das begeistert uns! Das Gr\u00fcndungs-Team\u00a0hat voller Begeisterung\u00a0den Verein Wurzelwerke &#8211; Initiative f\u00fcr ganzheitliche P\u00e4dagogik e.V.\u00a0im August 2019\u00a0gegr\u00fcndet.\" \/>\n<meta property=\"og:url\" content=\"https:\/\/www.mandelbaum.schule\/wordpress\/team\/\" \/>\n<meta property=\"og:site_name\" content=\"Initiative f\u00fcr ganzheitliche P\u00e4dagogik - Mandelbaum Grundschule\" \/>\n<meta property=\"article:modified_time\" content=\"2024-12-23T13:53:53+00:00\" \/>\n<meta property=\"og:image\" content=\"https:\/\/www.mandelbaum.schule\/wordpress\/wp-content\/uploads\/2024\/12\/MbS-Team-585x1024.png\" \/>\n\t<meta property=\"og:image:width\" content=\"585\" \/>\n\t<meta property=\"og:image:height\" content=\"1024\" \/>\n\t<meta property=\"og:image:type\" content=\"image\/png\" \/>\n<meta name=\"twitter:card\" content=\"summary_large_image\" \/>\n<meta name=\"twitter:label1\" content=\"Gesch\u00e4tzte Lesezeit\" \/>\n\t<meta name=\"twitter:data1\" content=\"1\u00a0Minute\" \/>\n<script type=\"application\/ld+json\" class=\"yoast-schema-graph\">{\"@context\":\"https:\\\/\\\/schema.org\",\"@graph\":[{\"@type\":\"WebPage\",\"@id\":\"https:\\\/\\\/www.mandelbaum.schule\\\/wordpress\\\/team\\\/\",\"url\":\"https:\\\/\\\/www.mandelbaum.schule\\\/wordpress\\\/team\\\/\",\"name\":\"Team - Initiative f\u00fcr ganzheitliche P\u00e4dagogik - Mandelbaum Grundschule\",\"isPartOf\":{\"@id\":\"https:\\\/\\\/www.mandelbaum.schule\\\/wordpress\\\/#website\"},\"primaryImageOfPage\":{\"@id\":\"https:\\\/\\\/www.mandelbaum.schule\\\/wordpress\\\/team\\\/#primaryimage\"},\"image\":{\"@id\":\"https:\\\/\\\/www.mandelbaum.schule\\\/wordpress\\\/team\\\/#primaryimage\"},\"thumbnailUrl\":\"https:\\\/\\\/www.mandelbaum.schule\\\/wordpress\\\/wp-content\\\/uploads\\\/2024\\\/12\\\/MbS-Team-585x1024.png\",\"datePublished\":\"2021-04-12T20:36:07+00:00\",\"dateModified\":\"2024-12-23T13:53:53+00:00\",\"breadcrumb\":{\"@id\":\"https:\\\/\\\/www.mandelbaum.schule\\\/wordpress\\\/team\\\/#breadcrumb\"},\"inLanguage\":\"de\",\"potentialAction\":[{\"@type\":\"ReadAction\",\"target\":[\"https:\\\/\\\/www.mandelbaum.schule\\\/wordpress\\\/team\\\/\"]}]},{\"@type\":\"ImageObject\",\"inLanguage\":\"de\",\"@id\":\"https:\\\/\\\/www.mandelbaum.schule\\\/wordpress\\\/team\\\/#primaryimage\",\"url\":\"https:\\\/\\\/www.mandelbaum.schule\\\/wordpress\\\/wp-content\\\/uploads\\\/2024\\\/12\\\/MbS-Team.png\",\"contentUrl\":\"https:\\\/\\\/www.mandelbaum.schule\\\/wordpress\\\/wp-content\\\/uploads\\\/2024\\\/12\\\/MbS-Team.png\",\"width\":1800,\"height\":3149},{\"@type\":\"BreadcrumbList\",\"@id\":\"https:\\\/\\\/www.mandelbaum.schule\\\/wordpress\\\/team\\\/#breadcrumb\",\"itemListElement\":[{\"@type\":\"ListItem\",\"position\":1,\"name\":\"Startseite\",\"item\":\"https:\\\/\\\/www.mandelbaum.schule\\\/wordpress\\\/\"},{\"@type\":\"ListItem\",\"position\":2,\"name\":\"Team\"}]},{\"@type\":\"WebSite\",\"@id\":\"https:\\\/\\\/www.mandelbaum.schule\\\/wordpress\\\/#website\",\"url\":\"https:\\\/\\\/www.mandelbaum.schule\\\/wordpress\\\/\",\"name\":\"Initiative f\u00fcr ganzheitliche P\u00e4dagogik - Mandelbaum Grundschule\",\"description\":\"Schulgr\u00fcndung Darmstadt Dieburg\",\"publisher\":{\"@id\":\"https:\\\/\\\/www.mandelbaum.schule\\\/wordpress\\\/#organization\"},\"potentialAction\":[{\"@type\":\"SearchAction\",\"target\":{\"@type\":\"EntryPoint\",\"urlTemplate\":\"https:\\\/\\\/www.mandelbaum.schule\\\/wordpress\\\/?s={search_term_string}\"},\"query-input\":{\"@type\":\"PropertyValueSpecification\",\"valueRequired\":true,\"valueName\":\"search_term_string\"}}],\"inLanguage\":\"de\"},{\"@type\":\"Organization\",\"@id\":\"https:\\\/\\\/www.mandelbaum.schule\\\/wordpress\\\/#organization\",\"name\":\"Initiative f\u00fcr ganzheitliche P\u00e4dagogik - Mandelbaum Grundschule\",\"url\":\"https:\\\/\\\/www.mandelbaum.schule\\\/wordpress\\\/\",\"logo\":{\"@type\":\"ImageObject\",\"inLanguage\":\"de\",\"@id\":\"https:\\\/\\\/www.mandelbaum.schule\\\/wordpress\\\/#\\\/schema\\\/logo\\\/image\\\/\",\"url\":\"https:\\\/\\\/www.mandelbaum.schule\\\/wordpress\\\/wp-content\\\/uploads\\\/2020\\\/05\\\/cropped-Wurzlewerke-e.V-log_web_03.png\",\"contentUrl\":\"https:\\\/\\\/www.mandelbaum.schule\\\/wordpress\\\/wp-content\\\/uploads\\\/2020\\\/05\\\/cropped-Wurzlewerke-e.V-log_web_03.png\",\"width\":924,\"height\":246,\"caption\":\"Initiative f\u00fcr ganzheitliche P\u00e4dagogik - Mandelbaum Grundschule\"},\"image\":{\"@id\":\"https:\\\/\\\/www.mandelbaum.schule\\\/wordpress\\\/#\\\/schema\\\/logo\\\/image\\\/\"},\"sameAs\":[\"https:\\\/\\\/instagram.com\\\/mandelbaum.schule\"]}]}<\/script>\n<!-- \/ Yoast SEO plugin. -->","yoast_head_json":{"title":"Team - Initiative f\u00fcr ganzheitliche P\u00e4dagogik - Mandelbaum Grundschule","robots":{"index":"index","follow":"follow","max-snippet":"max-snippet:-1","max-image-preview":"max-image-preview:large","max-video-preview":"max-video-preview:-1"},"canonical":"https:\/\/www.mandelbaum.schule\/wordpress\/team\/","og_locale":"de_DE","og_type":"article","og_title":"Team - Initiative f\u00fcr ganzheitliche P\u00e4dagogik - Mandelbaum Grundschule","og_description":"Das Team der Mandelbaumschule 24_25 Unsere Vision von der Mandelbaum Grundschule ist m\u00f6glich, weil wir als engagierte Eltern gemeinsam mit den Lehrkr\u00e4ften unser Ziel verfolgen. Jeder bringt seine F\u00e4higkeiten und Begabungen da ein, wo es gebraucht wird &#8211; das begeistert uns! Das Gr\u00fcndungs-Team\u00a0hat voller Begeisterung\u00a0den Verein Wurzelwerke &#8211; Initiative f\u00fcr ganzheitliche P\u00e4dagogik e.V.\u00a0im August 2019\u00a0gegr\u00fcndet.","og_url":"https:\/\/www.mandelbaum.schule\/wordpress\/team\/","og_site_name":"Initiative f\u00fcr ganzheitliche P\u00e4dagogik - Mandelbaum Grundschule","article_modified_time":"2024-12-23T13:53:53+00:00","og_image":[{"width":585,"height":1024,"url":"https:\/\/www.mandelbaum.schule\/wordpress\/wp-content\/uploads\/2024\/12\/MbS-Team-585x1024.png","type":"image\/png"}],"twitter_card":"summary_large_image","twitter_misc":{"Gesch\u00e4tzte Lesezeit":"1\u00a0Minute"},"schema":{"@context":"https:\/\/schema.org","@graph":[{"@type":"WebPage","@id":"https:\/\/www.mandelbaum.schule\/wordpress\/team\/","url":"https:\/\/www.mandelbaum.schule\/wordpress\/team\/","name":"Team - Initiative f\u00fcr ganzheitliche P\u00e4dagogik - Mandelbaum Grundschule","isPartOf":{"@id":"https:\/\/www.mandelbaum.schule\/wordpress\/#website"},"primaryImageOfPage":{"@id":"https:\/\/www.mandelbaum.schule\/wordpress\/team\/#primaryimage"},"image":{"@id":"https:\/\/www.mandelbaum.schule\/wordpress\/team\/#primaryimage"},"thumbnailUrl":"https:\/\/www.mandelbaum.schule\/wordpress\/wp-content\/uploads\/2024\/12\/MbS-Team-585x1024.png","datePublished":"2021-04-12T20:36:07+00:00","dateModified":"2024-12-23T13:53:53+00:00","breadcrumb":{"@id":"https:\/\/www.mandelbaum.schule\/wordpress\/team\/#breadcrumb"},"inLanguage":"de","potentialAction":[{"@type":"ReadAction","target":["https:\/\/www.mandelbaum.schule\/wordpress\/team\/"]}]},{"@type":"ImageObject","inLanguage":"de","@id":"https:\/\/www.mandelbaum.schule\/wordpress\/team\/#primaryimage","url":"https:\/\/www.mandelbaum.schule\/wordpress\/wp-content\/uploads\/2024\/12\/MbS-Team.png","contentUrl":"https:\/\/www.mandelbaum.schule\/wordpress\/wp-content\/uploads\/2024\/12\/MbS-Team.png","width":1800,"height":3149},{"@type":"BreadcrumbList","@id":"https:\/\/www.mandelbaum.schule\/wordpress\/team\/#breadcrumb","itemListElement":[{"@type":"ListItem","position":1,"name":"Startseite","item":"https:\/\/www.mandelbaum.schule\/wordpress\/"},{"@type":"ListItem","position":2,"name":"Team"}]},{"@type":"WebSite","@id":"https:\/\/www.mandelbaum.schule\/wordpress\/#website","url":"https:\/\/www.mandelbaum.schule\/wordpress\/","name":"Initiative f\u00fcr ganzheitliche P\u00e4dagogik - Mandelbaum Grundschule","description":"Schulgr\u00fcndung Darmstadt Dieburg","publisher":{"@id":"https:\/\/www.mandelbaum.schule\/wordpress\/#organization"},"potentialAction":[{"@type":"SearchAction","target":{"@type":"EntryPoint","urlTemplate":"https:\/\/www.mandelbaum.schule\/wordpress\/?s={search_term_string}"},"query-input":{"@type":"PropertyValueSpecification","valueRequired":true,"valueName":"search_term_string"}}],"inLanguage":"de"},{"@type":"Organization","@id":"https:\/\/www.mandelbaum.schule\/wordpress\/#organization","name":"Initiative f\u00fcr ganzheitliche P\u00e4dagogik - Mandelbaum Grundschule","url":"https:\/\/www.mandelbaum.schule\/wordpress\/","logo":{"@type":"ImageObject","inLanguage":"de","@id":"https:\/\/www.mandelbaum.schule\/wordpress\/#\/schema\/logo\/image\/","url":"https:\/\/www.mandelbaum.schule\/wordpress\/wp-content\/uploads\/2020\/05\/cropped-Wurzlewerke-e.V-log_web_03.png","contentUrl":"https:\/\/www.mandelbaum.schule\/wordpress\/wp-content\/uploads\/2020\/05\/cropped-Wurzlewerke-e.V-log_web_03.png","width":924,"height":246,"caption":"Initiative f\u00fcr ganzheitliche P\u00e4dagogik - Mandelbaum Grundschule"},"image":{"@id":"https:\/\/www.mandelbaum.schule\/wordpress\/#\/schema\/logo\/image\/"},"sameAs":["https:\/\/instagram.com\/mandelbaum.schule"]}]}},"_links":{"self":[{"href":"https:\/\/www.mandelbaum.schule\/wordpress\/wp-json\/wp\/v2\/pages\/2279","targetHints":{"allow":["GET"]}}],"collection":[{"href":"https:\/\/www.mandelbaum.schule\/wordpress\/wp-json\/wp\/v2\/pages"}],"about":[{"href":"https:\/\/www.mandelbaum.schule\/wordpress\/wp-json\/wp\/v2\/types\/page"}],"author":[{"embeddable":true,"href":"https:\/\/www.mandelbaum.schule\/wordpress\/wp-json\/wp\/v2\/users\/4"}],"replies":[{"embeddable":true,"href":"https:\/\/www.mandelbaum.schule\/wordpress\/wp-json\/wp\/v2\/comments?post=2279"}],"version-history":[{"count":37,"href":"https:\/\/www.mandelbaum.schule\/wordpress\/wp-json\/wp\/v2\/pages\/2279\/revisions"}],"predecessor-version":[{"id":3844,"href":"https:\/\/www.mandelbaum.schule\/wordpress\/wp-json\/wp\/v2\/pages\/2279\/revisions\/3844"}],"wp:attachment":[{"href":"https:\/\/www.mandelbaum.schule\/wordpress\/wp-json\/wp\/v2\/media?parent=2279"}],"curies":[{"name":"wp","href":"https:\/\/api.w.org\/{rel}","templated":true}]}}