{"id":2089,"date":"2021-03-05T23:16:12","date_gmt":"2021-03-05T22:16:12","guid":{"rendered":"https:\/\/www.mandelbaum.schule\/wordpress\/?page_id=2089"},"modified":"2024-01-23T16:44:11","modified_gmt":"2024-01-23T15:44:11","slug":"jetzt-unterstuetzer-werden-2","status":"publish","type":"page","link":"https:\/\/www.mandelbaum.schule\/wordpress\/jetzt-unterstuetzer-werden-2\/","title":{"rendered":"Investieren in Bildung"},"content":{"rendered":"\t\t<div data-elementor-type=\"wp-page\" data-elementor-id=\"2089\" class=\"elementor elementor-2089\">\n\t\t\t\t\t\t<section class=\"elementor-section elementor-top-section elementor-element elementor-element-796aadda elementor-section-boxed elementor-section-height-default elementor-section-height-default\" data-id=\"796aadda\" data-element_type=\"section\" data-e-type=\"section\">\n\t\t\t\t\t\t<div class=\"elementor-container elementor-column-gap-default\">\n\t\t\t\t\t<div class=\"elementor-column elementor-col-100 elementor-top-column elementor-element elementor-element-589982af\" data-id=\"589982af\" data-element_type=\"column\" data-e-type=\"column\">\n\t\t\t<div class=\"elementor-widget-wrap elementor-element-populated\">\n\t\t\t\t\t\t<div class=\"elementor-element elementor-element-6bb9bb04 elementor-widget elementor-widget-text-editor\" data-id=\"6bb9bb04\" data-element_type=\"widget\" data-e-type=\"widget\" data-widget_type=\"text-editor.default\">\n\t\t\t\t<div class=\"elementor-widget-container\">\n\t\t\t\t\t\t\t\t\t<p>Sind dir neue Bildungskonzepte auch wichtig?<br \/>Dann investiere ganz konkret in die Lebenswelt von Kindern. Handlungsorientierte Unterrichtsmaterialien machen die Lehrinhalte praktisch und anschaulich.<br \/>Wir brauchen deine Unterst\u00fctzung, denn nur gemeinsam k\u00f6nnen wir Neues schaffen.<\/p><p><a href=\"#Sponsoren\">Sponsoren k\u00f6nnen von uns \u00f6ffentlich erw\u00e4hnt werden.<\/a><\/p><p><span style=\"color: var( --e-global-color-text ); font-family: var( --e-global-typography-text-font-family ), Sans-serif; font-weight: var( --e-global-typography-text-font-weight );\">Folgende Pakete werden zum Start der Schule noch ben\u00f6tigt.\u00a0<\/span>Details zur genauen Verwendung der Gelder weiter unten.<\/p><figure><img decoding=\"async\" src=\"https:\/\/www.mandelbaum.schule\/wordpress\/wp-content\/uploads\/2021\/03\/Kunstunterricht-1536x864.jpg\" alt=\"Kunstunterricht\" data-wp-editing=\"1\" \/><p>\u00a0<\/p><figcaption>Kunstunterricht<\/figcaption><\/figure><figure><img decoding=\"async\" src=\"https:\/\/www.mandelbaum.schule\/wordpress\/wp-content\/uploads\/2021\/03\/Ausstattung-e1614984968659-1536x841.jpg\" alt=\"Ausstattung\" \/><p>\u00a0<\/p><figcaption>Ausstattung<\/figcaption><\/figure><figure><img decoding=\"async\" src=\"https:\/\/www.mandelbaum.schule\/wordpress\/wp-content\/uploads\/2021\/03\/Sachunterricht-1536x864.jpg\" alt=\"Sachunterricht\" \/><p>\u00a0<\/p><figcaption>Sachunterricht<\/figcaption><\/figure><figure><img decoding=\"async\" src=\"https:\/\/www.mandelbaum.schule\/wordpress\/wp-content\/uploads\/2021\/03\/Musikunterricht-e1614985090156.jpg\" alt=\"Musikunterricht\" \/><p>\u00a0<\/p><figcaption>Musikunterricht<\/figcaption><\/figure><figure><img decoding=\"async\" src=\"https:\/\/www.mandelbaum.schule\/wordpress\/wp-content\/uploads\/2021\/03\/Gott-und-Mensch-scaled-e1614984708227-1536x840.jpeg\" alt=\"Gott &amp; Mensch\" \/><p>\u00a0<\/p><figcaption><\/figcaption><\/figure><figure>Gott &amp; Mensch<\/figure>\t\t\t\t\t\t\t\t<\/div>\n\t\t\t\t<\/div>\n\t\t\t\t<div class=\"elementor-element elementor-element-77fd65a elementor-widget elementor-widget-progress\" data-id=\"77fd65a\" data-element_type=\"widget\" data-e-type=\"widget\" data-widget_type=\"progress.default\">\n\t\t\t\t<div class=\"elementor-widget-container\">\n\t\t\t\t\t\t\t\t<span class=\"elementor-title\" id=\"elementor-progress-bar-77fd65a\">\n\t\t\t\t<span style=\"white-space: normal\">Gott und Mensch 800\u20ac<\/span>\t\t\t<\/span>\n\t\t\n\t\t<div aria-labelledby=\"elementor-progress-bar-77fd65a\" class=\"elementor-progress-wrapper\" role=\"progressbar\" aria-valuemin=\"0\" aria-valuemax=\"100\" aria-valuenow=\"52\" aria-valuetext=\"52% (Spenden)\">\n\t\t\t<div class=\"elementor-progress-bar\" data-max=\"52\">\n\t\t\t\t<span class=\"elementor-progress-text\">Spenden<\/span>\n\t\t\t\t\t\t\t\t\t<span class=\"elementor-progress-percentage\">52%<\/span>\n\t\t\t\t\t\t\t<\/div>\n\t\t<\/div>\n\t\t\t\t\t\t<\/div>\n\t\t\t\t<\/div>\n\t\t\t\t<div class=\"elementor-element elementor-element-04d53f5 elementor-widget elementor-widget-progress\" data-id=\"04d53f5\" data-element_type=\"widget\" data-e-type=\"widget\" data-widget_type=\"progress.default\">\n\t\t\t\t<div class=\"elementor-widget-container\">\n\t\t\t\t\t\t\t\t<span class=\"elementor-title\" id=\"elementor-progress-bar-04d53f5\">\n\t\t\t\t<span style=\"white-space: normal\">Ausstattung - 11.100\u20ac<\/span>\t\t\t<\/span>\n\t\t\n\t\t<div aria-labelledby=\"elementor-progress-bar-04d53f5\" class=\"elementor-progress-wrapper\" role=\"progressbar\" aria-valuemin=\"0\" aria-valuemax=\"100\" aria-valuenow=\"35\" aria-valuetext=\"35% (Spenden)\">\n\t\t\t<div class=\"elementor-progress-bar\" data-max=\"35\">\n\t\t\t\t<span class=\"elementor-progress-text\">Spenden<\/span>\n\t\t\t\t\t\t\t\t\t<span class=\"elementor-progress-percentage\">35%<\/span>\n\t\t\t\t\t\t\t<\/div>\n\t\t<\/div>\n\t\t\t\t\t\t<\/div>\n\t\t\t\t<\/div>\n\t\t\t\t<div class=\"elementor-element elementor-element-781960b elementor-widget elementor-widget-progress\" data-id=\"781960b\" data-element_type=\"widget\" data-e-type=\"widget\" data-widget_type=\"progress.default\">\n\t\t\t\t<div class=\"elementor-widget-container\">\n\t\t\t\t\t\t\t\t<span class=\"elementor-title\" id=\"elementor-progress-bar-781960b\">\n\t\t\t\t<span style=\"white-space: normal\">Sachunterricht 2.300\u20ac<\/span>\t\t\t<\/span>\n\t\t\n\t\t<div aria-labelledby=\"elementor-progress-bar-781960b\" class=\"elementor-progress-wrapper\" role=\"progressbar\" aria-valuemin=\"0\" aria-valuemax=\"100\" aria-valuenow=\"44\" aria-valuetext=\"44% (Spenden)\">\n\t\t\t<div class=\"elementor-progress-bar\" data-max=\"44\">\n\t\t\t\t<span class=\"elementor-progress-text\">Spenden<\/span>\n\t\t\t\t\t\t\t\t\t<span class=\"elementor-progress-percentage\">44%<\/span>\n\t\t\t\t\t\t\t<\/div>\n\t\t<\/div>\n\t\t\t\t\t\t<\/div>\n\t\t\t\t<\/div>\n\t\t\t\t<div class=\"elementor-element elementor-element-7678166 elementor-widget elementor-widget-progress\" data-id=\"7678166\" data-element_type=\"widget\" data-e-type=\"widget\" data-widget_type=\"progress.default\">\n\t\t\t\t<div class=\"elementor-widget-container\">\n\t\t\t\t\t\t\t\t<span class=\"elementor-title\" id=\"elementor-progress-bar-7678166\">\n\t\t\t\t<span style=\"white-space: normal\">Musik - 5.700\u20ac<\/span>\t\t\t<\/span>\n\t\t\n\t\t<div aria-labelledby=\"elementor-progress-bar-7678166\" class=\"elementor-progress-wrapper\" role=\"progressbar\" aria-valuemin=\"0\" aria-valuemax=\"100\" aria-valuenow=\"49\" aria-valuetext=\"49% (Spenden)\">\n\t\t\t<div class=\"elementor-progress-bar\" data-max=\"49\">\n\t\t\t\t<span class=\"elementor-progress-text\">Spenden<\/span>\n\t\t\t\t\t\t\t\t\t<span class=\"elementor-progress-percentage\">49%<\/span>\n\t\t\t\t\t\t\t<\/div>\n\t\t<\/div>\n\t\t\t\t\t\t<\/div>\n\t\t\t\t<\/div>\n\t\t\t\t<div class=\"elementor-element elementor-element-06dc767 elementor-widget elementor-widget-progress\" data-id=\"06dc767\" data-element_type=\"widget\" data-e-type=\"widget\" data-widget_type=\"progress.default\">\n\t\t\t\t<div class=\"elementor-widget-container\">\n\t\t\t\t\t\t\t\t<span class=\"elementor-title\" id=\"elementor-progress-bar-06dc767\">\n\t\t\t\t<span style=\"white-space: normal\">Kunst - 1.200\u20ac<\/span>\t\t\t<\/span>\n\t\t\n\t\t<div aria-labelledby=\"elementor-progress-bar-06dc767\" class=\"elementor-progress-wrapper\" role=\"progressbar\" aria-valuemin=\"0\" aria-valuemax=\"100\" aria-valuenow=\"31\" aria-valuetext=\"31% (Spenden)\">\n\t\t\t<div class=\"elementor-progress-bar\" data-max=\"31\">\n\t\t\t\t<span class=\"elementor-progress-text\">Spenden<\/span>\n\t\t\t\t\t\t\t\t\t<span class=\"elementor-progress-percentage\">31%<\/span>\n\t\t\t\t\t\t\t<\/div>\n\t\t<\/div>\n\t\t\t\t\t\t<\/div>\n\t\t\t\t<\/div>\n\t\t\t\t<div class=\"elementor-element elementor-element-cbebe97 elementor-widget elementor-widget-progress\" data-id=\"cbebe97\" data-element_type=\"widget\" data-e-type=\"widget\" data-widget_type=\"progress.default\">\n\t\t\t\t<div class=\"elementor-widget-container\">\n\t\t\t\t\t\t\t\t<span class=\"elementor-title\" id=\"elementor-progress-bar-cbebe97\">\n\t\t\t\t<span style=\"white-space: normal\">Mathe - 1.500\u20ac<\/span>\t\t\t<\/span>\n\t\t\n\t\t<div aria-labelledby=\"elementor-progress-bar-cbebe97\" class=\"elementor-progress-wrapper\" role=\"progressbar\" aria-valuemin=\"0\" aria-valuemax=\"100\" aria-valuenow=\"28\" aria-valuetext=\"28% (Spenden)\">\n\t\t\t<div class=\"elementor-progress-bar\" data-max=\"28\">\n\t\t\t\t<span class=\"elementor-progress-text\">Spenden<\/span>\n\t\t\t\t\t\t\t\t\t<span class=\"elementor-progress-percentage\">28%<\/span>\n\t\t\t\t\t\t\t<\/div>\n\t\t<\/div>\n\t\t\t\t\t\t<\/div>\n\t\t\t\t<\/div>\n\t\t\t\t<div class=\"elementor-element elementor-element-a51659d elementor-widget elementor-widget-text-editor\" data-id=\"a51659d\" data-element_type=\"widget\" data-e-type=\"widget\" data-widget_type=\"text-editor.default\">\n\t\t\t\t<div class=\"elementor-widget-container\">\n\t\t\t\t\t\t\t\t\t<figure><figcaption><span style=\"color: var( --e-global-color-text ); font-family: var( --e-global-typography-text-font-family ), Sans-serif;\"><b>F\u00fcr was die Gelder verwendet werden findest du hier:<\/b><\/span><\/figcaption><\/figure><p style=\"font-size: 25px; font-style: normal; font-weight: 400;\"><a>Ausstattung<br \/><\/a><span style=\"color: var( --e-global-color-text ); font-family: var( --e-global-typography-text-font-family ), Sans-serif;\">Ausgestattet mit gen\u00fcgend\u00a0<\/span><span style=\"color: var( --e-global-color-text ); font-family: var( --e-global-typography-text-font-family ), Sans-serif; font-weight: bold;\">Schr\u00e4nken, Arbeits- und Garderobenpl\u00e4tzen<\/span><span style=\"color: var( --e-global-color-text ); font-family: var( --e-global-typography-text-font-family ), Sans-serif;\">\u00a0sind die Klassenzimmer der Pionierklasse startklar.<br \/><\/span><span style=\"color: var( --e-global-color-text ); font-family: var( --e-global-typography-text-font-family ), Sans-serif;\">Die\u00a0<\/span><span style=\"color: var( --e-global-color-text ); font-family: var( --e-global-typography-text-font-family ), Sans-serif; font-weight: bold;\">technische Ausstattung<\/span><span style=\"color: var( --e-global-color-text ); font-family: var( --e-global-typography-text-font-family ), Sans-serif;\">\u00a0darf nat\u00fcrlich auch nicht fehlen mit Beamer, Tablet und Whiteboard Tafel.<\/span><\/p><p><a style=\"font-style: inherit; font-weight: inherit; font-family: var( --e-global-typography-text-font-family ), Sans-serif; background-color: #ffffff;\">Sachunterricht\u00a0<br \/><\/a><span style=\"color: var( --e-global-color-text ); font-family: var( --e-global-typography-text-font-family ), Sans-serif;\">Mit dem<\/span><span style=\"color: var( --e-global-color-text ); font-family: var( --e-global-typography-text-font-family ), Sans-serif; font-weight: bold;\">\u00a0G\u00e4rtnerset<\/span><span style=\"color: var( --e-global-color-text ); font-family: var( --e-global-typography-text-font-family ), Sans-serif;\">\u00a0erste G\u00e4rtnererfahrungen beim Pflanzen im Schulgarten sammeln.<br \/><\/span><span style=\"color: var( --e-global-color-text ); font-family: var( --e-global-typography-text-font-family ), Sans-serif;\">Eine<\/span><span style=\"color: var( --e-global-color-text ); font-family: var( --e-global-typography-text-font-family ), Sans-serif; font-weight: bold;\">\u00a0Forscherkiste\u00a0<\/span><span style=\"color: var( --e-global-color-text ); font-family: var( --e-global-typography-text-font-family ), Sans-serif;\">mit allem was ein kleiner Forscher braucht, um seine Umwelt genauestens zu untersuchen.<br \/><\/span><span style=\"color: var( --e-global-color-text ); font-family: var( --e-global-typography-text-font-family ), Sans-serif;\">Ausgestattet mit einem gut ausger\u00fcsteten\u00a0<\/span><span style=\"color: var( --e-global-color-text ); font-family: var( --e-global-typography-text-font-family ), Sans-serif; font-weight: bold;\">Werkzeugkasten,<\/span><span style=\"color: var( --e-global-color-text ); font-family: var( --e-global-typography-text-font-family ), Sans-serif;\">\u00a0k\u00f6nnen kleine Bauarbeiter gleich ihre neuen Ideen zusammen zimmern.<br \/><\/span><span style=\"color: var( --e-global-color-text ); font-family: var( --e-global-typography-text-font-family ), Sans-serif;\">F\u00fcr\u00a0<\/span><span style=\"color: var( --e-global-color-text ); font-family: var( --e-global-typography-text-font-family ), Sans-serif; font-weight: bold;\">Handarbeiten<\/span><span style=\"color: var( --e-global-color-text ); font-family: var( --e-global-typography-text-font-family ), Sans-serif;\">\u00a0stehen den Kindern eine Auswahl an Materialien und Ger\u00e4ten zur Verf\u00fcgung.<br \/><\/span><span style=\"color: var( --e-global-color-text ); font-family: var( --e-global-typography-text-font-family ), Sans-serif;\">Kleinen Waldarbeitern steht die\u00a0<\/span><span style=\"color: var( --e-global-color-text ); font-family: var( --e-global-typography-text-font-family ), Sans-serif; font-weight: bold;\">Wald-Erkundungskiste<\/span><span style=\"color: var( --e-global-color-text ); font-family: var( --e-global-typography-text-font-family ), Sans-serif;\">\u00a0mit vielen wichtigen Erkundungs- und Beobachtungsutensilien zur Verf\u00fcgung.<br \/><\/span><span style=\"color: var( --e-global-color-text ); font-family: var( --e-global-typography-text-font-family ), Sans-serif;\">Mit eindr\u00fccklichem\u00a0<\/span><span style=\"color: var( --e-global-color-text ); font-family: var( --e-global-typography-text-font-family ), Sans-serif; font-weight: bold;\">Anschauungsmaterial<\/span><span style=\"color: var( --e-global-color-text ); font-family: var( --e-global-typography-text-font-family ), Sans-serif;\">\u00a0werden auch andere Themen, die nicht in der direkten Lebenswelt der Kinder zu finden sind, greifbar gemacht.<\/span><\/p><p style=\"font-size: 25px; font-style: normal; font-weight: 400;\"><a style=\"font-style: inherit; font-weight: inherit; font-family: var( --e-global-typography-text-font-family ), Sans-serif; background-color: #ffffff;\">Musik\u00a0<br \/><\/a><span style=\"font-style: inherit; font-weight: inherit; color: var( --e-global-color-text ); font-family: var( --e-global-typography-text-font-family ), Sans-serif;\">Eine ausgesuchte Auswahl an\u00a0<\/span><span style=\"font-style: inherit; color: var( --e-global-color-text ); font-family: var( --e-global-typography-text-font-family ), Sans-serif; font-weight: bold;\">Klang- und Rhythmusinstrumenten<\/span><span style=\"font-style: inherit; font-weight: inherit; color: var( --e-global-color-text ); font-family: var( --e-global-typography-text-font-family ), Sans-serif;\">\u00a0helfen dabei, die musikalischen Kompetenzen auszubauen.<br \/><\/span><span style=\"color: var( --e-global-color-text ); font-family: var( --e-global-typography-text-font-family ), Sans-serif;\">Alle im Takt mit\u00a0Trommeln, Bongos, Boomwhackers und Co.<br \/><\/span><span style=\"color: var( --e-global-color-text ); font-family: var( --e-global-typography-text-font-family ), Sans-serif;\">Tolle Melodien werden mit Xylophon und anderen Klanginstrumenten dazu gespielt und komponiert.\u00a0<\/span><\/p><p><a style=\"background-color: #ffffff; font-style: inherit; font-family: var( --e-global-typography-text-font-family ), Sans-serif;\"><span style=\"font-weight: inherit;\">Kunst\u00a0<\/span><br \/><\/a><span style=\"font-style: inherit; color: var( --e-global-color-text ); font-family: var( --e-global-typography-text-font-family ), Sans-serif; font-weight: bold;\">K\u00fcnstlerstartset<\/span><span style=\"font-style: inherit; font-weight: inherit; color: var( --e-global-color-text ); font-family: var( --e-global-typography-text-font-family ), Sans-serif;\">\u00a0mit vielen Materialen und\u00a0<\/span><span style=\"font-style: inherit; color: var( --e-global-color-text ); font-family: var( --e-global-typography-text-font-family ), Sans-serif; font-weight: bold;\">Ausstattung des Kinderartelliers.\u00a0\u00a0<\/span><span style=\"font-style: inherit; font-weight: inherit; color: var( --e-global-color-text ); font-family: var( --e-global-typography-text-font-family ), Sans-serif;\">Hier werden die kreativen Kompetenzen gezeigt und weiterentwickelt. Neue Techniken mit Pinsel und Spachtel, fantasiereiche Basteleien und Eintauchen ins Farbspektrum, kennenlernen der Formen und des Faltens regen neue und eigene Ideen an.\u00a0\u00a0<\/span><\/p><p><a style=\"font-style: inherit; font-weight: inherit; font-family: var( --e-global-typography-text-font-family ), Sans-serif; background-color: #ffffff;\">Gott und Mensch<br \/><\/a><span style=\"font-style: inherit; font-weight: inherit; color: var( --e-global-color-text ); font-family: var( --e-global-typography-text-font-family ), Sans-serif;\">Ansprechendes\u00a0<\/span><span style=\"font-style: inherit; font-weight: inherit; color: var( --e-global-color-text ); font-family: var( --e-global-typography-text-font-family ), Sans-serif;\"><span style=\"font-weight: bold;\">Bibelbilderbuch<\/span><\/span><span style=\"font-style: inherit; font-weight: var( --e-global-typography-text-font-weight ); color: var( --e-global-color-text ); font-family: var( --e-global-typography-text-font-family ), Sans-serif;\">\u00a0von<\/span><span style=\"font-style: inherit; font-weight: inherit; color: var( --e-global-color-text ); font-family: var( --e-global-typography-text-font-family ), Sans-serif;\">\u00a0Kees de Kort zum Einsatz im Unterricht.\u00a0<\/span><\/p><p><span style=\"font-style: inherit; font-weight: inherit; color: var( --e-global-color-text ); font-family: var( --e-global-typography-text-font-family ), Sans-serif;\">Mit Stoffen,\u00a0<\/span><span style=\"font-weight: var( --e-global-typography-text-font-weight ); color: var( --e-global-color-text ); font-family: var( --e-global-typography-text-font-family ), Sans-serif;\">Kapla<\/span><span style=\"font-style: inherit; font-weight: inherit; color: var( --e-global-color-text ); font-family: var( --e-global-typography-text-font-family ), Sans-serif;\">\u00a0und anderen<\/span><span style=\"font-style: inherit; font-weight: inherit; color: var( --e-global-color-text ); font-family: var( --e-global-typography-text-font-family ), Sans-serif;\">\u00a0Materialien\u00a0<\/span><span style=\"font-style: inherit; color: var( --e-global-color-text ); font-family: var( --e-global-typography-text-font-family ), Sans-serif;\"><span style=\"font-weight: bold;\">Geschichten anschaulich machen<\/span><\/span><span style=\"font-style: inherit; font-weight: inherit; color: var( --e-global-color-text ); font-family: var( --e-global-typography-text-font-family ), Sans-serif;\">\u00a0und aufbauen.\u00a0 \u00a0 \u00a0<\/span><\/p><p><a style=\"font-style: inherit; font-weight: inherit; font-family: var( --e-global-typography-text-font-family ), Sans-serif; background-color: #ffffff;\">Mathe<br \/><\/a><span style=\"font-style: inherit; font-weight: inherit; color: var( --e-global-color-text ); font-family: var( --e-global-typography-text-font-family ), Sans-serif;\">F\u00fcr die Entwicklung guter Grundlagen des mathematischen Verst\u00e4ndnisses braucht es\u00a0<\/span><span style=\"font-style: inherit; color: var( --e-global-color-text ); font-family: var( --e-global-typography-text-font-family ), Sans-serif; font-weight: bold;\">durchdachtes Anschauungsmaterial<\/span><span style=\"font-style: inherit; font-weight: inherit; color: var( --e-global-color-text ); font-family: var( --e-global-typography-text-font-family ), Sans-serif;\">. Auf dem Weg in die abstrakte Welt des Rechnens stehen ausgew\u00e4hlte Materialien zur Verf\u00fcgung zum Anfassen, Erfassen und Begreifen.\u00a0<br \/><\/span><span style=\"color: var( --e-global-color-text ); font-family: var( --e-global-typography-text-font-family ), Sans-serif;\">Mathematische Kompetenzen\u00a0<\/span><span style=\"font-weight: var( --e-global-typography-text-font-weight ); color: var( --e-global-color-text ); font-family: var( --e-global-typography-text-font-family ), Sans-serif;\">lebensweltorientiert aneignen:<\/span><span style=\"font-style: inherit; font-weight: inherit; color: var( --e-global-color-text ); font-family: var( --e-global-typography-text-font-family ), Sans-serif;\">\u00a0Wiegen, Messen, Ablesen, Zusammenz\u00e4hlen und wieder Zerlegen, Kombinieren, Darstellen, Kennen und Benennen von Formen.\u00a0\u00a0<\/span><\/p><p><a style=\"font-style: inherit; font-weight: inherit; font-family: var( --e-global-typography-text-font-family ), Sans-serif; background-color: #ffffff;\">Deutsch<br \/><\/a><span style=\"font-style: inherit; font-weight: inherit; color: var( --e-global-color-text ); font-family: var( --e-global-typography-text-font-family ), Sans-serif;\">Mit vielen guten Materialien vom Mildenberger Verlag und ausgesuchten Materialien wird eine\u00a0<\/span><span style=\"font-style: inherit; color: var( --e-global-color-text ); font-family: var( --e-global-typography-text-font-family ), Sans-serif; font-weight: bold;\">Lesetrainingskiste<\/span><span style=\"font-style: inherit; font-weight: inherit; color: var( --e-global-color-text ); font-family: var( --e-global-typography-text-font-family ), Sans-serif;\">\u00a0zusammen gestellt. Ausgestattet mit gen\u00fcgend Lesestoff, vielf\u00e4ltigen M\u00f6glichkeiten die &#8222;Sil-ben&#8220; ganz praktisch zu trainieren und Zug\u00e4ngen zu unterschiedlichen Medien, k\u00f6nnen Kinder von Anfang an mit Freude und motivierenden Materialien das Lesen lernen.<br \/><\/span><span style=\"color: var( --e-global-color-text ); font-family: var( --e-global-typography-text-font-family ), Sans-serif;\">Die Entwicklung guter\u00a0<\/span><span style=\"color: var( --e-global-color-text ); font-family: var( --e-global-typography-text-font-family ), Sans-serif; font-weight: bold;\">Schreibkompetenzen<\/span><span style=\"color: var( --e-global-color-text ); font-family: var( --e-global-typography-text-font-family ), Sans-serif;\">\u00a0wird ebenso mit entsprechenden Materialien, dem Schreibtraining des Mildenberger Verlags und den dazu passenden Materialien unterst\u00fctzend f\u00fcr einen handlungsorientierten Unterricht eingesetzt.\u00a0\u00a0<\/span><\/p><p><a style=\"font-style: inherit; font-weight: inherit; font-family: var( --e-global-typography-text-font-family ), Sans-serif; background-color: #ffffff;\">Sport<br \/><\/a><span style=\"color: var( --e-global-color-text ); font-family: var( --e-global-typography-text-font-family ), Sans-serif; font-style: inherit; font-weight: inherit;\">Starterset, damit Kinder mit viel Spiel und Spa\u00df in Bewegung bleiben und in den ersten Jahren in dem gro\u00dfen Schulraum Sport Unterricht haben k\u00f6nnen.\u00a0<\/span><span style=\"color: var( --e-global-color-text ); font-family: var( --e-global-typography-text-font-family ), Sans-serif; font-style: inherit; font-weight: inherit;\">B\u00e4lle, Seile und Matten d\u00fcrfen nat\u00fcrlich nicht fehlen.<\/span><\/p><p>\u00a0<\/p>\t\t\t\t\t\t\t\t<\/div>\n\t\t\t\t<\/div>\n\t\t\t\t\t<\/div>\n\t\t<\/div>\n\t\t\t\t\t<\/div>\n\t\t<\/section>\n\t\t\t\t<\/div>\n\t\t","protected":false},"excerpt":{"rendered":"<p>Sind dir neue Bildungskonzepte auch wichtig?Dann investiere ganz konkret in die Lebenswelt von Kindern. Handlungsorientierte Unterrichtsmaterialien machen die Lehrinhalte praktisch und anschaulich.Wir brauchen deine Unterst\u00fctzung, denn nur gemeinsam k\u00f6nnen wir Neues schaffen. Sponsoren k\u00f6nnen von uns \u00f6ffentlich erw\u00e4hnt werden. Folgende Pakete werden zum Start der Schule noch ben\u00f6tigt.\u00a0Details zur genauen Verwendung der Gelder weiter unten. [&hellip;]<\/p>\n","protected":false},"author":4,"featured_media":0,"parent":0,"menu_order":0,"comment_status":"closed","ping_status":"closed","template":"","meta":{"zakra_sidebar_layout":"customizer","zakra_remove_content_margin":false,"zakra_sidebar":"customizer","zakra_transparent_header":"customizer","zakra_logo":0,"zakra_main_header_style":"default","zakra_menu_item_color":"","zakra_menu_item_hover_color":"","zakra_menu_item_active_color":"","zakra_menu_active_style":"","zakra_page_header":true,"footnotes":""},"class_list":["post-2089","page","type-page","status-publish","hentry"],"yoast_head":"<!-- This site is optimized with the Yoast SEO plugin v27.5 - https:\/\/yoast.com\/product\/yoast-seo-wordpress\/ -->\n<title>Investieren in Bildung - Initiative f\u00fcr ganzheitliche P\u00e4dagogik - Mandelbaum Grundschule<\/title>\n<meta name=\"robots\" content=\"index, follow, max-snippet:-1, max-image-preview:large, max-video-preview:-1\" \/>\n<link rel=\"canonical\" href=\"https:\/\/www.mandelbaum.schule\/wordpress\/jetzt-unterstuetzer-werden-2\/\" \/>\n<meta property=\"og:locale\" content=\"de_DE\" \/>\n<meta property=\"og:type\" content=\"article\" \/>\n<meta property=\"og:title\" content=\"Investieren in Bildung - Initiative f\u00fcr ganzheitliche P\u00e4dagogik - Mandelbaum Grundschule\" \/>\n<meta property=\"og:description\" content=\"Sind dir neue Bildungskonzepte auch wichtig?Dann investiere ganz konkret in die Lebenswelt von Kindern. Handlungsorientierte Unterrichtsmaterialien machen die Lehrinhalte praktisch und anschaulich.Wir brauchen deine Unterst\u00fctzung, denn nur gemeinsam k\u00f6nnen wir Neues schaffen. Sponsoren k\u00f6nnen von uns \u00f6ffentlich erw\u00e4hnt werden. Folgende Pakete werden zum Start der Schule noch ben\u00f6tigt.\u00a0Details zur genauen Verwendung der Gelder weiter unten. [&hellip;]\" \/>\n<meta property=\"og:url\" content=\"https:\/\/www.mandelbaum.schule\/wordpress\/jetzt-unterstuetzer-werden-2\/\" \/>\n<meta property=\"og:site_name\" content=\"Initiative f\u00fcr ganzheitliche P\u00e4dagogik - Mandelbaum Grundschule\" \/>\n<meta property=\"article:modified_time\" content=\"2024-01-23T15:44:11+00:00\" \/>\n<meta property=\"og:image\" content=\"https:\/\/www.mandelbaum.schule\/wordpress\/wp-content\/uploads\/2021\/03\/Kunstunterricht-1536x864.jpg\" \/>\n<meta name=\"twitter:card\" content=\"summary_large_image\" \/>\n<meta name=\"twitter:label1\" content=\"Gesch\u00e4tzte Lesezeit\" \/>\n\t<meta name=\"twitter:data1\" content=\"4\u00a0Minuten\" \/>\n<script type=\"application\/ld+json\" class=\"yoast-schema-graph\">{\"@context\":\"https:\\\/\\\/schema.org\",\"@graph\":[{\"@type\":\"WebPage\",\"@id\":\"https:\\\/\\\/www.mandelbaum.schule\\\/wordpress\\\/jetzt-unterstuetzer-werden-2\\\/\",\"url\":\"https:\\\/\\\/www.mandelbaum.schule\\\/wordpress\\\/jetzt-unterstuetzer-werden-2\\\/\",\"name\":\"Investieren in Bildung - Initiative f\u00fcr ganzheitliche P\u00e4dagogik - Mandelbaum Grundschule\",\"isPartOf\":{\"@id\":\"https:\\\/\\\/www.mandelbaum.schule\\\/wordpress\\\/#website\"},\"primaryImageOfPage\":{\"@id\":\"https:\\\/\\\/www.mandelbaum.schule\\\/wordpress\\\/jetzt-unterstuetzer-werden-2\\\/#primaryimage\"},\"image\":{\"@id\":\"https:\\\/\\\/www.mandelbaum.schule\\\/wordpress\\\/jetzt-unterstuetzer-werden-2\\\/#primaryimage\"},\"thumbnailUrl\":\"https:\\\/\\\/www.mandelbaum.schule\\\/wordpress\\\/wp-content\\\/uploads\\\/2021\\\/03\\\/Kunstunterricht-1536x864.jpg\",\"datePublished\":\"2021-03-05T22:16:12+00:00\",\"dateModified\":\"2024-01-23T15:44:11+00:00\",\"breadcrumb\":{\"@id\":\"https:\\\/\\\/www.mandelbaum.schule\\\/wordpress\\\/jetzt-unterstuetzer-werden-2\\\/#breadcrumb\"},\"inLanguage\":\"de\",\"potentialAction\":[{\"@type\":\"ReadAction\",\"target\":[\"https:\\\/\\\/www.mandelbaum.schule\\\/wordpress\\\/jetzt-unterstuetzer-werden-2\\\/\"]}]},{\"@type\":\"ImageObject\",\"inLanguage\":\"de\",\"@id\":\"https:\\\/\\\/www.mandelbaum.schule\\\/wordpress\\\/jetzt-unterstuetzer-werden-2\\\/#primaryimage\",\"url\":\"https:\\\/\\\/www.mandelbaum.schule\\\/wordpress\\\/wp-content\\\/uploads\\\/2021\\\/03\\\/Kunstunterricht.jpg\",\"contentUrl\":\"https:\\\/\\\/www.mandelbaum.schule\\\/wordpress\\\/wp-content\\\/uploads\\\/2021\\\/03\\\/Kunstunterricht.jpg\",\"width\":1920,\"height\":1080,\"caption\":\"Kunstunterricht\"},{\"@type\":\"BreadcrumbList\",\"@id\":\"https:\\\/\\\/www.mandelbaum.schule\\\/wordpress\\\/jetzt-unterstuetzer-werden-2\\\/#breadcrumb\",\"itemListElement\":[{\"@type\":\"ListItem\",\"position\":1,\"name\":\"Startseite\",\"item\":\"https:\\\/\\\/www.mandelbaum.schule\\\/wordpress\\\/\"},{\"@type\":\"ListItem\",\"position\":2,\"name\":\"Investieren in Bildung\"}]},{\"@type\":\"WebSite\",\"@id\":\"https:\\\/\\\/www.mandelbaum.schule\\\/wordpress\\\/#website\",\"url\":\"https:\\\/\\\/www.mandelbaum.schule\\\/wordpress\\\/\",\"name\":\"Initiative f\u00fcr ganzheitliche P\u00e4dagogik - Mandelbaum Grundschule\",\"description\":\"Schulgr\u00fcndung Darmstadt Dieburg\",\"publisher\":{\"@id\":\"https:\\\/\\\/www.mandelbaum.schule\\\/wordpress\\\/#organization\"},\"potentialAction\":[{\"@type\":\"SearchAction\",\"target\":{\"@type\":\"EntryPoint\",\"urlTemplate\":\"https:\\\/\\\/www.mandelbaum.schule\\\/wordpress\\\/?s={search_term_string}\"},\"query-input\":{\"@type\":\"PropertyValueSpecification\",\"valueRequired\":true,\"valueName\":\"search_term_string\"}}],\"inLanguage\":\"de\"},{\"@type\":\"Organization\",\"@id\":\"https:\\\/\\\/www.mandelbaum.schule\\\/wordpress\\\/#organization\",\"name\":\"Initiative f\u00fcr ganzheitliche P\u00e4dagogik - Mandelbaum Grundschule\",\"url\":\"https:\\\/\\\/www.mandelbaum.schule\\\/wordpress\\\/\",\"logo\":{\"@type\":\"ImageObject\",\"inLanguage\":\"de\",\"@id\":\"https:\\\/\\\/www.mandelbaum.schule\\\/wordpress\\\/#\\\/schema\\\/logo\\\/image\\\/\",\"url\":\"https:\\\/\\\/www.mandelbaum.schule\\\/wordpress\\\/wp-content\\\/uploads\\\/2020\\\/05\\\/cropped-Wurzlewerke-e.V-log_web_03.png\",\"contentUrl\":\"https:\\\/\\\/www.mandelbaum.schule\\\/wordpress\\\/wp-content\\\/uploads\\\/2020\\\/05\\\/cropped-Wurzlewerke-e.V-log_web_03.png\",\"width\":924,\"height\":246,\"caption\":\"Initiative f\u00fcr ganzheitliche P\u00e4dagogik - Mandelbaum Grundschule\"},\"image\":{\"@id\":\"https:\\\/\\\/www.mandelbaum.schule\\\/wordpress\\\/#\\\/schema\\\/logo\\\/image\\\/\"},\"sameAs\":[\"https:\\\/\\\/instagram.com\\\/mandelbaum.schule\"]}]}<\/script>\n<!-- \/ Yoast SEO plugin. -->","yoast_head_json":{"title":"Investieren in Bildung - Initiative f\u00fcr ganzheitliche P\u00e4dagogik - Mandelbaum Grundschule","robots":{"index":"index","follow":"follow","max-snippet":"max-snippet:-1","max-image-preview":"max-image-preview:large","max-video-preview":"max-video-preview:-1"},"canonical":"https:\/\/www.mandelbaum.schule\/wordpress\/jetzt-unterstuetzer-werden-2\/","og_locale":"de_DE","og_type":"article","og_title":"Investieren in Bildung - Initiative f\u00fcr ganzheitliche P\u00e4dagogik - Mandelbaum Grundschule","og_description":"Sind dir neue Bildungskonzepte auch wichtig?Dann investiere ganz konkret in die Lebenswelt von Kindern. Handlungsorientierte Unterrichtsmaterialien machen die Lehrinhalte praktisch und anschaulich.Wir brauchen deine Unterst\u00fctzung, denn nur gemeinsam k\u00f6nnen wir Neues schaffen. Sponsoren k\u00f6nnen von uns \u00f6ffentlich erw\u00e4hnt werden. Folgende Pakete werden zum Start der Schule noch ben\u00f6tigt.\u00a0Details zur genauen Verwendung der Gelder weiter unten. [&hellip;]","og_url":"https:\/\/www.mandelbaum.schule\/wordpress\/jetzt-unterstuetzer-werden-2\/","og_site_name":"Initiative f\u00fcr ganzheitliche P\u00e4dagogik - Mandelbaum Grundschule","article_modified_time":"2024-01-23T15:44:11+00:00","og_image":[{"url":"https:\/\/www.mandelbaum.schule\/wordpress\/wp-content\/uploads\/2021\/03\/Kunstunterricht-1536x864.jpg","type":"","width":"","height":""}],"twitter_card":"summary_large_image","twitter_misc":{"Gesch\u00e4tzte Lesezeit":"4\u00a0Minuten"},"schema":{"@context":"https:\/\/schema.org","@graph":[{"@type":"WebPage","@id":"https:\/\/www.mandelbaum.schule\/wordpress\/jetzt-unterstuetzer-werden-2\/","url":"https:\/\/www.mandelbaum.schule\/wordpress\/jetzt-unterstuetzer-werden-2\/","name":"Investieren in Bildung - Initiative f\u00fcr ganzheitliche P\u00e4dagogik - Mandelbaum Grundschule","isPartOf":{"@id":"https:\/\/www.mandelbaum.schule\/wordpress\/#website"},"primaryImageOfPage":{"@id":"https:\/\/www.mandelbaum.schule\/wordpress\/jetzt-unterstuetzer-werden-2\/#primaryimage"},"image":{"@id":"https:\/\/www.mandelbaum.schule\/wordpress\/jetzt-unterstuetzer-werden-2\/#primaryimage"},"thumbnailUrl":"https:\/\/www.mandelbaum.schule\/wordpress\/wp-content\/uploads\/2021\/03\/Kunstunterricht-1536x864.jpg","datePublished":"2021-03-05T22:16:12+00:00","dateModified":"2024-01-23T15:44:11+00:00","breadcrumb":{"@id":"https:\/\/www.mandelbaum.schule\/wordpress\/jetzt-unterstuetzer-werden-2\/#breadcrumb"},"inLanguage":"de","potentialAction":[{"@type":"ReadAction","target":["https:\/\/www.mandelbaum.schule\/wordpress\/jetzt-unterstuetzer-werden-2\/"]}]},{"@type":"ImageObject","inLanguage":"de","@id":"https:\/\/www.mandelbaum.schule\/wordpress\/jetzt-unterstuetzer-werden-2\/#primaryimage","url":"https:\/\/www.mandelbaum.schule\/wordpress\/wp-content\/uploads\/2021\/03\/Kunstunterricht.jpg","contentUrl":"https:\/\/www.mandelbaum.schule\/wordpress\/wp-content\/uploads\/2021\/03\/Kunstunterricht.jpg","width":1920,"height":1080,"caption":"Kunstunterricht"},{"@type":"BreadcrumbList","@id":"https:\/\/www.mandelbaum.schule\/wordpress\/jetzt-unterstuetzer-werden-2\/#breadcrumb","itemListElement":[{"@type":"ListItem","position":1,"name":"Startseite","item":"https:\/\/www.mandelbaum.schule\/wordpress\/"},{"@type":"ListItem","position":2,"name":"Investieren in Bildung"}]},{"@type":"WebSite","@id":"https:\/\/www.mandelbaum.schule\/wordpress\/#website","url":"https:\/\/www.mandelbaum.schule\/wordpress\/","name":"Initiative f\u00fcr ganzheitliche P\u00e4dagogik - Mandelbaum Grundschule","description":"Schulgr\u00fcndung Darmstadt Dieburg","publisher":{"@id":"https:\/\/www.mandelbaum.schule\/wordpress\/#organization"},"potentialAction":[{"@type":"SearchAction","target":{"@type":"EntryPoint","urlTemplate":"https:\/\/www.mandelbaum.schule\/wordpress\/?s={search_term_string}"},"query-input":{"@type":"PropertyValueSpecification","valueRequired":true,"valueName":"search_term_string"}}],"inLanguage":"de"},{"@type":"Organization","@id":"https:\/\/www.mandelbaum.schule\/wordpress\/#organization","name":"Initiative f\u00fcr ganzheitliche P\u00e4dagogik - Mandelbaum Grundschule","url":"https:\/\/www.mandelbaum.schule\/wordpress\/","logo":{"@type":"ImageObject","inLanguage":"de","@id":"https:\/\/www.mandelbaum.schule\/wordpress\/#\/schema\/logo\/image\/","url":"https:\/\/www.mandelbaum.schule\/wordpress\/wp-content\/uploads\/2020\/05\/cropped-Wurzlewerke-e.V-log_web_03.png","contentUrl":"https:\/\/www.mandelbaum.schule\/wordpress\/wp-content\/uploads\/2020\/05\/cropped-Wurzlewerke-e.V-log_web_03.png","width":924,"height":246,"caption":"Initiative f\u00fcr ganzheitliche P\u00e4dagogik - Mandelbaum Grundschule"},"image":{"@id":"https:\/\/www.mandelbaum.schule\/wordpress\/#\/schema\/logo\/image\/"},"sameAs":["https:\/\/instagram.com\/mandelbaum.schule"]}]}},"_links":{"self":[{"href":"https:\/\/www.mandelbaum.schule\/wordpress\/wp-json\/wp\/v2\/pages\/2089","targetHints":{"allow":["GET"]}}],"collection":[{"href":"https:\/\/www.mandelbaum.schule\/wordpress\/wp-json\/wp\/v2\/pages"}],"about":[{"href":"https:\/\/www.mandelbaum.schule\/wordpress\/wp-json\/wp\/v2\/types\/page"}],"author":[{"embeddable":true,"href":"https:\/\/www.mandelbaum.schule\/wordpress\/wp-json\/wp\/v2\/users\/4"}],"replies":[{"embeddable":true,"href":"https:\/\/www.mandelbaum.schule\/wordpress\/wp-json\/wp\/v2\/comments?post=2089"}],"version-history":[{"count":246,"href":"https:\/\/www.mandelbaum.schule\/wordpress\/wp-json\/wp\/v2\/pages\/2089\/revisions"}],"predecessor-version":[{"id":3598,"href":"https:\/\/www.mandelbaum.schule\/wordpress\/wp-json\/wp\/v2\/pages\/2089\/revisions\/3598"}],"wp:attachment":[{"href":"https:\/\/www.mandelbaum.schule\/wordpress\/wp-json\/wp\/v2\/media?parent=2089"}],"curies":[{"name":"wp","href":"https:\/\/api.w.org\/{rel}","templated":true}]}}