{"id":1968,"date":"2020-12-12T16:10:21","date_gmt":"2020-12-12T15:10:21","guid":{"rendered":"https:\/\/www.mandelbaum.schule\/wordpress\/?page_id=1968"},"modified":"2023-03-03T08:39:22","modified_gmt":"2023-03-03T07:39:22","slug":"lernkultur","status":"publish","type":"page","link":"https:\/\/www.mandelbaum.schule\/wordpress\/lernkultur\/","title":{"rendered":"Lernkultur"},"content":{"rendered":"\t\t<div data-elementor-type=\"wp-page\" data-elementor-id=\"1968\" class=\"elementor elementor-1968\">\n\t\t\t\t\t\t<section class=\"elementor-section elementor-top-section elementor-element elementor-element-1614cb3 elementor-section-boxed elementor-section-height-default elementor-section-height-default\" data-id=\"1614cb3\" data-element_type=\"section\" data-e-type=\"section\">\n\t\t\t\t\t\t<div class=\"elementor-container elementor-column-gap-default\">\n\t\t\t\t\t<div class=\"elementor-column elementor-col-100 elementor-top-column elementor-element elementor-element-adf434c\" data-id=\"adf434c\" data-element_type=\"column\" data-e-type=\"column\">\n\t\t\t<div class=\"elementor-widget-wrap elementor-element-populated\">\n\t\t\t\t\t\t<div class=\"elementor-element elementor-element-75023d4 elementor-widget elementor-widget-image\" data-id=\"75023d4\" data-element_type=\"widget\" data-e-type=\"widget\" data-widget_type=\"image.default\">\n\t\t\t\t<div class=\"elementor-widget-container\">\n\t\t\t\t\t\t\t\t\t\t\t\t\t\t\t<img decoding=\"async\" src=\"https:\/\/www.mandelbaum.schule\/wordpress\/wp-content\/uploads\/elementor\/thumbs\/image-21400-scaled-p1r2pan6qq4p24xx1ltjty39qqkjujzsbvjco5sn6g.jpg\" title=\"image-(2)1400\" alt=\"image-(2)1400\" loading=\"lazy\" \/>\t\t\t\t\t\t\t\t\t\t\t\t\t\t\t<\/div>\n\t\t\t\t<\/div>\n\t\t\t\t<div class=\"elementor-element elementor-element-c11dd2f elementor-widget elementor-widget-text-editor\" data-id=\"c11dd2f\" data-element_type=\"widget\" data-e-type=\"widget\" data-widget_type=\"text-editor.default\">\n\t\t\t\t<div class=\"elementor-widget-container\">\n\t\t\t\t\t\t\t\t\t<p>Wir denken inklusiv: Jeder Mensch ist anders. Jedes Kind kann etwas einbringen, das das Miteinander bereichert. Gott hat uns als komplexe und einzigartige Wesen geschaffen. Jeder ist etwas Besonderes und m\u00f6chte das auch sein. Die eigene Individualit\u00e4t anzunehmen, hei\u00dft Gottes Vielfalt anzuerkennen und mit sich vers\u00f6hnt zu sein.<br>Der Mensch ist von Natur aus wissbegierig und lernbereit. Jedes Kind hat das nat\u00fcrliche Verlangen, seine Umwelt zu erkunden und sich Wissen anzueignen. Lernen geschieht auf ganz unterschiedliche und vielf\u00e4ltige Weise. Individualit\u00e4t anerkennen hei\u00dft f\u00fcr uns inklusiv denken und handeln.<\/p>\n<p><strong>Moderne Lernformen im Schulalltag<\/strong><br>Unsere Lehrkr\u00e4fte unterrichten die Kinder gem\u00e4\u00df ihren Lebens- und Entwicklungsvoraussetzungen, um sie optimal fordern und f\u00f6rdern zu k\u00f6nnen. Der Einsatz von individuellen Lerneinheiten in der Gruppe erm\u00f6glicht den Kindern, ihrem Lernstand entsprechend zu lernen und st\u00e4rkt das Zugeh\u00f6rigkeitsgef\u00fchl. <br>In der Unterrichtsgestaltung wird auf die Verwendung vielf\u00e4ltiger Methoden und Lernstrategien geachtet. Es wird fortw\u00e4hrend nach neuen und kreativen Wegen gesucht, Kinder in Lernerfahrungen einzubeziehen und Lernerfolge zu erm\u00f6glichen. Das Ziel sollte sein, dass die Kinder \u201eLernen lernen\u201c, Freude am Lernen haben und eine Liebe hierzu entwickeln.&nbsp;&nbsp;<br>Wir legen Wert auf eine Lernumgebung, in der sich Kinder wohlf\u00fchlen und motiviert werden, zu lernen. Die Lernr\u00e4ume sind so gestaltet, dass die Kinder Materialien vorfinden, die Lernanreize geben und ein selbstorganisiertes Lernen unterst\u00fctzen. So werden die Aktivit\u00e4t und die intrinsische Motivation der Kinder gesteigert. <br>Kinder haben den Wunsch teilzuhaben und angenommen zu sein. Hieraus ergibt sich, dass die Kinder an unterschiedlichen Prozessen im Schulalltag partizipieren d\u00fcrfen. Jedes Kind kann etwas einbringen, das das Miteinander bereichert.<\/p>\n<p><\/p>\n<p><\/p>\n<p><\/p>\n<p><\/p>\t\t\t\t\t\t\t\t<\/div>\n\t\t\t\t<\/div>\n\t\t\t\t<div class=\"elementor-element elementor-element-6aadd97 elementor-widget elementor-widget-image\" data-id=\"6aadd97\" data-element_type=\"widget\" data-e-type=\"widget\" data-widget_type=\"image.default\">\n\t\t\t\t<div class=\"elementor-widget-container\">\n\t\t\t\t\t\t\t\t\t\t\t\t\t\t\t<img fetchpriority=\"high\" decoding=\"async\" width=\"1024\" height=\"512\" src=\"https:\/\/www.mandelbaum.schule\/wordpress\/wp-content\/uploads\/2021\/01\/image-3-1024x512.jpg\" class=\"attachment-large size-large wp-image-2031\" alt=\"\" srcset=\"https:\/\/www.mandelbaum.schule\/wordpress\/wp-content\/uploads\/2021\/01\/image-3-1024x512.jpg 1024w, https:\/\/www.mandelbaum.schule\/wordpress\/wp-content\/uploads\/2021\/01\/image-3-300x150.jpg 300w, https:\/\/www.mandelbaum.schule\/wordpress\/wp-content\/uploads\/2021\/01\/image-3-768x384.jpg 768w, https:\/\/www.mandelbaum.schule\/wordpress\/wp-content\/uploads\/2021\/01\/image-3-1536x769.jpg 1536w, https:\/\/www.mandelbaum.schule\/wordpress\/wp-content\/uploads\/2021\/01\/image-3-2048x1025.jpg 2048w\" sizes=\"(max-width: 1024px) 100vw, 1024px\" \/>\t\t\t\t\t\t\t\t\t\t\t\t\t\t\t<\/div>\n\t\t\t\t<\/div>\n\t\t\t\t\t<\/div>\n\t\t<\/div>\n\t\t\t\t\t<\/div>\n\t\t<\/section>\n\t\t\t\t<\/div>\n\t\t","protected":false},"excerpt":{"rendered":"<p>Wir denken inklusiv: Jeder Mensch ist anders. Jedes Kind kann etwas einbringen, das das Miteinander bereichert. Gott hat uns als komplexe und einzigartige Wesen geschaffen. Jeder ist etwas Besonderes und m\u00f6chte das auch sein. Die eigene Individualit\u00e4t anzunehmen, hei\u00dft Gottes Vielfalt anzuerkennen und mit sich vers\u00f6hnt zu sein. Der Mensch ist von Natur aus wissbegierig [&hellip;]<\/p>\n","protected":false},"author":4,"featured_media":0,"parent":0,"menu_order":0,"comment_status":"closed","ping_status":"closed","template":"elementor_header_footer","meta":{"zakra_sidebar_layout":"customizer","zakra_remove_content_margin":false,"zakra_sidebar":"customizer","zakra_transparent_header":"customizer","zakra_logo":0,"zakra_main_header_style":"default","zakra_menu_item_color":"","zakra_menu_item_hover_color":"","zakra_menu_item_active_color":"","zakra_menu_active_style":"","zakra_page_header":true,"footnotes":""},"class_list":["post-1968","page","type-page","status-publish","hentry"],"yoast_head":"<!-- This site is optimized with the Yoast SEO plugin v27.5 - https:\/\/yoast.com\/product\/yoast-seo-wordpress\/ -->\n<title>Lernkultur - Initiative f\u00fcr ganzheitliche P\u00e4dagogik - Mandelbaum Grundschule<\/title>\n<meta name=\"robots\" content=\"index, follow, max-snippet:-1, max-image-preview:large, max-video-preview:-1\" \/>\n<link rel=\"canonical\" href=\"https:\/\/www.mandelbaum.schule\/wordpress\/lernkultur\/\" \/>\n<meta property=\"og:locale\" content=\"de_DE\" \/>\n<meta property=\"og:type\" content=\"article\" \/>\n<meta property=\"og:title\" content=\"Lernkultur - Initiative f\u00fcr ganzheitliche P\u00e4dagogik - Mandelbaum Grundschule\" \/>\n<meta property=\"og:description\" content=\"Wir denken inklusiv: Jeder Mensch ist anders. Jedes Kind kann etwas einbringen, das das Miteinander bereichert. Gott hat uns als komplexe und einzigartige Wesen geschaffen. Jeder ist etwas Besonderes und m\u00f6chte das auch sein. Die eigene Individualit\u00e4t anzunehmen, hei\u00dft Gottes Vielfalt anzuerkennen und mit sich vers\u00f6hnt zu sein. Der Mensch ist von Natur aus wissbegierig [&hellip;]\" \/>\n<meta property=\"og:url\" content=\"https:\/\/www.mandelbaum.schule\/wordpress\/lernkultur\/\" \/>\n<meta property=\"og:site_name\" content=\"Initiative f\u00fcr ganzheitliche P\u00e4dagogik - Mandelbaum Grundschule\" \/>\n<meta property=\"article:modified_time\" content=\"2023-03-03T07:39:22+00:00\" \/>\n<meta property=\"og:image\" content=\"https:\/\/www.mandelbaum.schule\/wordpress\/wp-content\/uploads\/elementor\/thumbs\/image-21400-scaled-p1r2p9pcjw3eqiza73ex9gbt5cp6muw1zqvv6vu1co.jpg\" \/>\n<meta name=\"twitter:card\" content=\"summary_large_image\" \/>\n<meta name=\"twitter:label1\" content=\"Gesch\u00e4tzte Lesezeit\" \/>\n\t<meta name=\"twitter:data1\" content=\"2\u00a0Minuten\" \/>\n<script type=\"application\/ld+json\" class=\"yoast-schema-graph\">{\"@context\":\"https:\\\/\\\/schema.org\",\"@graph\":[{\"@type\":\"WebPage\",\"@id\":\"https:\\\/\\\/www.mandelbaum.schule\\\/wordpress\\\/lernkultur\\\/\",\"url\":\"https:\\\/\\\/www.mandelbaum.schule\\\/wordpress\\\/lernkultur\\\/\",\"name\":\"Lernkultur - Initiative f\u00fcr ganzheitliche P\u00e4dagogik - Mandelbaum Grundschule\",\"isPartOf\":{\"@id\":\"https:\\\/\\\/www.mandelbaum.schule\\\/wordpress\\\/#website\"},\"primaryImageOfPage\":{\"@id\":\"https:\\\/\\\/www.mandelbaum.schule\\\/wordpress\\\/lernkultur\\\/#primaryimage\"},\"image\":{\"@id\":\"https:\\\/\\\/www.mandelbaum.schule\\\/wordpress\\\/lernkultur\\\/#primaryimage\"},\"thumbnailUrl\":\"https:\\\/\\\/www.mandelbaum.schule\\\/wordpress\\\/wp-content\\\/uploads\\\/elementor\\\/thumbs\\\/image-21400-scaled-p1r2p9pcjw3eqiza73ex9gbt5cp6muw1zqvv6vu1co.jpg\",\"datePublished\":\"2020-12-12T15:10:21+00:00\",\"dateModified\":\"2023-03-03T07:39:22+00:00\",\"breadcrumb\":{\"@id\":\"https:\\\/\\\/www.mandelbaum.schule\\\/wordpress\\\/lernkultur\\\/#breadcrumb\"},\"inLanguage\":\"de\",\"potentialAction\":[{\"@type\":\"ReadAction\",\"target\":[\"https:\\\/\\\/www.mandelbaum.schule\\\/wordpress\\\/lernkultur\\\/\"]}]},{\"@type\":\"ImageObject\",\"inLanguage\":\"de\",\"@id\":\"https:\\\/\\\/www.mandelbaum.schule\\\/wordpress\\\/lernkultur\\\/#primaryimage\",\"url\":\"https:\\\/\\\/www.mandelbaum.schule\\\/wordpress\\\/wp-content\\\/uploads\\\/elementor\\\/thumbs\\\/image-21400-scaled-p1r2p9pcjw3eqiza73ex9gbt5cp6muw1zqvv6vu1co.jpg\",\"contentUrl\":\"https:\\\/\\\/www.mandelbaum.schule\\\/wordpress\\\/wp-content\\\/uploads\\\/elementor\\\/thumbs\\\/image-21400-scaled-p1r2p9pcjw3eqiza73ex9gbt5cp6muw1zqvv6vu1co.jpg\"},{\"@type\":\"BreadcrumbList\",\"@id\":\"https:\\\/\\\/www.mandelbaum.schule\\\/wordpress\\\/lernkultur\\\/#breadcrumb\",\"itemListElement\":[{\"@type\":\"ListItem\",\"position\":1,\"name\":\"Startseite\",\"item\":\"https:\\\/\\\/www.mandelbaum.schule\\\/wordpress\\\/\"},{\"@type\":\"ListItem\",\"position\":2,\"name\":\"Lernkultur\"}]},{\"@type\":\"WebSite\",\"@id\":\"https:\\\/\\\/www.mandelbaum.schule\\\/wordpress\\\/#website\",\"url\":\"https:\\\/\\\/www.mandelbaum.schule\\\/wordpress\\\/\",\"name\":\"Initiative f\u00fcr ganzheitliche P\u00e4dagogik - Mandelbaum Grundschule\",\"description\":\"Schulgr\u00fcndung Darmstadt Dieburg\",\"publisher\":{\"@id\":\"https:\\\/\\\/www.mandelbaum.schule\\\/wordpress\\\/#organization\"},\"potentialAction\":[{\"@type\":\"SearchAction\",\"target\":{\"@type\":\"EntryPoint\",\"urlTemplate\":\"https:\\\/\\\/www.mandelbaum.schule\\\/wordpress\\\/?s={search_term_string}\"},\"query-input\":{\"@type\":\"PropertyValueSpecification\",\"valueRequired\":true,\"valueName\":\"search_term_string\"}}],\"inLanguage\":\"de\"},{\"@type\":\"Organization\",\"@id\":\"https:\\\/\\\/www.mandelbaum.schule\\\/wordpress\\\/#organization\",\"name\":\"Initiative f\u00fcr ganzheitliche P\u00e4dagogik - Mandelbaum Grundschule\",\"url\":\"https:\\\/\\\/www.mandelbaum.schule\\\/wordpress\\\/\",\"logo\":{\"@type\":\"ImageObject\",\"inLanguage\":\"de\",\"@id\":\"https:\\\/\\\/www.mandelbaum.schule\\\/wordpress\\\/#\\\/schema\\\/logo\\\/image\\\/\",\"url\":\"https:\\\/\\\/www.mandelbaum.schule\\\/wordpress\\\/wp-content\\\/uploads\\\/2020\\\/05\\\/cropped-Wurzlewerke-e.V-log_web_03.png\",\"contentUrl\":\"https:\\\/\\\/www.mandelbaum.schule\\\/wordpress\\\/wp-content\\\/uploads\\\/2020\\\/05\\\/cropped-Wurzlewerke-e.V-log_web_03.png\",\"width\":924,\"height\":246,\"caption\":\"Initiative f\u00fcr ganzheitliche P\u00e4dagogik - Mandelbaum Grundschule\"},\"image\":{\"@id\":\"https:\\\/\\\/www.mandelbaum.schule\\\/wordpress\\\/#\\\/schema\\\/logo\\\/image\\\/\"},\"sameAs\":[\"https:\\\/\\\/instagram.com\\\/mandelbaum.schule\"]}]}<\/script>\n<!-- \/ Yoast SEO plugin. -->","yoast_head_json":{"title":"Lernkultur - Initiative f\u00fcr ganzheitliche P\u00e4dagogik - Mandelbaum Grundschule","robots":{"index":"index","follow":"follow","max-snippet":"max-snippet:-1","max-image-preview":"max-image-preview:large","max-video-preview":"max-video-preview:-1"},"canonical":"https:\/\/www.mandelbaum.schule\/wordpress\/lernkultur\/","og_locale":"de_DE","og_type":"article","og_title":"Lernkultur - Initiative f\u00fcr ganzheitliche P\u00e4dagogik - Mandelbaum Grundschule","og_description":"Wir denken inklusiv: Jeder Mensch ist anders. Jedes Kind kann etwas einbringen, das das Miteinander bereichert. Gott hat uns als komplexe und einzigartige Wesen geschaffen. Jeder ist etwas Besonderes und m\u00f6chte das auch sein. Die eigene Individualit\u00e4t anzunehmen, hei\u00dft Gottes Vielfalt anzuerkennen und mit sich vers\u00f6hnt zu sein. Der Mensch ist von Natur aus wissbegierig [&hellip;]","og_url":"https:\/\/www.mandelbaum.schule\/wordpress\/lernkultur\/","og_site_name":"Initiative f\u00fcr ganzheitliche P\u00e4dagogik - Mandelbaum Grundschule","article_modified_time":"2023-03-03T07:39:22+00:00","og_image":[{"url":"https:\/\/www.mandelbaum.schule\/wordpress\/wp-content\/uploads\/elementor\/thumbs\/image-21400-scaled-p1r2p9pcjw3eqiza73ex9gbt5cp6muw1zqvv6vu1co.jpg","type":"","width":"","height":""}],"twitter_card":"summary_large_image","twitter_misc":{"Gesch\u00e4tzte Lesezeit":"2\u00a0Minuten"},"schema":{"@context":"https:\/\/schema.org","@graph":[{"@type":"WebPage","@id":"https:\/\/www.mandelbaum.schule\/wordpress\/lernkultur\/","url":"https:\/\/www.mandelbaum.schule\/wordpress\/lernkultur\/","name":"Lernkultur - Initiative f\u00fcr ganzheitliche P\u00e4dagogik - Mandelbaum Grundschule","isPartOf":{"@id":"https:\/\/www.mandelbaum.schule\/wordpress\/#website"},"primaryImageOfPage":{"@id":"https:\/\/www.mandelbaum.schule\/wordpress\/lernkultur\/#primaryimage"},"image":{"@id":"https:\/\/www.mandelbaum.schule\/wordpress\/lernkultur\/#primaryimage"},"thumbnailUrl":"https:\/\/www.mandelbaum.schule\/wordpress\/wp-content\/uploads\/elementor\/thumbs\/image-21400-scaled-p1r2p9pcjw3eqiza73ex9gbt5cp6muw1zqvv6vu1co.jpg","datePublished":"2020-12-12T15:10:21+00:00","dateModified":"2023-03-03T07:39:22+00:00","breadcrumb":{"@id":"https:\/\/www.mandelbaum.schule\/wordpress\/lernkultur\/#breadcrumb"},"inLanguage":"de","potentialAction":[{"@type":"ReadAction","target":["https:\/\/www.mandelbaum.schule\/wordpress\/lernkultur\/"]}]},{"@type":"ImageObject","inLanguage":"de","@id":"https:\/\/www.mandelbaum.schule\/wordpress\/lernkultur\/#primaryimage","url":"https:\/\/www.mandelbaum.schule\/wordpress\/wp-content\/uploads\/elementor\/thumbs\/image-21400-scaled-p1r2p9pcjw3eqiza73ex9gbt5cp6muw1zqvv6vu1co.jpg","contentUrl":"https:\/\/www.mandelbaum.schule\/wordpress\/wp-content\/uploads\/elementor\/thumbs\/image-21400-scaled-p1r2p9pcjw3eqiza73ex9gbt5cp6muw1zqvv6vu1co.jpg"},{"@type":"BreadcrumbList","@id":"https:\/\/www.mandelbaum.schule\/wordpress\/lernkultur\/#breadcrumb","itemListElement":[{"@type":"ListItem","position":1,"name":"Startseite","item":"https:\/\/www.mandelbaum.schule\/wordpress\/"},{"@type":"ListItem","position":2,"name":"Lernkultur"}]},{"@type":"WebSite","@id":"https:\/\/www.mandelbaum.schule\/wordpress\/#website","url":"https:\/\/www.mandelbaum.schule\/wordpress\/","name":"Initiative f\u00fcr ganzheitliche P\u00e4dagogik - Mandelbaum Grundschule","description":"Schulgr\u00fcndung Darmstadt Dieburg","publisher":{"@id":"https:\/\/www.mandelbaum.schule\/wordpress\/#organization"},"potentialAction":[{"@type":"SearchAction","target":{"@type":"EntryPoint","urlTemplate":"https:\/\/www.mandelbaum.schule\/wordpress\/?s={search_term_string}"},"query-input":{"@type":"PropertyValueSpecification","valueRequired":true,"valueName":"search_term_string"}}],"inLanguage":"de"},{"@type":"Organization","@id":"https:\/\/www.mandelbaum.schule\/wordpress\/#organization","name":"Initiative f\u00fcr ganzheitliche P\u00e4dagogik - Mandelbaum Grundschule","url":"https:\/\/www.mandelbaum.schule\/wordpress\/","logo":{"@type":"ImageObject","inLanguage":"de","@id":"https:\/\/www.mandelbaum.schule\/wordpress\/#\/schema\/logo\/image\/","url":"https:\/\/www.mandelbaum.schule\/wordpress\/wp-content\/uploads\/2020\/05\/cropped-Wurzlewerke-e.V-log_web_03.png","contentUrl":"https:\/\/www.mandelbaum.schule\/wordpress\/wp-content\/uploads\/2020\/05\/cropped-Wurzlewerke-e.V-log_web_03.png","width":924,"height":246,"caption":"Initiative f\u00fcr ganzheitliche P\u00e4dagogik - Mandelbaum Grundschule"},"image":{"@id":"https:\/\/www.mandelbaum.schule\/wordpress\/#\/schema\/logo\/image\/"},"sameAs":["https:\/\/instagram.com\/mandelbaum.schule"]}]}},"_links":{"self":[{"href":"https:\/\/www.mandelbaum.schule\/wordpress\/wp-json\/wp\/v2\/pages\/1968","targetHints":{"allow":["GET"]}}],"collection":[{"href":"https:\/\/www.mandelbaum.schule\/wordpress\/wp-json\/wp\/v2\/pages"}],"about":[{"href":"https:\/\/www.mandelbaum.schule\/wordpress\/wp-json\/wp\/v2\/types\/page"}],"author":[{"embeddable":true,"href":"https:\/\/www.mandelbaum.schule\/wordpress\/wp-json\/wp\/v2\/users\/4"}],"replies":[{"embeddable":true,"href":"https:\/\/www.mandelbaum.schule\/wordpress\/wp-json\/wp\/v2\/comments?post=1968"}],"version-history":[{"count":9,"href":"https:\/\/www.mandelbaum.schule\/wordpress\/wp-json\/wp\/v2\/pages\/1968\/revisions"}],"predecessor-version":[{"id":2968,"href":"https:\/\/www.mandelbaum.schule\/wordpress\/wp-json\/wp\/v2\/pages\/1968\/revisions\/2968"}],"wp:attachment":[{"href":"https:\/\/www.mandelbaum.schule\/wordpress\/wp-json\/wp\/v2\/media?parent=1968"}],"curies":[{"name":"wp","href":"https:\/\/api.w.org\/{rel}","templated":true}]}}