{"id":1932,"date":"2020-12-12T15:36:02","date_gmt":"2020-12-12T14:36:02","guid":{"rendered":"https:\/\/www.mandelbaum.schule\/wordpress\/?page_id=1932"},"modified":"2021-02-09T11:38:18","modified_gmt":"2021-02-09T10:38:18","slug":"naturverbundenheit","status":"publish","type":"page","link":"https:\/\/www.mandelbaum.schule\/wordpress\/naturverbundenheit\/","title":{"rendered":"Naturverbundenheit"},"content":{"rendered":"\t\t<div data-elementor-type=\"wp-page\" data-elementor-id=\"1932\" class=\"elementor elementor-1932\">\n\t\t\t\t\t\t<section class=\"elementor-section elementor-top-section elementor-element elementor-element-169ba286 elementor-section-stretched elementor-section-boxed elementor-section-height-default elementor-section-height-default\" data-id=\"169ba286\" data-element_type=\"section\" data-e-type=\"section\" data-settings=\"{&quot;stretch_section&quot;:&quot;section-stretched&quot;}\">\n\t\t\t\t\t\t<div class=\"elementor-container elementor-column-gap-default\">\n\t\t\t\t\t<div class=\"elementor-column elementor-col-100 elementor-top-column elementor-element elementor-element-6b97096f\" data-id=\"6b97096f\" data-element_type=\"column\" data-e-type=\"column\">\n\t\t\t<div class=\"elementor-widget-wrap elementor-element-populated\">\n\t\t\t\t\t\t<div class=\"elementor-element elementor-element-b5dd3b9 elementor-widget elementor-widget-image\" data-id=\"b5dd3b9\" data-element_type=\"widget\" data-e-type=\"widget\" data-widget_type=\"image.default\">\n\t\t\t\t<div class=\"elementor-widget-container\">\n\t\t\t\t\t\t\t\t\t\t\t\t\t\t\t<img decoding=\"async\" src=\"https:\/\/www.mandelbaum.schule\/wordpress\/wp-content\/uploads\/elementor\/thumbs\/image-1-1400-scaled-p1r2p505lpwz4h63yjdsezii6fcckddeb3mfsi107s.jpg\" title=\"image-(1)-1400\" alt=\"image-(1)-1400\" loading=\"lazy\" \/>\t\t\t\t\t\t\t\t\t\t\t\t\t\t\t<\/div>\n\t\t\t\t<\/div>\n\t\t\t\t<div class=\"elementor-element elementor-element-21c36018 elementor-widget elementor-widget-text-editor\" data-id=\"21c36018\" data-element_type=\"widget\" data-e-type=\"widget\" data-widget_type=\"text-editor.default\">\n\t\t\t\t<div class=\"elementor-widget-container\">\n\t\t\t\t\t\t\t\t\t<p><\/p>\n<p><span style=\"font-style: inherit; font-weight: inherit;\">Das Leben von Jesus inspiriert uns. Er verbrachte viel Zeit mit den Menschen in Bewegung an der frischen Luft, um ihnen von Gott dem Vater und seinem Reich zu erz\u00e4hlen. Er nutzte die Alltagssituationen in der nat\u00fcrlichen Umgebung und die Prozesse in der Natur, um wichtige Lehreinheiten zu vermitteln.&nbsp;<\/span><\/p>\n<p><strong>Naturverbundenheit im Schulalltag <\/strong><br>Es ist uns ein gro\u00dfes Anliegen, den Kindern Zeit und Raum in der Natur f\u00fcr Erlebnisse, Spiel, Bewegung und Ruhe zu geben. Natur entschleunigt, erdet und regt die Sinne an.<br>Kinder k\u00f6nnen echte sinnliche Erfahrungen machen, anstatt diese nur \u00fcber einen Film oder ein Buch nachzuvollziehen. In Verbindung mit der Natur erleben sie aktiv die Jahreszeiten, das Klima, Tiere, Pflanzen sowie regelm\u00e4\u00dfig wiederkehrende Strukturen eines gro\u00dfen Ganzen. Ihre Fantasie und Kreativit\u00e4t werden angeregt, sie werden inspiriert zu erforschen, zu entdecken, zu beobachten und zu gestalten.<br>Durch die Integration von naturwissenschaftlichen und musischen Inhalten k\u00f6nnen die Kinder die Vielfalt der Sch\u00f6pfung Gottes entdecken, dar\u00fcber staunen und sie wertsch\u00e4tzen. Gerade deshalb ist der achtsame und nachhaltige Umgang mit der Umwelt ein wichtiges Lernfeld, das wir schulen.<\/p>\n<p><\/p>\n<p><\/p>\n<p><\/p>\n<p><\/p>\t\t\t\t\t\t\t\t<\/div>\n\t\t\t\t<\/div>\n\t\t\t\t\t<\/div>\n\t\t<\/div>\n\t\t\t\t\t<\/div>\n\t\t<\/section>\n\t\t\t\t<\/div>\n\t\t","protected":false},"excerpt":{"rendered":"<p>Das Leben von Jesus inspiriert uns. Er verbrachte viel Zeit mit den Menschen in Bewegung an der frischen Luft, um ihnen von Gott dem Vater und seinem Reich zu erz\u00e4hlen. Er nutzte die Alltagssituationen in der nat\u00fcrlichen Umgebung und die Prozesse in der Natur, um wichtige Lehreinheiten zu vermitteln.&nbsp; Naturverbundenheit im Schulalltag Es ist uns [&hellip;]<\/p>\n","protected":false},"author":4,"featured_media":0,"parent":0,"menu_order":0,"comment_status":"closed","ping_status":"closed","template":"elementor_header_footer","meta":{"zakra_sidebar_layout":"customizer","zakra_remove_content_margin":false,"zakra_sidebar":"customizer","zakra_transparent_header":"customizer","zakra_logo":0,"zakra_main_header_style":"default","zakra_menu_item_color":"","zakra_menu_item_hover_color":"","zakra_menu_item_active_color":"","zakra_menu_active_style":"","zakra_page_header":true,"footnotes":""},"class_list":["post-1932","page","type-page","status-publish","hentry"],"yoast_head":"<!-- This site is optimized with the Yoast SEO plugin v27.5 - https:\/\/yoast.com\/product\/yoast-seo-wordpress\/ -->\n<title>Naturverbundenheit - Initiative f\u00fcr ganzheitliche P\u00e4dagogik - Mandelbaum Grundschule<\/title>\n<meta name=\"robots\" content=\"index, follow, max-snippet:-1, max-image-preview:large, max-video-preview:-1\" \/>\n<link rel=\"canonical\" href=\"https:\/\/www.mandelbaum.schule\/wordpress\/naturverbundenheit\/\" \/>\n<meta property=\"og:locale\" content=\"de_DE\" \/>\n<meta property=\"og:type\" content=\"article\" \/>\n<meta property=\"og:title\" content=\"Naturverbundenheit - Initiative f\u00fcr ganzheitliche P\u00e4dagogik - Mandelbaum Grundschule\" \/>\n<meta property=\"og:description\" content=\"Das Leben von Jesus inspiriert uns. Er verbrachte viel Zeit mit den Menschen in Bewegung an der frischen Luft, um ihnen von Gott dem Vater und seinem Reich zu erz\u00e4hlen. Er nutzte die Alltagssituationen in der nat\u00fcrlichen Umgebung und die Prozesse in der Natur, um wichtige Lehreinheiten zu vermitteln.&nbsp; Naturverbundenheit im Schulalltag Es ist uns [&hellip;]\" \/>\n<meta property=\"og:url\" content=\"https:\/\/www.mandelbaum.schule\/wordpress\/naturverbundenheit\/\" \/>\n<meta property=\"og:site_name\" content=\"Initiative f\u00fcr ganzheitliche P\u00e4dagogik - Mandelbaum Grundschule\" \/>\n<meta property=\"article:modified_time\" content=\"2021-02-09T10:38:18+00:00\" \/>\n<meta property=\"og:image\" content=\"https:\/\/www.mandelbaum.schule\/wordpress\/wp-content\/uploads\/elementor\/thumbs\/image-1-1400-scaled-p1r2p42bevvosv7h40z5uhr1l1gzco9nyyyyb82ee0.jpg\" \/>\n<meta name=\"twitter:card\" content=\"summary_large_image\" \/>\n<meta name=\"twitter:label1\" content=\"Gesch\u00e4tzte Lesezeit\" \/>\n\t<meta name=\"twitter:data1\" content=\"1\u00a0Minute\" \/>\n<script type=\"application\/ld+json\" class=\"yoast-schema-graph\">{\"@context\":\"https:\\\/\\\/schema.org\",\"@graph\":[{\"@type\":\"WebPage\",\"@id\":\"https:\\\/\\\/www.mandelbaum.schule\\\/wordpress\\\/naturverbundenheit\\\/\",\"url\":\"https:\\\/\\\/www.mandelbaum.schule\\\/wordpress\\\/naturverbundenheit\\\/\",\"name\":\"Naturverbundenheit - Initiative f\u00fcr ganzheitliche P\u00e4dagogik - Mandelbaum Grundschule\",\"isPartOf\":{\"@id\":\"https:\\\/\\\/www.mandelbaum.schule\\\/wordpress\\\/#website\"},\"primaryImageOfPage\":{\"@id\":\"https:\\\/\\\/www.mandelbaum.schule\\\/wordpress\\\/naturverbundenheit\\\/#primaryimage\"},\"image\":{\"@id\":\"https:\\\/\\\/www.mandelbaum.schule\\\/wordpress\\\/naturverbundenheit\\\/#primaryimage\"},\"thumbnailUrl\":\"https:\\\/\\\/www.mandelbaum.schule\\\/wordpress\\\/wp-content\\\/uploads\\\/elementor\\\/thumbs\\\/image-1-1400-scaled-p1r2p42bevvosv7h40z5uhr1l1gzco9nyyyyb82ee0.jpg\",\"datePublished\":\"2020-12-12T14:36:02+00:00\",\"dateModified\":\"2021-02-09T10:38:18+00:00\",\"breadcrumb\":{\"@id\":\"https:\\\/\\\/www.mandelbaum.schule\\\/wordpress\\\/naturverbundenheit\\\/#breadcrumb\"},\"inLanguage\":\"de\",\"potentialAction\":[{\"@type\":\"ReadAction\",\"target\":[\"https:\\\/\\\/www.mandelbaum.schule\\\/wordpress\\\/naturverbundenheit\\\/\"]}]},{\"@type\":\"ImageObject\",\"inLanguage\":\"de\",\"@id\":\"https:\\\/\\\/www.mandelbaum.schule\\\/wordpress\\\/naturverbundenheit\\\/#primaryimage\",\"url\":\"https:\\\/\\\/www.mandelbaum.schule\\\/wordpress\\\/wp-content\\\/uploads\\\/elementor\\\/thumbs\\\/image-1-1400-scaled-p1r2p42bevvosv7h40z5uhr1l1gzco9nyyyyb82ee0.jpg\",\"contentUrl\":\"https:\\\/\\\/www.mandelbaum.schule\\\/wordpress\\\/wp-content\\\/uploads\\\/elementor\\\/thumbs\\\/image-1-1400-scaled-p1r2p42bevvosv7h40z5uhr1l1gzco9nyyyyb82ee0.jpg\"},{\"@type\":\"BreadcrumbList\",\"@id\":\"https:\\\/\\\/www.mandelbaum.schule\\\/wordpress\\\/naturverbundenheit\\\/#breadcrumb\",\"itemListElement\":[{\"@type\":\"ListItem\",\"position\":1,\"name\":\"Startseite\",\"item\":\"https:\\\/\\\/www.mandelbaum.schule\\\/wordpress\\\/\"},{\"@type\":\"ListItem\",\"position\":2,\"name\":\"Naturverbundenheit\"}]},{\"@type\":\"WebSite\",\"@id\":\"https:\\\/\\\/www.mandelbaum.schule\\\/wordpress\\\/#website\",\"url\":\"https:\\\/\\\/www.mandelbaum.schule\\\/wordpress\\\/\",\"name\":\"Initiative f\u00fcr ganzheitliche P\u00e4dagogik - Mandelbaum Grundschule\",\"description\":\"Schulgr\u00fcndung Darmstadt Dieburg\",\"publisher\":{\"@id\":\"https:\\\/\\\/www.mandelbaum.schule\\\/wordpress\\\/#organization\"},\"potentialAction\":[{\"@type\":\"SearchAction\",\"target\":{\"@type\":\"EntryPoint\",\"urlTemplate\":\"https:\\\/\\\/www.mandelbaum.schule\\\/wordpress\\\/?s={search_term_string}\"},\"query-input\":{\"@type\":\"PropertyValueSpecification\",\"valueRequired\":true,\"valueName\":\"search_term_string\"}}],\"inLanguage\":\"de\"},{\"@type\":\"Organization\",\"@id\":\"https:\\\/\\\/www.mandelbaum.schule\\\/wordpress\\\/#organization\",\"name\":\"Initiative f\u00fcr ganzheitliche P\u00e4dagogik - Mandelbaum Grundschule\",\"url\":\"https:\\\/\\\/www.mandelbaum.schule\\\/wordpress\\\/\",\"logo\":{\"@type\":\"ImageObject\",\"inLanguage\":\"de\",\"@id\":\"https:\\\/\\\/www.mandelbaum.schule\\\/wordpress\\\/#\\\/schema\\\/logo\\\/image\\\/\",\"url\":\"https:\\\/\\\/www.mandelbaum.schule\\\/wordpress\\\/wp-content\\\/uploads\\\/2020\\\/05\\\/cropped-Wurzlewerke-e.V-log_web_03.png\",\"contentUrl\":\"https:\\\/\\\/www.mandelbaum.schule\\\/wordpress\\\/wp-content\\\/uploads\\\/2020\\\/05\\\/cropped-Wurzlewerke-e.V-log_web_03.png\",\"width\":924,\"height\":246,\"caption\":\"Initiative f\u00fcr ganzheitliche P\u00e4dagogik - Mandelbaum Grundschule\"},\"image\":{\"@id\":\"https:\\\/\\\/www.mandelbaum.schule\\\/wordpress\\\/#\\\/schema\\\/logo\\\/image\\\/\"},\"sameAs\":[\"https:\\\/\\\/instagram.com\\\/mandelbaum.schule\"]}]}<\/script>\n<!-- \/ Yoast SEO plugin. -->","yoast_head_json":{"title":"Naturverbundenheit - Initiative f\u00fcr ganzheitliche P\u00e4dagogik - Mandelbaum Grundschule","robots":{"index":"index","follow":"follow","max-snippet":"max-snippet:-1","max-image-preview":"max-image-preview:large","max-video-preview":"max-video-preview:-1"},"canonical":"https:\/\/www.mandelbaum.schule\/wordpress\/naturverbundenheit\/","og_locale":"de_DE","og_type":"article","og_title":"Naturverbundenheit - Initiative f\u00fcr ganzheitliche P\u00e4dagogik - Mandelbaum Grundschule","og_description":"Das Leben von Jesus inspiriert uns. Er verbrachte viel Zeit mit den Menschen in Bewegung an der frischen Luft, um ihnen von Gott dem Vater und seinem Reich zu erz\u00e4hlen. Er nutzte die Alltagssituationen in der nat\u00fcrlichen Umgebung und die Prozesse in der Natur, um wichtige Lehreinheiten zu vermitteln.&nbsp; Naturverbundenheit im Schulalltag Es ist uns [&hellip;]","og_url":"https:\/\/www.mandelbaum.schule\/wordpress\/naturverbundenheit\/","og_site_name":"Initiative f\u00fcr ganzheitliche P\u00e4dagogik - Mandelbaum Grundschule","article_modified_time":"2021-02-09T10:38:18+00:00","og_image":[{"url":"https:\/\/www.mandelbaum.schule\/wordpress\/wp-content\/uploads\/elementor\/thumbs\/image-1-1400-scaled-p1r2p42bevvosv7h40z5uhr1l1gzco9nyyyyb82ee0.jpg","type":"","width":"","height":""}],"twitter_card":"summary_large_image","twitter_misc":{"Gesch\u00e4tzte Lesezeit":"1\u00a0Minute"},"schema":{"@context":"https:\/\/schema.org","@graph":[{"@type":"WebPage","@id":"https:\/\/www.mandelbaum.schule\/wordpress\/naturverbundenheit\/","url":"https:\/\/www.mandelbaum.schule\/wordpress\/naturverbundenheit\/","name":"Naturverbundenheit - Initiative f\u00fcr ganzheitliche P\u00e4dagogik - Mandelbaum Grundschule","isPartOf":{"@id":"https:\/\/www.mandelbaum.schule\/wordpress\/#website"},"primaryImageOfPage":{"@id":"https:\/\/www.mandelbaum.schule\/wordpress\/naturverbundenheit\/#primaryimage"},"image":{"@id":"https:\/\/www.mandelbaum.schule\/wordpress\/naturverbundenheit\/#primaryimage"},"thumbnailUrl":"https:\/\/www.mandelbaum.schule\/wordpress\/wp-content\/uploads\/elementor\/thumbs\/image-1-1400-scaled-p1r2p42bevvosv7h40z5uhr1l1gzco9nyyyyb82ee0.jpg","datePublished":"2020-12-12T14:36:02+00:00","dateModified":"2021-02-09T10:38:18+00:00","breadcrumb":{"@id":"https:\/\/www.mandelbaum.schule\/wordpress\/naturverbundenheit\/#breadcrumb"},"inLanguage":"de","potentialAction":[{"@type":"ReadAction","target":["https:\/\/www.mandelbaum.schule\/wordpress\/naturverbundenheit\/"]}]},{"@type":"ImageObject","inLanguage":"de","@id":"https:\/\/www.mandelbaum.schule\/wordpress\/naturverbundenheit\/#primaryimage","url":"https:\/\/www.mandelbaum.schule\/wordpress\/wp-content\/uploads\/elementor\/thumbs\/image-1-1400-scaled-p1r2p42bevvosv7h40z5uhr1l1gzco9nyyyyb82ee0.jpg","contentUrl":"https:\/\/www.mandelbaum.schule\/wordpress\/wp-content\/uploads\/elementor\/thumbs\/image-1-1400-scaled-p1r2p42bevvosv7h40z5uhr1l1gzco9nyyyyb82ee0.jpg"},{"@type":"BreadcrumbList","@id":"https:\/\/www.mandelbaum.schule\/wordpress\/naturverbundenheit\/#breadcrumb","itemListElement":[{"@type":"ListItem","position":1,"name":"Startseite","item":"https:\/\/www.mandelbaum.schule\/wordpress\/"},{"@type":"ListItem","position":2,"name":"Naturverbundenheit"}]},{"@type":"WebSite","@id":"https:\/\/www.mandelbaum.schule\/wordpress\/#website","url":"https:\/\/www.mandelbaum.schule\/wordpress\/","name":"Initiative f\u00fcr ganzheitliche P\u00e4dagogik - Mandelbaum Grundschule","description":"Schulgr\u00fcndung Darmstadt Dieburg","publisher":{"@id":"https:\/\/www.mandelbaum.schule\/wordpress\/#organization"},"potentialAction":[{"@type":"SearchAction","target":{"@type":"EntryPoint","urlTemplate":"https:\/\/www.mandelbaum.schule\/wordpress\/?s={search_term_string}"},"query-input":{"@type":"PropertyValueSpecification","valueRequired":true,"valueName":"search_term_string"}}],"inLanguage":"de"},{"@type":"Organization","@id":"https:\/\/www.mandelbaum.schule\/wordpress\/#organization","name":"Initiative f\u00fcr ganzheitliche P\u00e4dagogik - Mandelbaum Grundschule","url":"https:\/\/www.mandelbaum.schule\/wordpress\/","logo":{"@type":"ImageObject","inLanguage":"de","@id":"https:\/\/www.mandelbaum.schule\/wordpress\/#\/schema\/logo\/image\/","url":"https:\/\/www.mandelbaum.schule\/wordpress\/wp-content\/uploads\/2020\/05\/cropped-Wurzlewerke-e.V-log_web_03.png","contentUrl":"https:\/\/www.mandelbaum.schule\/wordpress\/wp-content\/uploads\/2020\/05\/cropped-Wurzlewerke-e.V-log_web_03.png","width":924,"height":246,"caption":"Initiative f\u00fcr ganzheitliche P\u00e4dagogik - Mandelbaum Grundschule"},"image":{"@id":"https:\/\/www.mandelbaum.schule\/wordpress\/#\/schema\/logo\/image\/"},"sameAs":["https:\/\/instagram.com\/mandelbaum.schule"]}]}},"_links":{"self":[{"href":"https:\/\/www.mandelbaum.schule\/wordpress\/wp-json\/wp\/v2\/pages\/1932","targetHints":{"allow":["GET"]}}],"collection":[{"href":"https:\/\/www.mandelbaum.schule\/wordpress\/wp-json\/wp\/v2\/pages"}],"about":[{"href":"https:\/\/www.mandelbaum.schule\/wordpress\/wp-json\/wp\/v2\/types\/page"}],"author":[{"embeddable":true,"href":"https:\/\/www.mandelbaum.schule\/wordpress\/wp-json\/wp\/v2\/users\/4"}],"replies":[{"embeddable":true,"href":"https:\/\/www.mandelbaum.schule\/wordpress\/wp-json\/wp\/v2\/comments?post=1932"}],"version-history":[{"count":18,"href":"https:\/\/www.mandelbaum.schule\/wordpress\/wp-json\/wp\/v2\/pages\/1932\/revisions"}],"predecessor-version":[{"id":2055,"href":"https:\/\/www.mandelbaum.schule\/wordpress\/wp-json\/wp\/v2\/pages\/1932\/revisions\/2055"}],"wp:attachment":[{"href":"https:\/\/www.mandelbaum.schule\/wordpress\/wp-json\/wp\/v2\/media?parent=1932"}],"curies":[{"name":"wp","href":"https:\/\/api.w.org\/{rel}","templated":true}]}}