{"id":1561,"date":"2020-01-05T23:08:22","date_gmt":"2020-01-05T22:08:22","guid":{"rendered":"https:\/\/www.mandelbaum.schule\/wordpress\/?page_id=1561"},"modified":"2024-12-23T14:55:11","modified_gmt":"2024-12-23T13:55:11","slug":"stellenausschreibung","status":"publish","type":"page","link":"https:\/\/www.mandelbaum.schule\/wordpress\/stellenausschreibung\/","title":{"rendered":"Mitarbeit"},"content":{"rendered":"\t\t<div data-elementor-type=\"wp-page\" data-elementor-id=\"1561\" class=\"elementor elementor-1561\">\n\t\t\t\t\t\t<section class=\"elementor-section elementor-top-section elementor-element elementor-element-45c6d15 elementor-section-full_width elementor-section-height-default elementor-section-height-default\" data-id=\"45c6d15\" data-element_type=\"section\" data-e-type=\"section\">\n\t\t\t\t\t\t<div class=\"elementor-container elementor-column-gap-default\">\n\t\t\t\t\t<div class=\"elementor-column elementor-col-100 elementor-top-column elementor-element elementor-element-eac5ce8\" data-id=\"eac5ce8\" data-element_type=\"column\" data-e-type=\"column\">\n\t\t\t<div class=\"elementor-widget-wrap elementor-element-populated\">\n\t\t\t\t\t\t<div class=\"elementor-element elementor-element-9ae942f elementor-widget elementor-widget-text-editor\" data-id=\"9ae942f\" data-element_type=\"widget\" data-e-type=\"widget\" data-widget_type=\"text-editor.default\">\n\t\t\t\t<div class=\"elementor-widget-container\">\n\t\t\t\t\t\t\t\t\t<p><span style=\"font-style: inherit; font-weight: inherit; color: var( --e-global-color-text ); font-family: var( --e-global-typography-text-font-family ), Sans-serif;\">Wir suchen dich als motivierte<\/span><\/p>\n<p><span style=\"color: #3b3838; font-family: Roboto Condensed;\"><span style=\"font-size: 22pt;\"><b>Lehrkraft f\u00fcr Grundschule (m<\/b><\/span><\/span><span style=\"font-size: 22pt; font-family: 'Roboto Condensed'; color: #3b3838;\">\/<\/span><span style=\"color: #6e6f71; font-size: 1px; font-family: var( --e-global-typography-text-font-family ), Sans-serif; font-weight: bold;\"><span style=\"font-size: 22pt; font-family: 'Roboto Condensed'; color: #3b3838;\">w<\/span><\/span><span style=\"font-size: 22pt; font-family: 'Roboto Condensed'; color: #3b3838;\">\/<\/span><span style=\"color: #6e6f71; font-size: 1px; font-family: var( --e-global-typography-text-font-family ), Sans-serif; font-weight: bold;\"><span style=\"font-size: 22pt; font-family: 'Roboto Condensed'; color: #3b3838;\">d) :&nbsp;<\/span><\/span><span style=\"color: #3b3838; font-family: 'Roboto Condensed'; font-size: 22pt; font-weight: bold;\">in Voll- oder Teilzeit<\/span><\/p>\n<p style=\"margin-bottom: 16.8pt; font-size: 1px; font-style: normal; font-weight: 400; color: #6e6f71; background-image: initial; background-position: initial; background-size: initial; background-repeat: initial; background-attachment: initial; background-origin: initial; background-clip: initial; text-align: justify; line-height: normal;\"><span style=\"font-size: 14pt; font-family: 'Roboto Condensed'; color: #3b3838;\">oder&nbsp;<span style=\"font-weight: bold;\">vergleichbare p\u00e4dagogische&nbsp;Fachkraft<\/span>&nbsp;f\u00fcr die Mitarbeit in unserer freien christlichen Grundschule in&nbsp;Ober-Ramstadt.<\/span><\/p>\n<p style=\"margin-bottom: 0.0001pt; font-size: 1px; font-style: normal; font-weight: 400; color: #6e6f71; background-image: initial; background-position: initial; background-size: initial; background-repeat: initial; background-attachment: initial; background-origin: initial; background-clip: initial; text-align: justify; line-height: normal;\"><span style=\"font-size: 14pt; font-family: 'Roboto Condensed'; color: #3b3838;\">Hast&nbsp;<span style=\"font-weight: bold;\">Du&nbsp;<\/span>Spa\u00df am Arbeiten mit lernbegierigen Kindern und bringst Herz und Liebe mit?<br><span style=\"font-weight: bold;\">Du <\/span>bist motiviert den Aufbau einer neu gegr\u00fcndeten Grundschule zu begleiten?<br>Dann bist&nbsp;<span style=\"font-weight: bold;\">Du&nbsp;<\/span>bei uns genau richtig.<\/span><\/p>\n<p style=\"margin-bottom: 0.0001pt; font-size: 1px; font-style: normal; font-weight: 400; color: #6e6f71; background-image: initial; background-position: initial; background-size: initial; background-repeat: initial; background-attachment: initial; background-origin: initial; background-clip: initial; text-align: justify; line-height: normal;\"><span style=\"font-size: 14pt; font-family: 'Roboto Condensed'; color: #3b3838;\">&nbsp;<\/span><\/p>\n<p style=\"font-weight: 400; font-style: normal; font-size: 1px; color: #6e6f71;\"><span style=\"font-size: 14pt; font-family: 'Roboto Condensed'; color: #3b3838;\"><span style=\"font-weight: bold;\">Zu deinen Aufgaben geh\u00f6rt es<br><\/span><\/span><span style=\"font-weight: var( --e-global-typography-text-font-weight ); font-family: 'Roboto Condensed'; font-size: 14pt; color: #3b3838;\">mit&nbsp;<\/span><span style=\"font-weight: var( --e-global-typography-text-font-weight ); font-family: 'Roboto Condensed'; font-size: 14pt; color: #3b3838;\">deinen eigenen Ideen dazu beizutragen, den Traum von einer&nbsp;<\/span><span style=\"font-weight: var( --e-global-typography-text-font-weight ); font-family: 'Roboto Condensed'; font-size: 14pt; color: #3b3838;\">ganzheitlichen Schule zu verwirklichen:<\/span><span style=\"color: #3b3838; font-family: 'Roboto Condensed'; font-size: 14pt; font-weight: var( --e-global-typography-text-font-weight );\">&nbsp;<\/span><\/p>\n<ul>\n<li><span style=\"font-style: inherit; font-weight: var( --e-global-typography-text-font-weight ); color: #3b3838; font-family: 'Roboto Condensed'; font-size: 14pt;\">den Unterricht hochwertig, modern und&nbsp;<\/span><span style=\"font-style: inherit; font-weight: var( --e-global-typography-text-font-weight ); color: #3b3838; font-family: 'Roboto Condensed'; font-size: 14pt;\">handlungsorientiert aufzubauen und mit ganzheitlichen Methoden den Lernprozess zu gestalten<\/span><\/li>\n<li><span style=\"font-family: 'Roboto Condensed'; font-size: 14pt; color: #3b3838; font-weight: var( --e-global-typography-text-font-weight );\">in guter Kommunikation mit Eltern, Kindern und&nbsp;<\/span><span style=\"font-family: 'Roboto Condensed'; font-size: 14pt; color: #3b3838; font-weight: var( --e-global-typography-text-font-weight );\">Kollegium tragf\u00e4hige Beziehungen und Strukturen aufzubauen<br><\/span><\/li>\n<li><span style=\"font-family: 'Roboto Condensed'; font-size: 14pt; color: #3b3838; font-weight: var( --e-global-typography-text-font-weight );\">in Zusammenarbeit mit dem Tr\u00e4gerverein gemeinsam&nbsp;<\/span><span style=\"font-family: 'Roboto Condensed'; font-size: 14pt; color: #3b3838; font-weight: var( --e-global-typography-text-font-weight );\">an der Entwicklung der Lehrpl\u00e4ne und Curricula zu arbeiten sowie die jeweiligen Schul- und Unterrichtsziele zu definieren und abzustimmen<\/span><\/li>\n<\/ul>\n<p style=\"font-size: 1px; font-style: normal; font-weight: 400; color: #6e6f71;\"><span style=\"font-weight: bold; color: #3b3838; font-family: 'Roboto Condensed'; font-size: 14pt;\">Du findest<\/span><\/p>\n<ul>\n<li><span style=\"font-family: 'Roboto Condensed'; font-size: 14pt; color: #3b3838;\">Klei<\/span><span style=\"font-family: 'Roboto Condensed'; font-size: 14pt; color: #3b3838; font-weight: var( --e-global-typography-text-font-weight );\">ne Klassen mit 15 Kindern<br><\/span><\/li>\n<li><span style=\"font-family: 'Roboto Condensed'; font-size: 14pt; color: #3b3838; font-weight: var( --e-global-typography-text-font-weight );\">ein multiprofessionelles Team, das den Schulalltag aktiv gestaltet&nbsp;<\/span><\/li>\n<li><span style=\"font-weight: var( --e-global-typography-text-font-weight ); font-style: inherit; font-family: 'Roboto Condensed'; font-size: 14pt; color: #3b3838;\">attraktive Entlohnung angelehnt an Tarifvertrag <\/span><span style=\"font-weight: var( --e-global-typography-text-font-weight ); font-style: inherit; font-family: 'Roboto Condensed'; font-size: 14pt; color: #3b3838;\">TV-H<\/span><\/li>\n<li><span style=\"font-family: 'Roboto Condensed'; font-size: 14pt; color: #3b3838; font-weight: var( --e-global-typography-text-font-weight );\">Fortbildungsm\u00f6glichkeiten &amp; Wachstumschancen&nbsp;<\/span><\/li>\n<li><span style=\"font-family: 'Roboto Condensed'; font-size: 14pt; color: #3b3838; font-weight: var( --e-global-typography-text-font-weight );\">die M\u00f6glichkeit, in einem engagierten Team deinen&nbsp;<\/span><span style=\"font-family: 'Roboto Condensed'; font-size: 14pt; color: #3b3838; font-weight: var( --e-global-typography-text-font-weight );\">christlichen Glauben zu leben.<\/span><span style=\"font-weight: bold; font-style: inherit; font-family: var( --e-global-typography-text-font-family ), Sans-serif;\"><span style=\"font-size: 14pt; font-family: 'Roboto Condensed'; color: #3b3838;\">&nbsp;<\/span><\/span><\/li>\n<\/ul>\n<p style=\"margin: 18pt 0cm 15pt; font-size: 1px; font-style: normal; font-weight: 400; color: #6e6f71; background-image: initial; background-position: initial; background-size: initial; background-repeat: initial; background-attachment: initial; background-origin: initial; background-clip: initial; line-height: normal;\"><span style=\"font-size: 14pt; font-family: 'Roboto Condensed'; color: #3b3838;\"><span style=\"font-weight: bold;\">Du hast bereits (bestenfalls)<\/span><\/span><\/p>\n<ul>\n<li><span style=\"color: #3b3838; font-family: Roboto Condensed;\"><span style=\"font-size: 18.6667px;\">zweites Staatsexamen im o.g. Berufsstand oder vergleichbare Qualifikation<\/span><\/span><\/li>\n<li><span style=\"font-family: 'Roboto Condensed'; font-size: 14pt; color: #3b3838; font-weight: var( --e-global-typography-text-font-weight );\">Berufserfahrung im Grundschulbereich<\/span><\/li>\n<li><span style=\"font-family: 'Roboto Condensed'; font-size: 14pt; color: #3b3838; font-weight: var( --e-global-typography-text-font-weight );\">Bereitschaft zum Arbeiten in der Natur<\/span><\/li>\n<li><span style=\"font-family: 'Roboto Condensed'; font-size: 14pt; color: #3b3838; font-weight: var( --e-global-typography-text-font-weight );\">Engagement, die Schule aufzubauen und&nbsp;<\/span><span style=\"font-family: 'Roboto Condensed'; font-size: 14pt; color: #3b3838; font-weight: var( --e-global-typography-text-font-weight );\">weiterzuentwickeln&nbsp;<\/span><\/li>\n<\/ul>\n<p style=\"margin: 24pt 0cm 15pt; font-size: 1px; font-style: normal; font-weight: 400; color: #6e6f71; background-image: initial; background-position: initial; background-size: initial; background-repeat: initial; background-attachment: initial; background-origin: initial; background-clip: initial; line-height: normal;\"><span style=\"font-weight: bold;\"><span style=\"font-size: 14pt; font-family: 'Roboto Condensed'; color: #3b3838;\">Der Verein<br><\/span><\/span><i style=\"font-weight: inherit; text-align: justify; font-family: var( --e-global-typography-text-font-family ), Sans-serif;\"><span style=\"font-size: 14pt; font-family: 'Roboto Condensed'; color: #3b3838;\"><br>Wurzelwerke &#8211; Initiative f\u00fcr&nbsp;ganzheitliche P\u00e4dagogik<\/span><\/i><span style=\"font-style: inherit; font-weight: inherit; text-align: justify; font-size: 14pt; font-family: 'Roboto Condensed'; color: #3b3838;\">&nbsp;<\/span><span style=\"color: #3b3838; font-family: 'Roboto Condensed'; font-size: 18.6667px; text-align: justify; letter-spacing: 0.01em;\">[www.wurzelwerke.org]&nbsp;<\/span><span style=\"font-style: inherit; font-weight: inherit; letter-spacing: 0.01em; text-align: justify; font-size: 14pt; font-family: 'Roboto Condensed'; color: #3b3838;\">steht f\u00fcr \u201cWerte-volle\u201d Schulbildung sowie Betreuung&nbsp;<\/span><span style=\"font-style: inherit; font-weight: inherit; letter-spacing: 0.01em; color: #3b3838; font-family: 'Roboto Condensed'; font-size: 14pt; text-align: justify;\">im Vorschulalter (Gr\u00fcndung 2019). <\/span><span style=\"font-style: inherit; font-weight: inherit; letter-spacing: 0.01em; color: #3b3838; font-family: 'Roboto Condensed'; font-size: 14pt; text-align: justify;\">Seit 2021 gestalten wir die Bildungslandschaft im Landkreis Darmstadt&nbsp;<\/span><span style=\"font-style: inherit; font-weight: inherit; letter-spacing: 0.01em; color: #3b3838; font-family: 'Roboto Condensed'; font-size: 14pt; text-align: justify;\">Dieburg m<\/span><span style=\"font-weight: inherit; font-style: inherit; letter-spacing: 0.01em; color: #3b3838; font-family: 'Roboto Condensed'; font-size: 14pt; text-align: justify;\">it alters\u00fcbergreifenden Familien-Klassen&nbsp;<\/span><span style=\"color: #3b3838; font-family: 'Roboto Condensed'; font-size: 14pt; font-style: inherit; font-weight: inherit; letter-spacing: 0.01em; text-align: justify;\">aktiv mit.<\/span><\/p>\n<p style=\"margin-bottom: 16.8pt; font-size: 1px; font-style: normal; font-weight: 400; color: #6e6f71; background-image: initial; background-position: initial; background-size: initial; background-repeat: initial; background-attachment: initial; background-origin: initial; background-clip: initial; text-align: justify; line-height: normal;\"><span style=\"font-size: 14pt; font-family: 'Roboto Condensed'; color: #3b3838;\">Der Verein ist Mitglied im \u201cVerband&nbsp;Evangelischer Bekenntnisschulen\u201d. Lehrkr\u00e4fte der VEBS-Schulen sind Christen, engagiert in verschiedenen Kirchen, Freikirchen oder christlichen Gemeinschaften vereint auf der Glaubensbasis der Evangelischen Allianz.<\/span><\/p>\n<p style=\"margin: 24pt 0cm 15pt; font-size: 1px; font-style: normal; font-weight: 400; color: #6e6f71; background-image: initial; background-position: initial; background-size: initial; background-repeat: initial; background-attachment: initial; background-origin: initial; background-clip: initial; line-height: normal;\"><span style=\"font-weight: bold;\"><span style=\"font-size: 14pt; font-family: 'Roboto Condensed'; color: #3b3838;\">Wir freuen uns \u00fcber deine Bewerbung (am Besten digital) an:<\/span><\/span><\/p>\n<h2 style=\"margin-bottom: 0.0001pt; font-size: 1px; font-style: normal; font-weight: 400; color: #6e6f71; background-image: initial; background-position: initial; background-size: initial; background-repeat: initial; background-attachment: initial; background-origin: initial; background-clip: initial; line-height: normal;\"><span style=\"letter-spacing: 0.01em; font-size: 14pt; font-family: 'Roboto Condensed'; color: #3b3838;\">per Email:&nbsp;<\/span><span style=\"background-image: initial; background-position: initial; background-size: initial; background-repeat: initial; background-attachment: initial; background-origin: initial; background-clip: initial; letter-spacing: 0.01em; font-size: 14pt; font-family: 'Roboto Condensed'; color: #011830;\"><a style=\"color: #9e2222; outline: 0px;\" href=\"mailto:bewerbung@wurzelwerke.org\"><span style=\"color: #011830;\">info@wurzelwerke.org<\/span><\/a><\/span><\/h2>\n<p style=\"margin-bottom: 0.0001pt; font-size: 1px; font-style: normal; font-weight: 400; color: #6e6f71; background-image: initial; background-position: initial; background-size: initial; background-repeat: initial; background-attachment: initial; background-origin: initial; background-clip: initial; line-height: normal;\"><span style=\"font-size: 14pt; font-family: 'Roboto Condensed'; color: #3b3838;\">Wurzelwerke &#8211; Initiative f\u00fcr&nbsp;ganzheitliche P\u00e4dagogik e.V. *&nbsp;<\/span><span style=\"letter-spacing: 0.01em; font-size: 14pt; font-family: 'Roboto Condensed'; color: #3b3838;\">Falconstrasse 2 *&nbsp;<\/span><span style=\"letter-spacing: 0.01em; color: #3b3838; font-family: 'Roboto Condensed'; font-size: 14pt;\">64372 Ober-Ramstadt<\/span><\/p>\n<p style=\"margin-bottom: 0.0001pt; font-size: 1px; font-style: normal; font-weight: 400; color: #6e6f71; background-image: initial; background-position: initial; background-size: initial; background-repeat: initial; background-attachment: initial; background-origin: initial; background-clip: initial; line-height: normal;\"><span style=\"font-size: 0.75px; line-height: 0; position: relative; vertical-align: baseline; top: -0.5em;\"><span style=\"font-size: 14pt; font-family: 'Roboto Condensed'; color: #3b3838;\">&nbsp;<\/span><\/span><\/p>\n<p style=\"margin-bottom: 19.2pt; font-size: 1px; font-style: normal; font-weight: 400; color: #6e6f71; background-image: initial; background-position: initial; background-size: initial; background-repeat: initial; background-attachment: initial; background-origin: initial; background-clip: initial; text-align: justify; line-height: normal;\"><span style=\"font-size: 10pt; font-family: 'Roboto Condensed'; color: #767171;\">Wenn du uns Bewerbungsunterlagen&nbsp;per Email zukommen lassen m\u00f6chtest weisen wir darauf hin, dass die \u00dcbertragung&nbsp;auf unverschl\u00fcsseltem Wege erfolgt.&nbsp;Wir gehen mit&nbsp;deinen Daten gem\u00e4\u00df DSGVO vertrauensvoll um.<\/span><\/p>\n<p style=\"margin-bottom: 19.2pt; font-size: 1px; font-style: normal; font-weight: 400; color: #6e6f71; background-image: initial; background-position: initial; background-size: initial; background-repeat: initial; background-attachment: initial; background-origin: initial; background-clip: initial; line-height: normal;\"><span style=\"font-size: 10pt; font-family: 'Roboto Condensed'; color: #767171;\">Unsere vollst\u00e4ndige Datenschutzerkl\u00e4rung findest du unter:<br><u><span style=\"background-image: initial; background-position: initial; background-size: initial; background-repeat: initial; background-attachment: initial; background-origin: initial; background-clip: initial;\"><a href=\"https:\/\/www.mandelbaum.schule\/wordpress\/datenschutzerklaerung-2\/\"><span style=\"color: #767171;\">https:\/\/www.mandelbaum.schule\/wordpress\/datenschutzerklaerung-2\/<\/span><\/a><\/span><\/u><\/span><\/p>\t\t\t\t\t\t\t\t<\/div>\n\t\t\t\t<\/div>\n\t\t\t\t\t<\/div>\n\t\t<\/div>\n\t\t\t\t\t<\/div>\n\t\t<\/section>\n\t\t\t\t<\/div>\n\t\t","protected":false},"excerpt":{"rendered":"<p>Wir suchen dich als motivierte Lehrkraft f\u00fcr Grundschule (m\/w\/d) :&nbsp;in Voll- oder Teilzeit oder&nbsp;vergleichbare p\u00e4dagogische&nbsp;Fachkraft&nbsp;f\u00fcr die Mitarbeit in unserer freien christlichen Grundschule in&nbsp;Ober-Ramstadt. Hast&nbsp;Du&nbsp;Spa\u00df am Arbeiten mit lernbegierigen Kindern und bringst Herz und Liebe mit?Du bist motiviert den Aufbau einer neu gegr\u00fcndeten Grundschule zu begleiten?Dann bist&nbsp;Du&nbsp;bei uns genau richtig. &nbsp; Zu deinen Aufgaben geh\u00f6rt esmit&nbsp;deinen [&hellip;]<\/p>\n","protected":false},"author":4,"featured_media":0,"parent":0,"menu_order":0,"comment_status":"closed","ping_status":"closed","template":"elementor_header_footer","meta":{"zakra_sidebar_layout":"customizer","zakra_remove_content_margin":false,"zakra_sidebar":"customizer","zakra_transparent_header":"customizer","zakra_logo":0,"zakra_main_header_style":"default","zakra_menu_item_color":"","zakra_menu_item_hover_color":"","zakra_menu_item_active_color":"","zakra_menu_active_style":"","zakra_page_header":true,"footnotes":""},"class_list":["post-1561","page","type-page","status-publish","hentry"],"yoast_head":"<!-- This site is optimized with the Yoast SEO plugin v27.5 - https:\/\/yoast.com\/product\/yoast-seo-wordpress\/ -->\n<title>Mitarbeit - Initiative f\u00fcr ganzheitliche P\u00e4dagogik - Mandelbaum Grundschule<\/title>\n<meta name=\"robots\" content=\"index, follow, max-snippet:-1, max-image-preview:large, max-video-preview:-1\" \/>\n<link rel=\"canonical\" href=\"https:\/\/www.mandelbaum.schule\/wordpress\/stellenausschreibung\/\" \/>\n<meta property=\"og:locale\" content=\"de_DE\" \/>\n<meta property=\"og:type\" content=\"article\" \/>\n<meta property=\"og:title\" content=\"Mitarbeit - Initiative f\u00fcr ganzheitliche P\u00e4dagogik - Mandelbaum Grundschule\" \/>\n<meta property=\"og:description\" content=\"Wir suchen dich als motivierte Lehrkraft f\u00fcr Grundschule (m\/w\/d) :&nbsp;in Voll- oder Teilzeit oder&nbsp;vergleichbare p\u00e4dagogische&nbsp;Fachkraft&nbsp;f\u00fcr die Mitarbeit in unserer freien christlichen Grundschule in&nbsp;Ober-Ramstadt. Hast&nbsp;Du&nbsp;Spa\u00df am Arbeiten mit lernbegierigen Kindern und bringst Herz und Liebe mit?Du bist motiviert den Aufbau einer neu gegr\u00fcndeten Grundschule zu begleiten?Dann bist&nbsp;Du&nbsp;bei uns genau richtig. &nbsp; Zu deinen Aufgaben geh\u00f6rt esmit&nbsp;deinen [&hellip;]\" \/>\n<meta property=\"og:url\" content=\"https:\/\/www.mandelbaum.schule\/wordpress\/stellenausschreibung\/\" \/>\n<meta property=\"og:site_name\" content=\"Initiative f\u00fcr ganzheitliche P\u00e4dagogik - Mandelbaum Grundschule\" \/>\n<meta property=\"article:modified_time\" content=\"2024-12-23T13:55:11+00:00\" \/>\n<meta name=\"twitter:card\" content=\"summary_large_image\" \/>\n<meta name=\"twitter:label1\" content=\"Gesch\u00e4tzte Lesezeit\" \/>\n\t<meta name=\"twitter:data1\" content=\"2\u00a0Minuten\" \/>\n<script type=\"application\/ld+json\" class=\"yoast-schema-graph\">{\"@context\":\"https:\\\/\\\/schema.org\",\"@graph\":[{\"@type\":\"WebPage\",\"@id\":\"https:\\\/\\\/www.mandelbaum.schule\\\/wordpress\\\/stellenausschreibung\\\/\",\"url\":\"https:\\\/\\\/www.mandelbaum.schule\\\/wordpress\\\/stellenausschreibung\\\/\",\"name\":\"Mitarbeit - Initiative f\u00fcr ganzheitliche P\u00e4dagogik - Mandelbaum Grundschule\",\"isPartOf\":{\"@id\":\"https:\\\/\\\/www.mandelbaum.schule\\\/wordpress\\\/#website\"},\"datePublished\":\"2020-01-05T22:08:22+00:00\",\"dateModified\":\"2024-12-23T13:55:11+00:00\",\"breadcrumb\":{\"@id\":\"https:\\\/\\\/www.mandelbaum.schule\\\/wordpress\\\/stellenausschreibung\\\/#breadcrumb\"},\"inLanguage\":\"de\",\"potentialAction\":[{\"@type\":\"ReadAction\",\"target\":[\"https:\\\/\\\/www.mandelbaum.schule\\\/wordpress\\\/stellenausschreibung\\\/\"]}]},{\"@type\":\"BreadcrumbList\",\"@id\":\"https:\\\/\\\/www.mandelbaum.schule\\\/wordpress\\\/stellenausschreibung\\\/#breadcrumb\",\"itemListElement\":[{\"@type\":\"ListItem\",\"position\":1,\"name\":\"Startseite\",\"item\":\"https:\\\/\\\/www.mandelbaum.schule\\\/wordpress\\\/\"},{\"@type\":\"ListItem\",\"position\":2,\"name\":\"Mitarbeit\"}]},{\"@type\":\"WebSite\",\"@id\":\"https:\\\/\\\/www.mandelbaum.schule\\\/wordpress\\\/#website\",\"url\":\"https:\\\/\\\/www.mandelbaum.schule\\\/wordpress\\\/\",\"name\":\"Initiative f\u00fcr ganzheitliche P\u00e4dagogik - Mandelbaum Grundschule\",\"description\":\"Schulgr\u00fcndung Darmstadt Dieburg\",\"publisher\":{\"@id\":\"https:\\\/\\\/www.mandelbaum.schule\\\/wordpress\\\/#organization\"},\"potentialAction\":[{\"@type\":\"SearchAction\",\"target\":{\"@type\":\"EntryPoint\",\"urlTemplate\":\"https:\\\/\\\/www.mandelbaum.schule\\\/wordpress\\\/?s={search_term_string}\"},\"query-input\":{\"@type\":\"PropertyValueSpecification\",\"valueRequired\":true,\"valueName\":\"search_term_string\"}}],\"inLanguage\":\"de\"},{\"@type\":\"Organization\",\"@id\":\"https:\\\/\\\/www.mandelbaum.schule\\\/wordpress\\\/#organization\",\"name\":\"Initiative f\u00fcr ganzheitliche P\u00e4dagogik - Mandelbaum Grundschule\",\"url\":\"https:\\\/\\\/www.mandelbaum.schule\\\/wordpress\\\/\",\"logo\":{\"@type\":\"ImageObject\",\"inLanguage\":\"de\",\"@id\":\"https:\\\/\\\/www.mandelbaum.schule\\\/wordpress\\\/#\\\/schema\\\/logo\\\/image\\\/\",\"url\":\"https:\\\/\\\/www.mandelbaum.schule\\\/wordpress\\\/wp-content\\\/uploads\\\/2020\\\/05\\\/cropped-Wurzlewerke-e.V-log_web_03.png\",\"contentUrl\":\"https:\\\/\\\/www.mandelbaum.schule\\\/wordpress\\\/wp-content\\\/uploads\\\/2020\\\/05\\\/cropped-Wurzlewerke-e.V-log_web_03.png\",\"width\":924,\"height\":246,\"caption\":\"Initiative f\u00fcr ganzheitliche P\u00e4dagogik - Mandelbaum Grundschule\"},\"image\":{\"@id\":\"https:\\\/\\\/www.mandelbaum.schule\\\/wordpress\\\/#\\\/schema\\\/logo\\\/image\\\/\"},\"sameAs\":[\"https:\\\/\\\/instagram.com\\\/mandelbaum.schule\"]}]}<\/script>\n<!-- \/ Yoast SEO plugin. -->","yoast_head_json":{"title":"Mitarbeit - Initiative f\u00fcr ganzheitliche P\u00e4dagogik - Mandelbaum Grundschule","robots":{"index":"index","follow":"follow","max-snippet":"max-snippet:-1","max-image-preview":"max-image-preview:large","max-video-preview":"max-video-preview:-1"},"canonical":"https:\/\/www.mandelbaum.schule\/wordpress\/stellenausschreibung\/","og_locale":"de_DE","og_type":"article","og_title":"Mitarbeit - Initiative f\u00fcr ganzheitliche P\u00e4dagogik - Mandelbaum Grundschule","og_description":"Wir suchen dich als motivierte Lehrkraft f\u00fcr Grundschule (m\/w\/d) :&nbsp;in Voll- oder Teilzeit oder&nbsp;vergleichbare p\u00e4dagogische&nbsp;Fachkraft&nbsp;f\u00fcr die Mitarbeit in unserer freien christlichen Grundschule in&nbsp;Ober-Ramstadt. Hast&nbsp;Du&nbsp;Spa\u00df am Arbeiten mit lernbegierigen Kindern und bringst Herz und Liebe mit?Du bist motiviert den Aufbau einer neu gegr\u00fcndeten Grundschule zu begleiten?Dann bist&nbsp;Du&nbsp;bei uns genau richtig. &nbsp; Zu deinen Aufgaben geh\u00f6rt esmit&nbsp;deinen [&hellip;]","og_url":"https:\/\/www.mandelbaum.schule\/wordpress\/stellenausschreibung\/","og_site_name":"Initiative f\u00fcr ganzheitliche P\u00e4dagogik - Mandelbaum Grundschule","article_modified_time":"2024-12-23T13:55:11+00:00","twitter_card":"summary_large_image","twitter_misc":{"Gesch\u00e4tzte Lesezeit":"2\u00a0Minuten"},"schema":{"@context":"https:\/\/schema.org","@graph":[{"@type":"WebPage","@id":"https:\/\/www.mandelbaum.schule\/wordpress\/stellenausschreibung\/","url":"https:\/\/www.mandelbaum.schule\/wordpress\/stellenausschreibung\/","name":"Mitarbeit - Initiative f\u00fcr ganzheitliche P\u00e4dagogik - Mandelbaum Grundschule","isPartOf":{"@id":"https:\/\/www.mandelbaum.schule\/wordpress\/#website"},"datePublished":"2020-01-05T22:08:22+00:00","dateModified":"2024-12-23T13:55:11+00:00","breadcrumb":{"@id":"https:\/\/www.mandelbaum.schule\/wordpress\/stellenausschreibung\/#breadcrumb"},"inLanguage":"de","potentialAction":[{"@type":"ReadAction","target":["https:\/\/www.mandelbaum.schule\/wordpress\/stellenausschreibung\/"]}]},{"@type":"BreadcrumbList","@id":"https:\/\/www.mandelbaum.schule\/wordpress\/stellenausschreibung\/#breadcrumb","itemListElement":[{"@type":"ListItem","position":1,"name":"Startseite","item":"https:\/\/www.mandelbaum.schule\/wordpress\/"},{"@type":"ListItem","position":2,"name":"Mitarbeit"}]},{"@type":"WebSite","@id":"https:\/\/www.mandelbaum.schule\/wordpress\/#website","url":"https:\/\/www.mandelbaum.schule\/wordpress\/","name":"Initiative f\u00fcr ganzheitliche P\u00e4dagogik - Mandelbaum Grundschule","description":"Schulgr\u00fcndung Darmstadt Dieburg","publisher":{"@id":"https:\/\/www.mandelbaum.schule\/wordpress\/#organization"},"potentialAction":[{"@type":"SearchAction","target":{"@type":"EntryPoint","urlTemplate":"https:\/\/www.mandelbaum.schule\/wordpress\/?s={search_term_string}"},"query-input":{"@type":"PropertyValueSpecification","valueRequired":true,"valueName":"search_term_string"}}],"inLanguage":"de"},{"@type":"Organization","@id":"https:\/\/www.mandelbaum.schule\/wordpress\/#organization","name":"Initiative f\u00fcr ganzheitliche P\u00e4dagogik - Mandelbaum Grundschule","url":"https:\/\/www.mandelbaum.schule\/wordpress\/","logo":{"@type":"ImageObject","inLanguage":"de","@id":"https:\/\/www.mandelbaum.schule\/wordpress\/#\/schema\/logo\/image\/","url":"https:\/\/www.mandelbaum.schule\/wordpress\/wp-content\/uploads\/2020\/05\/cropped-Wurzlewerke-e.V-log_web_03.png","contentUrl":"https:\/\/www.mandelbaum.schule\/wordpress\/wp-content\/uploads\/2020\/05\/cropped-Wurzlewerke-e.V-log_web_03.png","width":924,"height":246,"caption":"Initiative f\u00fcr ganzheitliche P\u00e4dagogik - Mandelbaum Grundschule"},"image":{"@id":"https:\/\/www.mandelbaum.schule\/wordpress\/#\/schema\/logo\/image\/"},"sameAs":["https:\/\/instagram.com\/mandelbaum.schule"]}]}},"_links":{"self":[{"href":"https:\/\/www.mandelbaum.schule\/wordpress\/wp-json\/wp\/v2\/pages\/1561","targetHints":{"allow":["GET"]}}],"collection":[{"href":"https:\/\/www.mandelbaum.schule\/wordpress\/wp-json\/wp\/v2\/pages"}],"about":[{"href":"https:\/\/www.mandelbaum.schule\/wordpress\/wp-json\/wp\/v2\/types\/page"}],"author":[{"embeddable":true,"href":"https:\/\/www.mandelbaum.schule\/wordpress\/wp-json\/wp\/v2\/users\/4"}],"replies":[{"embeddable":true,"href":"https:\/\/www.mandelbaum.schule\/wordpress\/wp-json\/wp\/v2\/comments?post=1561"}],"version-history":[{"count":128,"href":"https:\/\/www.mandelbaum.schule\/wordpress\/wp-json\/wp\/v2\/pages\/1561\/revisions"}],"predecessor-version":[{"id":3847,"href":"https:\/\/www.mandelbaum.schule\/wordpress\/wp-json\/wp\/v2\/pages\/1561\/revisions\/3847"}],"wp:attachment":[{"href":"https:\/\/www.mandelbaum.schule\/wordpress\/wp-json\/wp\/v2\/media?parent=1561"}],"curies":[{"name":"wp","href":"https:\/\/api.w.org\/{rel}","templated":true}]}}