{"id":1201,"date":"2019-10-01T11:36:25","date_gmt":"2019-10-01T09:36:25","guid":{"rendered":"https:\/\/www.mandelbaum.schule\/wordpress\/?page_id=1201"},"modified":"2023-11-01T20:04:42","modified_gmt":"2023-11-01T19:04:42","slug":"datenschutzerklaerung-2","status":"publish","type":"page","link":"https:\/\/www.mandelbaum.schule\/wordpress\/datenschutzerklaerung-2\/","title":{"rendered":"Datenschutzerkl\u00e4rung"},"content":{"rendered":"\t\t<div data-elementor-type=\"wp-page\" data-elementor-id=\"1201\" class=\"elementor elementor-1201\">\n\t\t\t\t\t\t<section class=\"elementor-section elementor-top-section elementor-element elementor-element-237e7ecf elementor-section-boxed elementor-section-height-default elementor-section-height-default\" data-id=\"237e7ecf\" data-element_type=\"section\" data-e-type=\"section\">\n\t\t\t\t\t\t<div class=\"elementor-container elementor-column-gap-default\">\n\t\t\t\t\t<div class=\"elementor-column elementor-col-100 elementor-top-column elementor-element elementor-element-3b557f0d\" data-id=\"3b557f0d\" data-element_type=\"column\" data-e-type=\"column\">\n\t\t\t<div class=\"elementor-widget-wrap elementor-element-populated\">\n\t\t\t\t\t\t<div class=\"elementor-element elementor-element-69f4c7c elementor-widget elementor-widget-text-editor\" data-id=\"69f4c7c\" data-element_type=\"widget\" data-e-type=\"widget\" data-widget_type=\"text-editor.default\">\n\t\t\t\t<div class=\"elementor-widget-container\">\n\t\t\t\t\t\t\t\t\t<p><\/p>\n<h1 class=\"wp-block-heading\">Datenschutzerkl\u00e4rung\u00a0 (Webseite)<\/h1>\n<h2>Wer wir sind und die verantwortliche Stelle im Sinne der Datenschutzgesetze f\u00fcr diese Website ist:<\/h2>\n<p><\/p>\n<p>Die Adresse unserer Website ist: https:\/\/wurzelwerke.org.<\/p>\n<p>Vereinsname: <br \/>Wurzelwerke\u00a0 &#8211; Initiative f\u00fcr ganzheitliche P\u00e4dagogik, e.V. <br \/>Falconstrasse 2, 64372 Ober-Ramstadt<br \/><span style=\"font-style: inherit; font-weight: inherit;\">E-Mail: info@wurzelwerke.schule<br \/><\/span><span style=\"font-style: inherit; font-weight: inherit;\">Vorstand: Gerhard Bizer und Aline M\u00f6\u00dfinger<\/span><\/p>\n<p><span style=\"color: #16181a; font-family: Roboto; font-size: 2.25rem; font-style: inherit;\">Welche personenbezogenen Daten wir sammeln und warum wir sie sammeln:<\/span><\/p>\n<p><\/p>\n<h3 class=\"wp-block-heading\">Kommentare<\/h3>\n<p><\/p>\n<p>Wenn Besucher Kommentare auf der Website schreiben, sammeln wir die Daten, die im Kommentar-Formular angezeigt werden, au\u00dferdem die IP-Adresse des Besuchers und den User-Agent-String (damit wird der Browser identifiziert), um die Erkennung von Spam zu unterst\u00fctzen.<\/p>\n<p><\/p>\n<p><\/p>\n<h3 class=\"wp-block-heading\">Medien<\/h3>\n<p><\/p>\n<p>Wenn du ein registrierter Benutzer bist und Fotos auf diese Website l\u00e4dst, solltest du vermeiden, Fotos mit einem EXIF-GPS-Standort hochzuladen. Besucher dieser Website k\u00f6nnten Fotos, die auf dieser Website gespeichert sind, herunterladen und deren Standort-Informationen extrahieren.<\/p>\n<p><\/p>\n<h3 class=\"wp-block-heading\">Kontaktformulare<\/h3>\n<p>Treten Sie per E-Mail oder Kontaktformular mit uns in Kontakt, werden die von Ihnen gemachten Angaben zum Zwecke der Bearbeitung der Anfrage sowie f\u00fcr m\u00f6gliche Anschlussfragen gespeichert.<\/p>\n<h3 style=\"font-style: normal;\">Newsletter<\/h3>\n<p><span style=\"font-style: inherit; font-weight: inherit; letter-spacing: 0.01em;\">Die \u00fcber das Formular zur Newsletteranmeldung erfassten Daten werden in einem Mailchimp-Konto gespeichert und f\u00fcr Marketingzwecke (Zusendung von Newslettern) verwendet.\u00a0<\/span>Sie k\u00f6nnen sich jederzeit kostenfrei beim Newsletter an- oder abmelden. Zum Abmelden finden Sie am Ende jedes Newsletters einen entsprechenden Link. Die\u00a0<span style=\"font-style: inherit; font-weight: inherit; letter-spacing: 0.01em;\">Einwilligung kann auch jederzeit auf anderem Weg widerrufen werden, z.B. per E-Mail an info@wurzelwerke.org.<\/span><\/p>\n<p><\/p>\n<h3 class=\"wp-block-heading\">Cookies<\/h3>\n<p><\/p>\n<p>Wenn du einen Kommentar auf unserer Website schreibst, kann das eine Einwilligung sein, deinen Namen, E-Mail-Adresse und Website in Cookies zu speichern. Dies ist eine Komfortfunktion, damit du nicht, wenn du einen weiteren Kommentar schreibst, all diese Daten erneut eingeben musst. Diese Cookies werden ein Jahr lang gespeichert.<\/p>\n<p><\/p>\n<p>Falls du ein Konto hast und dich auf dieser Website anmeldest, werden wir ein tempor\u00e4res Cookie setzen, um festzustellen, ob dein Browser Cookies akzeptiert. Dieses Cookie enth\u00e4lt keine personenbezogenen Daten und wird verworfen, wenn du deinen Browser schlie\u00dft.<\/p>\n<p><\/p>\n<p>Wenn du dich anmeldest, werden wir einige Cookies einrichten, um deine Anmeldeinformationen und Anzeigeoptionen zu speichern. Anmelde-Cookies verfallen nach zwei Tagen und Cookies f\u00fcr die Anzeigeoptionen nach einem Jahr. Falls du bei der Anmeldung \u201eAngemeldet bleiben\u201c ausw\u00e4hlst, wird deine Anmeldung zwei Wochen lang aufrechterhalten. Mit der Abmeldung aus deinem Konto werden die Anmelde-Cookies gel\u00f6scht.<\/p>\n<p><\/p>\n<p>Wenn du einen Artikel bearbeitest oder ver\u00f6ffentlichst, wird ein zus\u00e4tzlicher Cookie in deinem Browser gespeichert. Dieser Cookie enth\u00e4lt keine personenbezogenen Daten und verweist nur auf die Beitrags-ID des Artikels, den du gerade bearbeitet hast. Der Cookie verf\u00e4llt nach einem Tag.<\/p>\n<p><\/p>\n<h3 class=\"wp-block-heading\">Eingebettete Inhalte von anderen Websites<\/h3>\n<p><\/p>\n<p>Beitr\u00e4ge auf dieser Website k\u00f6nnen eingebettete Inhalte beinhalten (z.B. Videos, Bilder, Beitr\u00e4ge etc.). Eingebettete Inhalte von anderen Websites verhalten sich exakt so, als ob der Besucher die andere Website besucht h\u00e4tte.<\/p>\n<p><\/p>\n<p>Diese Websites k\u00f6nnen Daten \u00fcber dich sammeln, Cookies benutzen, zus\u00e4tzliche Tracking-Dienste von Dritten einbetten und deine Interaktion mit diesem eingebetteten Inhalt aufzeichnen, inklusive deiner Interaktion mit dem eingebetteten Inhalt, falls du ein Konto hast und auf dieser Website angemeldet bist.<\/p>\n<p><\/p>\n<h2 class=\"wp-block-heading\">Analysedienste<\/h2>\n<p>Diese Webseite benutzt Matomo, eine Open-Source-Software zur statistischen Auswertung von Besucherzugriffen. Matomo verwendet \u201eCookies\u201c, Textdateien, die auf Ihrem Computer gespeichert werden und die eine Analyse der Benutzung der Website durch Sie erm\u00f6glichen. Die durch den Cookie erzeugten Informationen \u00fcber Ihre Nutzung des Internetangebotes werden auf einem Server in Deutschland gespeichert. Die IP-Adresse wird unmittelbar nach der Verarbeitung und vor deren Speicherung anonymisiert. Sie haben die M\u00f6glichkeit, die Installation der Cookies durch \u00c4nderung der Einstellung Ihrer Browser-Software zu verhindern. Wir weisen Sie darauf hin, dass bei entsprechender Einstellung eventuell nicht mehr alle Funktionen dieser Website zur Verf\u00fcgung stehen.<\/p>\n<p><\/p>\n<h2 class=\"wp-block-heading\">Mit wem wir deine Daten teilen<\/h2>\n<p>Innerhalb des Vereins erhalten diejenigen Stellen Ihre Daten die diese zur Erf\u00fcllung d<span style=\"font-style: inherit; font-weight: inherit;\">er vertraglichen und gesetzlichen Pflichten und der Erf\u00fcllung des Vereinszwecks ben\u00f6tigen. Die Weitergabe an weitere Empf\u00e4nger erfolgt entweder zur Erf\u00fcllung vertraglicher Verpflichtungen oder aufgrund gesetzlicher Verpflichtungen (z.B. Steuerberater. Wirtschaftspr\u00fcfer).<\/span><\/p>\n<p>Weitere Datenempf\u00e4nger k\u00f6nnen externe Dienstleister sein. deren wir uns zur Erf\u00fcllung unserer vertraglichen Verpflichtungen bedienen (z.B. IT- Service) oder diejenigen Stellen, f\u00fcr die Sie uns Ihre Einwilligung zur Daten\u00fcbermittlung erteilt haben.<\/p>\n<p><\/p>\n<h2 class=\"wp-block-heading\">Wie lange wir deine Daten speichern<\/h2>\n<p><\/p>\n<p>Wenn du einen Kommentar schreibst, wird dieser inklusive Metadaten zeitlich unbegrenzt gespeichert. Auf diese Art k\u00f6nnen wir Folgekommentare automatisch erkennen und freigeben, anstelle sie in einer Moderations-Warteschlange festzuhalten.<\/p>\n<p><\/p>\n<p>F\u00fcr Benutzer, die sich auf unserer Website registrieren, speichern wir zus\u00e4tzlich die pers\u00f6nlichen Informationen, die sie in ihren Benutzerprofilen angeben. Alle Benutzer k\u00f6nnen jederzeit ihre pers\u00f6nlichen Informationen einsehen, ver\u00e4ndern oder l\u00f6schen (der Benutzername kann nicht ver\u00e4ndert werden). Administratoren der Website k\u00f6nnen diese Informationen ebenfalls einsehen und ver\u00e4ndern.<\/p>\n<p><\/p>\n<h2 class=\"wp-block-heading\">Welche Rechte du an deinen Daten hast<\/h2>\n<p><\/p>\n<p>Wenn du ein Konto auf dieser Website besitzt oder Kommentare geschrieben hast, kannst du einen Export deiner personenbezogenen Daten bei uns anfordern, inklusive aller Daten, die du uns mitgeteilt hast. Dar\u00fcber hinaus kannst du die L\u00f6schung aller personenbezogenen Daten, die wir von dir gespeichert haben, anfordern. Dies umfasst nicht die Daten, die wir aufgrund administrativer, rechtlicher oder sicherheitsrelevanter Notwendigkeiten aufbewahren m\u00fcssen.<\/p>\n<p><\/p>\n<h2 class=\"wp-block-heading\">Wohin wir deine Daten senden<\/h2>\n<p><\/p>\n<p>Besucher-Kommentare k\u00f6nnten von einem automatisierten Dienst zur Spam-Erkennung untersucht werden.<\/p>\n<p>Um f\u00fcr ausreichend Datensicherheit bei der \u00dcbermittlung von Formularen Sorge zu tragen, verwenden wir in bestimmten F\u00e4llen den Service reCAPTCHA des Unternehmens Google Inc. Dies dient vor allem der Unterscheidung, ob die Eingabe durch eine nat\u00fcrliche Person erfolgt oder missbr\u00e4uchlich durch maschinelle und automatisierte Verarbeitung. Der Service inkludiert den Versand der IP-Adresse und ggf. weiterer von Google f\u00fcr den Dienst reCAPTCHA ben\u00f6tigter Daten an Google. Hierf\u00fcr gelten die abweichenden Datenschutzbestimmungen von Google Inc. Weitere Informationen zu den Datenschutzrichtlinien von Google Inc. finden Sie unter\u00a0<a href=\"https:\/\/policies.google.com\/privacy?hl=de&amp;gl=de\">Google: Datenschutzerkl\u00e4rung &amp; Nutzungsbedingungen<\/a>.<\/p>\n<h5>Google Webfonts<\/h5>\n<p>Diese Seite nutzt zur einheitlichen Darstellung von Schriftarten so genannte Web Fonts, die von Google bereitgestellt werden. Beim Aufruf einer Seite l\u00e4dt Ihr Browser die ben\u00f6tigten Web Fonts in ihren Browsercache, um Texte und Schriftarten korrekt anzuzeigen. Zu diesem Zweck muss der von Ihnen verwendete Browser Verbindung zu den Servern von Google aufnehmen. Hierdurch erlangt Google Kenntnis dar\u00fcber, dass \u00fcber Ihre IP-Adresse unsere Website aufgerufen wurde. Die Nutzung von Google Web Fonts erfolgt im Interesse einer einheitlichen und ansprechenden Darstellung unserer Online-Angebote. Dies stellt ein berechtigtes Interesse im Sinne von Art. 6 Abs. 1 lit. f DSGVO dar. Wenn Ihr Browser Web Fonts nicht unterst\u00fctzt, wird eine Standardschrift von Ihrem Computer genutzt. Weitere Informationen zu Google Web Fonts finden Sie unter\u00a0<a href=\"https:\/\/developers.google.com\/fonts\/faq\">Google Fonts: FAQ<\/a>\u00a0und in der Datenschutzerkl\u00e4rung von Google:\u00a0<a href=\"https:\/\/www.google.com\/policies\/privacy\/\">Google: Datenschutzerkl\u00e4rung &amp; Nutzungsbedingungen<\/a>.<\/p>\n<p><\/p>\n<p><\/p>\n<h3 class=\"wp-block-heading\">Welche Ma\u00dfnahmen wir bei Datenschutzverletzungen anbieten<\/h3>\n<p><\/p>\n<p>Sie haben die M\u00f6glichkeit\u00a0 sich mit einer Beschwerde zu datenschutzrechtlichen Sachverhalten an\u00a0unseren oben genannten Datenschutzbeauftragten oder an die f\u00fcr uns zust\u00e4ndige Aufsichtsbeh\u00f6rde zu wenden.\u00a0<\/p>\n<p><span style=\"font-style: inherit; font-weight: inherit;\">Der Hessische Beauftragte f\u00fcr Datenschutz und Informationsfreiheit<\/span><\/p>\n<p><span style=\"font-style: inherit; font-weight: inherit;\">\u00a0Gustav-Stresemann-Ring l, 65189 Wiesbaden\u00a0<\/span><\/p>\n<p>Wir bitten jedoch, sich im Streitfall im Vorfeld um eine gemeinsame L\u00f6sung mit uns zu bem\u00fchen.<\/p>\n<p><\/p>\n<h3 class=\"wp-block-heading\">Welche automatisierte Entscheidungsfindung und\/oder Profilerstellung wir mit Benutzerdaten durchf\u00fchren:<\/h3>\n<p><span style=\"font-family: 'Arial',sans-serif;\">Automatisierte Einzelentscheidungen finden nicht statt <\/span><\/p>\n<p><\/p>\n<p><\/p>\n<p>&#8212; **************************************************** &#8212;<\/p>\n<h1>Datenschutzerkl\u00e4rung f\u00fcr Kontaktkarten (Papierform)<\/h1>\n<h5>Informationen zum Datenschutz nach \u00a7 13 EU-DSGVO<\/h5>\n<p>f\u00fcr Sponsoren, Unterst\u00fctzer sowie Sorgeberechtigte Stand: Okt 2019<\/p>\n<p>\u00a0<\/p>\n<p>Mit diesen Hinweisen informieren wir Sie \u00fcber die Verarbeitung Ihrer personenbezogenen Daten durch<\/p>\n<p>den Verein Wurzelwerke &#8211; Initiative f\u00fcr ganzheitliche P\u00e4dagogik &#8211; (Nachstehend Verein oder Wurzelwerke e.V. genannt) und die Ihnen nach dem neuen Datenschutzrecht DSGVO zustehenden<\/p>\n<p>Mit \u00dcbersendung der Antwortkarte willigen Sie ein, dass Ihre in dem Kontaktformular angegebenen personenbezogenen Daten zum Zwecke der Zuordnung der Spende und Kommunikation bei uns\u00a0gespeichert werden. Die Daten werden nach Wegfall des vorgenannten Zwecks gel\u00f6scht.<\/p>\n<p>Eine Verarbeitung zu anderen als zu dem genannten Zweck und Weitergabe an Dritte findet nicht statt.<\/p>\n<p>Ihre Einwilligung kann jederzeit mit Wirkung f\u00fcr die Zukunft widerrufen werden. indem Sie eine entsprechende E-Mail an schulgruendung@wurzelwerke.schule oder ein Schreiben an unsere oben\u00a0genannte Vereinsadresse senden.<\/p>\n<ol>\n<li><strong> Verantwortlicher f\u00fcr die Datenverarbeitung <\/strong><\/li>\n<\/ol>\n<p>Verein Wurzelwerke\u00a0 &#8211; Initiative f\u00fcr ganzheitliche P\u00e4dagogik e.V.\u00a0<br \/><span style=\"font-style: inherit; font-weight: inherit;\">Falconstrasse 2, 64372 Ober-Ramstadt\u00a0<br \/><\/span><span style=\"font-style: inherit; font-weight: inherit;\">E-Mail: info@wurzelwerke.schule<\/span><\/p>\n<ol start=\"2\">\n<li><strong> Datenschutzbeauftragter <\/strong><\/li>\n<\/ol>\n<p>Sie erreichen unseren betrieblichen Datenschutzbeauftragten auf dem Postweg unter der oben angegebenen Adresse mit dem Zusatz &#8211; Datenschutzbeauftragter &#8211; oder per Email unter der oben angegebenen Email-Adresse mit dem Betreff &#8211; Datenschutzbeauftragter<\/p>\n<ol start=\"3\">\n<li><strong> Zweck der Datenverarbeitung und Rechtsgrundlagen <\/strong><\/li>\n<\/ol>\n<p>Die Zwecke der Datenverarbeitung richten sich nach dem Zweck des Vereins. Jegliche Verarbeitung, die sich mit diesen Zwecken begr\u00fcnden l\u00e4sst. ist dem Verein erlaubt (vgl. Ziff.4, Rechtsgrundlagen)<\/p>\n<ol start=\"4\">\n<li><strong> Rechtsgrundlagen <\/strong><\/li>\n<\/ol>\n<p>Wir verarbeiten Ihre personenbezogenen Daten unter Beachtung der Datenschutzgrundverordnung (DSGVO), des Bundesdatenschutzgesetzes (BDSG) sowie aller weiteren ma\u00dfgeblichen Gesetze.<\/p>\n<ol>\n<li>Rechtsgrundlage f\u00fcr die Verarbeitung personenbezogener Daten f\u00fcr vorvertragliche und vertragliche Zwecke ist Art. 6 Abs. 1b DSGVO<\/li>\n<li>Rechtsgrundlage f\u00fcr die Verarbeitung zur Erf\u00fcllung einer rechtlichen Verpflichtung ist Art. 6 Abs. 1c DSGVO<\/li>\n<li>Sofern die Verarbeitung personenbezogener Daten erforderlich ist. um lebenswichtige Interessen der betroffenen Person oder einer anderen nat\u00fcrlichen Person zu sch\u00fctzen. ist Rechtsgrundlage Art. 6. Abs. 1d DSGVO<\/li>\n<\/ol>\n<ol start=\"5\">\n<li><strong> Einwilligungserfordernisse <\/strong><\/li>\n<\/ol>\n<p>Eine weitergehende Datenverarbeitung erfolgt grunds\u00e4tzlich nur auf der Basis einer schriftlichen Einwilligung. Soweit Sie uns eine Einwilligung zur Verarbeitung von personenbezogenen Daten f\u00fcr bestimmte Zwecke erteilt haben. ist die Rechtm\u00e4\u00dfigkeit dieser Verarbeitung auf Basis Ihrer Einwilligung gegeben. Art. 6 Abs. 1a DSGVO.<\/p>\n<p>Die betroffene Person hat das Recht, ihre Einwilligung jederzeit zu widerrufen. Durch den Widerruf der Einwilligung wird die Rechtm\u00e4\u00dfigkeit der aufgrund der Einwilligung bis zum Widerruf erfolgten Verarbeitung nicht ber\u00fchrt (Art. 7 Abs. 3 DSGVO)<\/p>\n<p><strong>6 Kategorien von Datenempf\u00e4ngern <\/strong><\/p>\n<p>Innerhalb des Vereins erhalten diejenigen Stellen Ihre Daten die diese zur Erf\u00fcllung\u00a0der vertraglichen und gesetzlichen Pflichten und der Erf\u00fcllung des Vereinszwecks ben\u00f6tigen. Die Weitergabe an weitere Empf\u00e4nger erfolgt entweder zur Erf\u00fcllung vertraglicher Verpflichtungen oder aufgrund gesetzlicher Verpflichtungen (z.B. Steuerberater. Wirtschaftspr\u00fcfer).\u00a0 Weitere Datenempf\u00e4nger k\u00f6nnen externe Dienstleister sein. deren wir uns zur Erf\u00fcllung unserer vertraglichen Verpflichtungen bedienen (z.B. IT- Service) oder diejenigen Stellen, f\u00fcr die Sie uns Ihre Einwilligung zur Daten\u00fcbermittlung erteilt haben.<\/p>\n<ol start=\"7\">\n<li><strong> Dauer der Datenspeicherung <\/strong><\/li>\n<\/ol>\n<p>Wir speichern Ihre personenbezogenen Daten. solange sie f\u00fcr die oben genannten Zwecke erforderlich sind. Dar\u00fcber hinaus ergibt sich die Dauer der Speicherung aus den gesetzlichen Aufbewahrungsfristen<\/p>\n<ol start=\"8\">\n<li><strong> Betroffenenrechte <\/strong><\/li>\n<\/ol>\n<p>F\u00fcr die Auskunft oder die Aus\u00fcbung Ihrer Rechte auf Auskunft, Berichtigung, L\u00f6schung, Einschr\u00e4nkung der Verarbeitung. Widerspruch gegen die Verarbeitung sowie der Daten\u00fcbertragbarkelt k\u00f6nnen Sie auch jederzeit an unseren Datenschutzbeauftragten unter der in Ziff. 1 genannten Adresse wenden. Bitte richten Sie Ihr Auskunftsverlangen schriftlich oder per E-Mali an die unter Ziff. 1 genannte Adresse.<\/p>\n<ol start=\"9\">\n<li><strong> Beschwerderecht. Aufsichtsbeh\u00f6rde <\/strong><\/li>\n<\/ol>\n<p>Sie haben die M\u00f6glichkeit. sich mit einer Beschwerde zu datenschutzrechtlichen Sachverhalten an unseren oben genannten Datenschutzbeauftragten oder an die f\u00fcr uns zust\u00e4ndige Aufsichtsbeh\u00f6rde zu wenden:<\/p>\n<p>Der Hessische Beauftragte f\u00fcr Datenschutz und Informationsfreiheit<\/p>\n<p>Gustav-Stresemann-Ring l\u00a0 ,\u00a0 65189 Wiesbaden<\/p>\n<p>Wir bitten jedoch, sich im Streitfall im Vorfeld um eine gemeinsame L\u00f6sung mit uns zu bem\u00fchen<\/p>\n<ol start=\"10\">\n<li><strong> Automatisierte Einzelentscheidung <\/strong><\/li>\n<\/ol>\n<p>Automatisierte Einzelentscheidungen finden nicht statt<\/p>\n<p>\u00a0<\/p>\t\t\t\t\t\t\t\t<\/div>\n\t\t\t\t<\/div>\n\t\t\t\t\t<\/div>\n\t\t<\/div>\n\t\t\t\t\t<\/div>\n\t\t<\/section>\n\t\t\t\t<\/div>\n\t\t","protected":false},"excerpt":{"rendered":"<p>Datenschutzerkl\u00e4rung\u00a0 (Webseite) Wer wir sind und die verantwortliche Stelle im Sinne der Datenschutzgesetze f\u00fcr diese Website ist: Die Adresse unserer Website ist: https:\/\/wurzelwerke.org. Vereinsname: Wurzelwerke\u00a0 &#8211; Initiative f\u00fcr ganzheitliche P\u00e4dagogik, e.V. Falconstrasse 2, 64372 Ober-RamstadtE-Mail: info@wurzelwerke.schuleVorstand: Gerhard Bizer und Aline M\u00f6\u00dfinger Welche personenbezogenen Daten wir sammeln und warum wir sie sammeln: Kommentare Wenn Besucher Kommentare [&hellip;]<\/p>\n","protected":false},"author":4,"featured_media":0,"parent":0,"menu_order":0,"comment_status":"closed","ping_status":"closed","template":"","meta":{"zakra_sidebar_layout":"customizer","zakra_remove_content_margin":false,"zakra_sidebar":"customizer","zakra_transparent_header":"customizer","zakra_logo":0,"zakra_main_header_style":"default","zakra_menu_item_color":"","zakra_menu_item_hover_color":"","zakra_menu_item_active_color":"","zakra_menu_active_style":"","zakra_page_header":true,"footnotes":""},"class_list":["post-1201","page","type-page","status-publish","hentry"],"yoast_head":"<!-- This site is optimized with the Yoast SEO plugin v27.5 - https:\/\/yoast.com\/product\/yoast-seo-wordpress\/ -->\n<title>Datenschutzerkl\u00e4rung - Initiative f\u00fcr ganzheitliche P\u00e4dagogik - Mandelbaum Grundschule<\/title>\n<meta name=\"robots\" content=\"index, follow, max-snippet:-1, max-image-preview:large, max-video-preview:-1\" \/>\n<link rel=\"canonical\" href=\"https:\/\/www.mandelbaum.schule\/wordpress\/datenschutzerklaerung-2\/\" \/>\n<meta property=\"og:locale\" content=\"de_DE\" \/>\n<meta property=\"og:type\" content=\"article\" \/>\n<meta property=\"og:title\" content=\"Datenschutzerkl\u00e4rung - Initiative f\u00fcr ganzheitliche P\u00e4dagogik - Mandelbaum Grundschule\" \/>\n<meta property=\"og:description\" content=\"Datenschutzerkl\u00e4rung\u00a0 (Webseite) Wer wir sind und die verantwortliche Stelle im Sinne der Datenschutzgesetze f\u00fcr diese Website ist: Die Adresse unserer Website ist: https:\/\/wurzelwerke.org. Vereinsname: Wurzelwerke\u00a0 &#8211; Initiative f\u00fcr ganzheitliche P\u00e4dagogik, e.V. Falconstrasse 2, 64372 Ober-RamstadtE-Mail: info@wurzelwerke.schuleVorstand: Gerhard Bizer und Aline M\u00f6\u00dfinger Welche personenbezogenen Daten wir sammeln und warum wir sie sammeln: Kommentare Wenn Besucher Kommentare [&hellip;]\" \/>\n<meta property=\"og:url\" content=\"https:\/\/www.mandelbaum.schule\/wordpress\/datenschutzerklaerung-2\/\" \/>\n<meta property=\"og:site_name\" content=\"Initiative f\u00fcr ganzheitliche P\u00e4dagogik - Mandelbaum Grundschule\" \/>\n<meta property=\"article:modified_time\" content=\"2023-11-01T19:04:42+00:00\" \/>\n<meta name=\"twitter:card\" content=\"summary_large_image\" \/>\n<meta name=\"twitter:label1\" content=\"Gesch\u00e4tzte Lesezeit\" \/>\n\t<meta name=\"twitter:data1\" content=\"10\u00a0Minuten\" \/>\n<script type=\"application\/ld+json\" class=\"yoast-schema-graph\">{\"@context\":\"https:\\\/\\\/schema.org\",\"@graph\":[{\"@type\":\"WebPage\",\"@id\":\"https:\\\/\\\/www.mandelbaum.schule\\\/wordpress\\\/datenschutzerklaerung-2\\\/\",\"url\":\"https:\\\/\\\/www.mandelbaum.schule\\\/wordpress\\\/datenschutzerklaerung-2\\\/\",\"name\":\"Datenschutzerkl\u00e4rung - Initiative f\u00fcr ganzheitliche P\u00e4dagogik - Mandelbaum Grundschule\",\"isPartOf\":{\"@id\":\"https:\\\/\\\/www.mandelbaum.schule\\\/wordpress\\\/#website\"},\"datePublished\":\"2019-10-01T09:36:25+00:00\",\"dateModified\":\"2023-11-01T19:04:42+00:00\",\"breadcrumb\":{\"@id\":\"https:\\\/\\\/www.mandelbaum.schule\\\/wordpress\\\/datenschutzerklaerung-2\\\/#breadcrumb\"},\"inLanguage\":\"de\",\"potentialAction\":[{\"@type\":\"ReadAction\",\"target\":[\"https:\\\/\\\/www.mandelbaum.schule\\\/wordpress\\\/datenschutzerklaerung-2\\\/\"]}]},{\"@type\":\"BreadcrumbList\",\"@id\":\"https:\\\/\\\/www.mandelbaum.schule\\\/wordpress\\\/datenschutzerklaerung-2\\\/#breadcrumb\",\"itemListElement\":[{\"@type\":\"ListItem\",\"position\":1,\"name\":\"Startseite\",\"item\":\"https:\\\/\\\/www.mandelbaum.schule\\\/wordpress\\\/\"},{\"@type\":\"ListItem\",\"position\":2,\"name\":\"Datenschutzerkl\u00e4rung\"}]},{\"@type\":\"WebSite\",\"@id\":\"https:\\\/\\\/www.mandelbaum.schule\\\/wordpress\\\/#website\",\"url\":\"https:\\\/\\\/www.mandelbaum.schule\\\/wordpress\\\/\",\"name\":\"Initiative f\u00fcr ganzheitliche P\u00e4dagogik - Mandelbaum Grundschule\",\"description\":\"Schulgr\u00fcndung Darmstadt Dieburg\",\"publisher\":{\"@id\":\"https:\\\/\\\/www.mandelbaum.schule\\\/wordpress\\\/#organization\"},\"potentialAction\":[{\"@type\":\"SearchAction\",\"target\":{\"@type\":\"EntryPoint\",\"urlTemplate\":\"https:\\\/\\\/www.mandelbaum.schule\\\/wordpress\\\/?s={search_term_string}\"},\"query-input\":{\"@type\":\"PropertyValueSpecification\",\"valueRequired\":true,\"valueName\":\"search_term_string\"}}],\"inLanguage\":\"de\"},{\"@type\":\"Organization\",\"@id\":\"https:\\\/\\\/www.mandelbaum.schule\\\/wordpress\\\/#organization\",\"name\":\"Initiative f\u00fcr ganzheitliche P\u00e4dagogik - Mandelbaum Grundschule\",\"url\":\"https:\\\/\\\/www.mandelbaum.schule\\\/wordpress\\\/\",\"logo\":{\"@type\":\"ImageObject\",\"inLanguage\":\"de\",\"@id\":\"https:\\\/\\\/www.mandelbaum.schule\\\/wordpress\\\/#\\\/schema\\\/logo\\\/image\\\/\",\"url\":\"https:\\\/\\\/www.mandelbaum.schule\\\/wordpress\\\/wp-content\\\/uploads\\\/2020\\\/05\\\/cropped-Wurzlewerke-e.V-log_web_03.png\",\"contentUrl\":\"https:\\\/\\\/www.mandelbaum.schule\\\/wordpress\\\/wp-content\\\/uploads\\\/2020\\\/05\\\/cropped-Wurzlewerke-e.V-log_web_03.png\",\"width\":924,\"height\":246,\"caption\":\"Initiative f\u00fcr ganzheitliche P\u00e4dagogik - Mandelbaum Grundschule\"},\"image\":{\"@id\":\"https:\\\/\\\/www.mandelbaum.schule\\\/wordpress\\\/#\\\/schema\\\/logo\\\/image\\\/\"},\"sameAs\":[\"https:\\\/\\\/instagram.com\\\/mandelbaum.schule\"]}]}<\/script>\n<!-- \/ Yoast SEO plugin. -->","yoast_head_json":{"title":"Datenschutzerkl\u00e4rung - Initiative f\u00fcr ganzheitliche P\u00e4dagogik - Mandelbaum Grundschule","robots":{"index":"index","follow":"follow","max-snippet":"max-snippet:-1","max-image-preview":"max-image-preview:large","max-video-preview":"max-video-preview:-1"},"canonical":"https:\/\/www.mandelbaum.schule\/wordpress\/datenschutzerklaerung-2\/","og_locale":"de_DE","og_type":"article","og_title":"Datenschutzerkl\u00e4rung - Initiative f\u00fcr ganzheitliche P\u00e4dagogik - Mandelbaum Grundschule","og_description":"Datenschutzerkl\u00e4rung\u00a0 (Webseite) Wer wir sind und die verantwortliche Stelle im Sinne der Datenschutzgesetze f\u00fcr diese Website ist: Die Adresse unserer Website ist: https:\/\/wurzelwerke.org. Vereinsname: Wurzelwerke\u00a0 &#8211; Initiative f\u00fcr ganzheitliche P\u00e4dagogik, e.V. Falconstrasse 2, 64372 Ober-RamstadtE-Mail: info@wurzelwerke.schuleVorstand: Gerhard Bizer und Aline M\u00f6\u00dfinger Welche personenbezogenen Daten wir sammeln und warum wir sie sammeln: Kommentare Wenn Besucher Kommentare [&hellip;]","og_url":"https:\/\/www.mandelbaum.schule\/wordpress\/datenschutzerklaerung-2\/","og_site_name":"Initiative f\u00fcr ganzheitliche P\u00e4dagogik - Mandelbaum Grundschule","article_modified_time":"2023-11-01T19:04:42+00:00","twitter_card":"summary_large_image","twitter_misc":{"Gesch\u00e4tzte Lesezeit":"10\u00a0Minuten"},"schema":{"@context":"https:\/\/schema.org","@graph":[{"@type":"WebPage","@id":"https:\/\/www.mandelbaum.schule\/wordpress\/datenschutzerklaerung-2\/","url":"https:\/\/www.mandelbaum.schule\/wordpress\/datenschutzerklaerung-2\/","name":"Datenschutzerkl\u00e4rung - Initiative f\u00fcr ganzheitliche P\u00e4dagogik - Mandelbaum Grundschule","isPartOf":{"@id":"https:\/\/www.mandelbaum.schule\/wordpress\/#website"},"datePublished":"2019-10-01T09:36:25+00:00","dateModified":"2023-11-01T19:04:42+00:00","breadcrumb":{"@id":"https:\/\/www.mandelbaum.schule\/wordpress\/datenschutzerklaerung-2\/#breadcrumb"},"inLanguage":"de","potentialAction":[{"@type":"ReadAction","target":["https:\/\/www.mandelbaum.schule\/wordpress\/datenschutzerklaerung-2\/"]}]},{"@type":"BreadcrumbList","@id":"https:\/\/www.mandelbaum.schule\/wordpress\/datenschutzerklaerung-2\/#breadcrumb","itemListElement":[{"@type":"ListItem","position":1,"name":"Startseite","item":"https:\/\/www.mandelbaum.schule\/wordpress\/"},{"@type":"ListItem","position":2,"name":"Datenschutzerkl\u00e4rung"}]},{"@type":"WebSite","@id":"https:\/\/www.mandelbaum.schule\/wordpress\/#website","url":"https:\/\/www.mandelbaum.schule\/wordpress\/","name":"Initiative f\u00fcr ganzheitliche P\u00e4dagogik - Mandelbaum Grundschule","description":"Schulgr\u00fcndung Darmstadt Dieburg","publisher":{"@id":"https:\/\/www.mandelbaum.schule\/wordpress\/#organization"},"potentialAction":[{"@type":"SearchAction","target":{"@type":"EntryPoint","urlTemplate":"https:\/\/www.mandelbaum.schule\/wordpress\/?s={search_term_string}"},"query-input":{"@type":"PropertyValueSpecification","valueRequired":true,"valueName":"search_term_string"}}],"inLanguage":"de"},{"@type":"Organization","@id":"https:\/\/www.mandelbaum.schule\/wordpress\/#organization","name":"Initiative f\u00fcr ganzheitliche P\u00e4dagogik - Mandelbaum Grundschule","url":"https:\/\/www.mandelbaum.schule\/wordpress\/","logo":{"@type":"ImageObject","inLanguage":"de","@id":"https:\/\/www.mandelbaum.schule\/wordpress\/#\/schema\/logo\/image\/","url":"https:\/\/www.mandelbaum.schule\/wordpress\/wp-content\/uploads\/2020\/05\/cropped-Wurzlewerke-e.V-log_web_03.png","contentUrl":"https:\/\/www.mandelbaum.schule\/wordpress\/wp-content\/uploads\/2020\/05\/cropped-Wurzlewerke-e.V-log_web_03.png","width":924,"height":246,"caption":"Initiative f\u00fcr ganzheitliche P\u00e4dagogik - Mandelbaum Grundschule"},"image":{"@id":"https:\/\/www.mandelbaum.schule\/wordpress\/#\/schema\/logo\/image\/"},"sameAs":["https:\/\/instagram.com\/mandelbaum.schule"]}]}},"_links":{"self":[{"href":"https:\/\/www.mandelbaum.schule\/wordpress\/wp-json\/wp\/v2\/pages\/1201","targetHints":{"allow":["GET"]}}],"collection":[{"href":"https:\/\/www.mandelbaum.schule\/wordpress\/wp-json\/wp\/v2\/pages"}],"about":[{"href":"https:\/\/www.mandelbaum.schule\/wordpress\/wp-json\/wp\/v2\/types\/page"}],"author":[{"embeddable":true,"href":"https:\/\/www.mandelbaum.schule\/wordpress\/wp-json\/wp\/v2\/users\/4"}],"replies":[{"embeddable":true,"href":"https:\/\/www.mandelbaum.schule\/wordpress\/wp-json\/wp\/v2\/comments?post=1201"}],"version-history":[{"count":36,"href":"https:\/\/www.mandelbaum.schule\/wordpress\/wp-json\/wp\/v2\/pages\/1201\/revisions"}],"predecessor-version":[{"id":3519,"href":"https:\/\/www.mandelbaum.schule\/wordpress\/wp-json\/wp\/v2\/pages\/1201\/revisions\/3519"}],"wp:attachment":[{"href":"https:\/\/www.mandelbaum.schule\/wordpress\/wp-json\/wp\/v2\/media?parent=1201"}],"curies":[{"name":"wp","href":"https:\/\/api.w.org\/{rel}","templated":true}]}}