{"id":1190,"date":"2019-02-02T15:11:19","date_gmt":"2019-02-02T15:11:19","guid":{"rendered":"http:\/\/concerned-coyote.w5.wpsandbox.pro\/?page_id=24"},"modified":"2026-01-07T11:32:52","modified_gmt":"2026-01-07T10:32:52","slug":"home","status":"publish","type":"page","link":"https:\/\/www.mandelbaum.schule\/wordpress\/","title":{"rendered":"Home"},"content":{"rendered":"\t\t<div data-elementor-type=\"wp-post\" data-elementor-id=\"1190\" class=\"elementor elementor-1190\">\n\t\t\t\t\t\t<section class=\"elementor-section elementor-top-section elementor-element elementor-element-5fd90f6 elementor-section-content-middle elementor-section-height-full elementor-section-boxed elementor-section-height-default elementor-section-items-middle\" data-id=\"5fd90f6\" data-element_type=\"section\" data-e-type=\"section\" data-settings=\"{&quot;background_background&quot;:&quot;classic&quot;}\">\n\t\t\t\t\t\t\t<div class=\"elementor-background-overlay\"><\/div>\n\t\t\t\t\t\t\t<div class=\"elementor-container elementor-column-gap-default\">\n\t\t\t\t\t<div class=\"elementor-column elementor-col-100 elementor-top-column elementor-element elementor-element-ed310fd\" data-id=\"ed310fd\" data-element_type=\"column\" data-e-type=\"column\">\n\t\t\t<div class=\"elementor-widget-wrap elementor-element-populated\">\n\t\t\t\t\t\t<div class=\"elementor-element elementor-element-485d4a7 elementor-widget elementor-widget-heading\" data-id=\"485d4a7\" data-element_type=\"widget\" data-e-type=\"widget\" data-widget_type=\"heading.default\">\n\t\t\t\t<div class=\"elementor-widget-container\">\n\t\t\t\t\t<h1 class=\"elementor-heading-title elementor-size-xxl\">VISION EINER SCHULE<br><br><br><br><\/h1>\t\t\t\t<\/div>\n\t\t\t\t<\/div>\n\t\t\t\t<div class=\"elementor-element elementor-element-f377e02 elementor-widget elementor-widget-heading\" data-id=\"f377e02\" data-element_type=\"widget\" data-e-type=\"widget\" data-widget_type=\"heading.default\">\n\t\t\t\t<div class=\"elementor-widget-container\">\n\t\t\t\t\t<h2 class=\"elementor-heading-title elementor-size-default\"><br><br><br><br><br>Gemeinsam neue Wege gehen<\/h2>\t\t\t\t<\/div>\n\t\t\t\t<\/div>\n\t\t\t\t<div class=\"elementor-element elementor-element-9ac5092 elementor-widget elementor-widget-spacer\" data-id=\"9ac5092\" data-element_type=\"widget\" data-e-type=\"widget\" data-widget_type=\"spacer.default\">\n\t\t\t\t<div class=\"elementor-widget-container\">\n\t\t\t\t\t\t\t<div class=\"elementor-spacer\">\n\t\t\t<div class=\"elementor-spacer-inner\"><\/div>\n\t\t<\/div>\n\t\t\t\t\t\t<\/div>\n\t\t\t\t<\/div>\n\t\t\t\t\t<\/div>\n\t\t<\/div>\n\t\t\t\t\t<\/div>\n\t\t<\/section>\n\t\t\t\t<section class=\"elementor-section elementor-top-section elementor-element elementor-element-185212a elementor-section-boxed elementor-section-height-default elementor-section-height-default\" data-id=\"185212a\" data-element_type=\"section\" data-e-type=\"section\">\n\t\t\t\t\t\t<div class=\"elementor-container elementor-column-gap-default\">\n\t\t\t\t\t<div class=\"elementor-column elementor-col-100 elementor-top-column elementor-element elementor-element-f88c589\" data-id=\"f88c589\" data-element_type=\"column\" data-e-type=\"column\">\n\t\t\t<div class=\"elementor-widget-wrap elementor-element-populated\">\n\t\t\t\t\t\t<div class=\"elementor-element elementor-element-f6d3eb2 elementor-widget elementor-widget-image\" data-id=\"f6d3eb2\" data-element_type=\"widget\" data-e-type=\"widget\" data-widget_type=\"image.default\">\n\t\t\t\t<div class=\"elementor-widget-container\">\n\t\t\t\t\t\t\t\t\t\t\t\t\t\t\t<img fetchpriority=\"high\" decoding=\"async\" width=\"269\" height=\"300\" src=\"https:\/\/www.mandelbaum.schule\/wordpress\/wp-content\/uploads\/2025\/02\/Logo_Mandelbaumschule_CMYK_2025-269x300.png\" class=\"attachment-medium size-medium wp-image-3900\" alt=\"\" srcset=\"https:\/\/www.mandelbaum.schule\/wordpress\/wp-content\/uploads\/2025\/02\/Logo_Mandelbaumschule_CMYK_2025-269x300.png 269w, https:\/\/www.mandelbaum.schule\/wordpress\/wp-content\/uploads\/2025\/02\/Logo_Mandelbaumschule_CMYK_2025.png 768w\" sizes=\"(max-width: 269px) 100vw, 269px\" \/>\t\t\t\t\t\t\t\t\t\t\t\t\t\t\t<\/div>\n\t\t\t\t<\/div>\n\t\t\t\t<div class=\"elementor-element elementor-element-cc9aee5 elementor-widget-divider--view-line elementor-widget elementor-widget-divider\" data-id=\"cc9aee5\" data-element_type=\"widget\" data-e-type=\"widget\" data-widget_type=\"divider.default\">\n\t\t\t\t<div class=\"elementor-widget-container\">\n\t\t\t\t\t\t\t<div class=\"elementor-divider\">\n\t\t\t<span class=\"elementor-divider-separator\">\n\t\t\t\t\t\t<\/span>\n\t\t<\/div>\n\t\t\t\t\t\t<\/div>\n\t\t\t\t<\/div>\n\t\t\t\t<div class=\"elementor-element elementor-element-c171ef4 elementor-widget elementor-widget-heading\" data-id=\"c171ef4\" data-element_type=\"widget\" data-e-type=\"widget\" data-widget_type=\"heading.default\">\n\t\t\t\t<div class=\"elementor-widget-container\">\n\t\t\t\t\t<h2 class=\"elementor-heading-title elementor-size-small\"><b>WIR MACHEN SCHULE <\/b> <\/h2>\t\t\t\t<\/div>\n\t\t\t\t<\/div>\n\t\t\t\t<div class=\"elementor-element elementor-element-648390f elementor-widget elementor-widget-text-editor\" data-id=\"648390f\" data-element_type=\"widget\" data-e-type=\"widget\" data-widget_type=\"text-editor.default\">\n\t\t\t\t<div class=\"elementor-widget-container\">\n\t\t\t\t\t\t\t\t\t<p><span style=\"font-family: 'Roboto Condensed', sans-serif;\">Aus der Vision einen kindgerechten Lernort zu schaffen&nbsp;<\/span><span style=\"font-family: 'Roboto Condensed', sans-serif; font-weight: var( --e-global-typography-text-font-weight ); letter-spacing: 0px;\">ist Realit\u00e4t geworden.&nbsp;<br><\/span><span style=\"font-style: inherit; font-weight: var( --e-global-typography-text-font-weight ); letter-spacing: 0px; font-family: 'Roboto Condensed', sans-serif;\">Ein Lernort,&nbsp;<\/span><span style=\"font-style: inherit; font-weight: inherit; letter-spacing: 0px; font-family: 'Roboto Condensed', sans-serif;\">der&nbsp;<\/span><span style=\"font-family: 'Roboto Condensed', sans-serif; font-weight: var( --e-global-typography-text-font-weight ); letter-spacing: 0px;\">die individuelle Entwicklung jedes einzelnen Kindes ber\u00fccksichtigt, sowie&nbsp;<\/span><span style=\"font-family: 'Roboto Condensed', sans-serif; font-style: inherit; font-weight: var( --e-global-typography-text-font-weight ); letter-spacing: 0px;\">naturverbundenes und beziehungsorientiertes Lernen erm\u00f6glicht.&nbsp;<\/span><\/p>\n<p><span style=\"font-family: 'Roboto Condensed', sans-serif; font-style: inherit; font-weight: inherit; letter-spacing: 0px;\">Eine Grundschule (inklusive 5\/6) als Elterninitiative in freier Tr\u00e4gerschaft&nbsp;<\/span><span style=\"font-family: 'Roboto Condensed', sans-serif; font-weight: var( --e-global-typography-text-font-weight ); letter-spacing: 0px;\">auf Grundlage biblischer Werte&nbsp;<\/span><span style=\"font-family: 'Roboto Condensed', sans-serif; font-style: inherit; font-weight: inherit; letter-spacing: 0px;\">in Ober-Ramstadt im Landkreis Darmstadt-Dieburg.<\/span><\/p>\n<p><\/p>\t\t\t\t\t\t\t\t<\/div>\n\t\t\t\t<\/div>\n\t\t\t\t<section class=\"elementor-section elementor-inner-section elementor-element elementor-element-c0fe842 elementor-section-boxed elementor-section-height-default elementor-section-height-default\" data-id=\"c0fe842\" data-element_type=\"section\" data-e-type=\"section\">\n\t\t\t\t\t\t<div class=\"elementor-container elementor-column-gap-default\">\n\t\t\t\t\t<div class=\"elementor-column elementor-col-25 elementor-inner-column elementor-element elementor-element-e3b0e35\" data-id=\"e3b0e35\" data-element_type=\"column\" data-e-type=\"column\" data-settings=\"{&quot;background_background&quot;:&quot;classic&quot;}\">\n\t\t\t<div class=\"elementor-widget-wrap elementor-element-populated\">\n\t\t\t\t\t\t<div class=\"elementor-element elementor-element-3368f83 elementor-view-default elementor-position-block-start elementor-mobile-position-block-start elementor-invisible elementor-widget elementor-widget-icon-box\" data-id=\"3368f83\" data-element_type=\"widget\" data-e-type=\"widget\" data-settings=\"{&quot;_animation&quot;:&quot;bounceIn&quot;}\" data-widget_type=\"icon-box.default\">\n\t\t\t\t<div class=\"elementor-widget-container\">\n\t\t\t\t\t\t\t<div class=\"elementor-icon-box-wrapper\">\n\n\t\t\t\t\t\t<div class=\"elementor-icon-box-icon\">\n\t\t\t\t<a href=\"https:\/\/www.mandelbaum.schule\/wordpress\/gottvertrauen\/\" class=\"elementor-icon elementor-animation-pulse-grow\" tabindex=\"-1\" aria-label=\"Gottvertrauen\">\n\t\t\t\t<i aria-hidden=\"true\" class=\"fas fa-crown\"><\/i>\t\t\t\t<\/a>\n\t\t\t<\/div>\n\t\t\t\n\t\t\t\t\t\t<div class=\"elementor-icon-box-content\">\n\n\t\t\t\t\t\t\t\t\t<h3 class=\"elementor-icon-box-title\">\n\t\t\t\t\t\t<a href=\"https:\/\/www.mandelbaum.schule\/wordpress\/gottvertrauen\/\" >\n\t\t\t\t\t\t\tGottvertrauen\t\t\t\t\t\t<\/a>\n\t\t\t\t\t<\/h3>\n\t\t\t\t\n\t\t\t\t\n\t\t\t<\/div>\n\t\t\t\n\t\t<\/div>\n\t\t\t\t\t\t<\/div>\n\t\t\t\t<\/div>\n\t\t\t\t\t<\/div>\n\t\t<\/div>\n\t\t\t\t<div class=\"elementor-column elementor-col-25 elementor-inner-column elementor-element elementor-element-448b574\" data-id=\"448b574\" data-element_type=\"column\" data-e-type=\"column\" data-settings=\"{&quot;background_background&quot;:&quot;classic&quot;}\">\n\t\t\t<div class=\"elementor-widget-wrap elementor-element-populated\">\n\t\t\t\t\t\t<div class=\"elementor-element elementor-element-fc96af4 elementor-view-default elementor-position-block-start elementor-mobile-position-block-start elementor-invisible elementor-widget elementor-widget-icon-box\" data-id=\"fc96af4\" data-element_type=\"widget\" data-e-type=\"widget\" data-settings=\"{&quot;_animation&quot;:&quot;bounceIn&quot;}\" data-widget_type=\"icon-box.default\">\n\t\t\t\t<div class=\"elementor-widget-container\">\n\t\t\t\t\t\t\t<div class=\"elementor-icon-box-wrapper\">\n\n\t\t\t\t\t\t<div class=\"elementor-icon-box-icon\">\n\t\t\t\t<a href=\"https:\/\/www.mandelbaum.schule\/wordpress\/naturverbundenheit\/\" class=\"elementor-icon elementor-animation-pulse-grow\" tabindex=\"-1\" aria-label=\"Naturverbunden\">\n\t\t\t\t<i aria-hidden=\"true\" class=\"fab fa-canadian-maple-leaf\"><\/i>\t\t\t\t<\/a>\n\t\t\t<\/div>\n\t\t\t\n\t\t\t\t\t\t<div class=\"elementor-icon-box-content\">\n\n\t\t\t\t\t\t\t\t\t<h3 class=\"elementor-icon-box-title\">\n\t\t\t\t\t\t<a href=\"https:\/\/www.mandelbaum.schule\/wordpress\/naturverbundenheit\/\" >\n\t\t\t\t\t\t\tNaturverbunden\t\t\t\t\t\t<\/a>\n\t\t\t\t\t<\/h3>\n\t\t\t\t\n\t\t\t\t\n\t\t\t<\/div>\n\t\t\t\n\t\t<\/div>\n\t\t\t\t\t\t<\/div>\n\t\t\t\t<\/div>\n\t\t\t\t\t<\/div>\n\t\t<\/div>\n\t\t\t\t<div class=\"elementor-column elementor-col-25 elementor-inner-column elementor-element elementor-element-be8b953\" data-id=\"be8b953\" data-element_type=\"column\" data-e-type=\"column\" data-settings=\"{&quot;background_background&quot;:&quot;classic&quot;}\">\n\t\t\t<div class=\"elementor-widget-wrap elementor-element-populated\">\n\t\t\t\t\t\t<div class=\"elementor-element elementor-element-b11309c elementor-view-default elementor-position-block-start elementor-mobile-position-block-start elementor-invisible elementor-widget elementor-widget-icon-box\" data-id=\"b11309c\" data-element_type=\"widget\" data-e-type=\"widget\" data-settings=\"{&quot;_animation&quot;:&quot;bounceIn&quot;}\" data-widget_type=\"icon-box.default\">\n\t\t\t\t<div class=\"elementor-widget-container\">\n\t\t\t\t\t\t\t<div class=\"elementor-icon-box-wrapper\">\n\n\t\t\t\t\t\t<div class=\"elementor-icon-box-icon\">\n\t\t\t\t<a href=\"https:\/\/www.mandelbaum.schule\/wordpress\/beziehungsorientierung\/\" class=\"elementor-icon elementor-animation-pulse-grow\" tabindex=\"-1\" aria-label=\"Beziehungsorientiert\">\n\t\t\t\t<i aria-hidden=\"true\" class=\"fas fa-hand-holding-heart\"><\/i>\t\t\t\t<\/a>\n\t\t\t<\/div>\n\t\t\t\n\t\t\t\t\t\t<div class=\"elementor-icon-box-content\">\n\n\t\t\t\t\t\t\t\t\t<h3 class=\"elementor-icon-box-title\">\n\t\t\t\t\t\t<a href=\"https:\/\/www.mandelbaum.schule\/wordpress\/beziehungsorientierung\/\" >\n\t\t\t\t\t\t\tBeziehungsorientiert\t\t\t\t\t\t<\/a>\n\t\t\t\t\t<\/h3>\n\t\t\t\t\n\t\t\t\t\n\t\t\t<\/div>\n\t\t\t\n\t\t<\/div>\n\t\t\t\t\t\t<\/div>\n\t\t\t\t<\/div>\n\t\t\t\t\t<\/div>\n\t\t<\/div>\n\t\t\t\t<div class=\"elementor-column elementor-col-25 elementor-inner-column elementor-element elementor-element-ba968e1\" data-id=\"ba968e1\" data-element_type=\"column\" data-e-type=\"column\" data-settings=\"{&quot;background_background&quot;:&quot;classic&quot;}\">\n\t\t\t<div class=\"elementor-widget-wrap elementor-element-populated\">\n\t\t\t\t\t\t<div class=\"elementor-element elementor-element-9fa29b1 elementor-view-default elementor-position-block-start elementor-mobile-position-block-start elementor-invisible elementor-widget elementor-widget-icon-box\" data-id=\"9fa29b1\" data-element_type=\"widget\" data-e-type=\"widget\" data-settings=\"{&quot;_animation&quot;:&quot;bounceIn&quot;}\" data-widget_type=\"icon-box.default\">\n\t\t\t\t<div class=\"elementor-widget-container\">\n\t\t\t\t\t\t\t<div class=\"elementor-icon-box-wrapper\">\n\n\t\t\t\t\t\t<div class=\"elementor-icon-box-icon\">\n\t\t\t\t<a href=\"https:\/\/www.mandelbaum.schule\/wordpress\/lernkultur\/\" class=\"elementor-icon elementor-animation-pulse-grow\" tabindex=\"-1\" aria-label=\"Moderne Lernformen\">\n\t\t\t\t<i aria-hidden=\"true\" class=\"far fa-lightbulb\"><\/i>\t\t\t\t<\/a>\n\t\t\t<\/div>\n\t\t\t\n\t\t\t\t\t\t<div class=\"elementor-icon-box-content\">\n\n\t\t\t\t\t\t\t\t\t<h3 class=\"elementor-icon-box-title\">\n\t\t\t\t\t\t<a href=\"https:\/\/www.mandelbaum.schule\/wordpress\/lernkultur\/\" >\n\t\t\t\t\t\t\tModerne Lernformen\t\t\t\t\t\t<\/a>\n\t\t\t\t\t<\/h3>\n\t\t\t\t\n\t\t\t\t\n\t\t\t<\/div>\n\t\t\t\n\t\t<\/div>\n\t\t\t\t\t\t<\/div>\n\t\t\t\t<\/div>\n\t\t\t\t\t<\/div>\n\t\t<\/div>\n\t\t\t\t\t<\/div>\n\t\t<\/section>\n\t\t\t\t<div class=\"elementor-element elementor-element-fd5d25d elementor-widget elementor-widget-spacer\" data-id=\"fd5d25d\" data-element_type=\"widget\" data-e-type=\"widget\" data-widget_type=\"spacer.default\">\n\t\t\t\t<div class=\"elementor-widget-container\">\n\t\t\t\t\t\t\t<div class=\"elementor-spacer\">\n\t\t\t<div class=\"elementor-spacer-inner\"><\/div>\n\t\t<\/div>\n\t\t\t\t\t\t<\/div>\n\t\t\t\t<\/div>\n\t\t\t\t<div class=\"elementor-element elementor-element-111ed93 elementor-icon-list--layout-inline elementor-align-center elementor-list-item-link-full_width elementor-widget elementor-widget-icon-list\" data-id=\"111ed93\" data-element_type=\"widget\" data-e-type=\"widget\" data-widget_type=\"icon-list.default\">\n\t\t\t\t<div class=\"elementor-widget-container\">\n\t\t\t\t\t\t\t<ul class=\"elementor-icon-list-items elementor-inline-items\">\n\t\t\t\t\t\t\t<li class=\"elementor-icon-list-item elementor-inline-item\">\n\t\t\t\t\t\t\t\t\t\t\t<span class=\"elementor-icon-list-icon\">\n\t\t\t\t\t\t\t<i aria-hidden=\"true\" class=\"fas fa-crown\"><\/i>\t\t\t\t\t\t<\/span>\n\t\t\t\t\t\t\t\t\t\t<span class=\"elementor-icon-list-text\">Ganzheitliches Lernen auf Basis des christlichen Glaubens<\/span>\n\t\t\t\t\t\t\t\t\t<\/li>\n\t\t\t\t\t\t\t\t<li class=\"elementor-icon-list-item elementor-inline-item\">\n\t\t\t\t\t\t\t\t\t\t\t<span class=\"elementor-icon-list-icon\">\n\t\t\t\t\t\t\t<i aria-hidden=\"true\" class=\"fab fa-canadian-maple-leaf\"><\/i>\t\t\t\t\t\t<\/span>\n\t\t\t\t\t\t\t\t\t\t<span class=\"elementor-icon-list-text\">Forschendes Lernen in Unterrichtseinheiten drinnen und drau\u00dfen<\/span>\n\t\t\t\t\t\t\t\t\t<\/li>\n\t\t\t\t\t\t\t\t<li class=\"elementor-icon-list-item elementor-inline-item\">\n\t\t\t\t\t\t\t\t\t\t\t<span class=\"elementor-icon-list-icon\">\n\t\t\t\t\t\t\t<i aria-hidden=\"true\" class=\"fas fa-hand-holding-heart\"><\/i>\t\t\t\t\t\t<\/span>\n\t\t\t\t\t\t\t\t\t\t<span class=\"elementor-icon-list-text\">Beziehungsorientiertes Lernen in kleinen Klassen mit multiprofessionellen Lehrteams<\/span>\n\t\t\t\t\t\t\t\t\t<\/li>\n\t\t\t\t\t\t\t\t<li class=\"elementor-icon-list-item elementor-inline-item\">\n\t\t\t\t\t\t\t\t\t\t\t<span class=\"elementor-icon-list-icon\">\n\t\t\t\t\t\t\t<i aria-hidden=\"true\" class=\"far fa-lightbulb\"><\/i>\t\t\t\t\t\t<\/span>\n\t\t\t\t\t\t\t\t\t\t<span class=\"elementor-icon-list-text\">Altersgemischtes Lernen mit individuellen Lernpl\u00e4nen<\/span>\n\t\t\t\t\t\t\t\t\t<\/li>\n\t\t\t\t\t\t<\/ul>\n\t\t\t\t\t\t<\/div>\n\t\t\t\t<\/div>\n\t\t\t\t<div class=\"elementor-element elementor-element-59cd3fb elementor-widget elementor-widget-video\" data-id=\"59cd3fb\" data-element_type=\"widget\" data-e-type=\"widget\" data-settings=\"{&quot;youtube_url&quot;:&quot;https:\\\/\\\/youtu.be\\\/N8iJLiswdm0&quot;,&quot;video_type&quot;:&quot;youtube&quot;,&quot;controls&quot;:&quot;yes&quot;}\" data-widget_type=\"video.default\">\n\t\t\t\t<div class=\"elementor-widget-container\">\n\t\t\t\t\t\t\t<div class=\"elementor-wrapper elementor-open-inline\">\n\t\t\t<div class=\"elementor-video\"><\/div>\t\t<\/div>\n\t\t\t\t\t\t<\/div>\n\t\t\t\t<\/div>\n\t\t\t\t\t<\/div>\n\t\t<\/div>\n\t\t\t\t\t<\/div>\n\t\t<\/section>\n\t\t\t\t<section class=\"elementor-section elementor-top-section elementor-element elementor-element-05bdb30 elementor-section-boxed elementor-section-height-default elementor-section-height-default\" data-id=\"05bdb30\" data-element_type=\"section\" data-e-type=\"section\">\n\t\t\t\t\t\t<div class=\"elementor-container elementor-column-gap-default\">\n\t\t\t\t\t<footer class=\"elementor-column elementor-col-100 elementor-top-column elementor-element elementor-element-62efa73\" data-id=\"62efa73\" data-element_type=\"column\" data-e-type=\"column\">\n\t\t\t<div class=\"elementor-widget-wrap elementor-element-populated\">\n\t\t\t\t\t\t<div class=\"elementor-element elementor-element-d595b65 elementor-widget-divider--view-line elementor-widget elementor-widget-divider\" data-id=\"d595b65\" data-element_type=\"widget\" data-e-type=\"widget\" data-widget_type=\"divider.default\">\n\t\t\t\t<div class=\"elementor-widget-container\">\n\t\t\t\t\t\t\t<div class=\"elementor-divider\">\n\t\t\t<span class=\"elementor-divider-separator\">\n\t\t\t\t\t\t<\/span>\n\t\t<\/div>\n\t\t\t\t\t\t<\/div>\n\t\t\t\t<\/div>\n\t\t\t\t<div class=\"elementor-element elementor-element-3f73875 elementor-widget elementor-widget-heading\" data-id=\"3f73875\" data-element_type=\"widget\" data-e-type=\"widget\" data-widget_type=\"heading.default\">\n\t\t\t\t<div class=\"elementor-widget-container\">\n\t\t\t\t\t<h2 class=\"elementor-heading-title elementor-size-default\"><span style=\"font-weight: 500;font-family: Roboto;font-size: 3rem;text-align: center\">Stellenangebote<\/span><\/h2>\t\t\t\t<\/div>\n\t\t\t\t<\/div>\n\t\t\t\t<section class=\"elementor-section elementor-inner-section elementor-element elementor-element-afd08f4 elementor-section-boxed elementor-section-height-default elementor-section-height-default\" data-id=\"afd08f4\" data-element_type=\"section\" data-e-type=\"section\">\n\t\t\t\t\t\t<div class=\"elementor-container elementor-column-gap-default\">\n\t\t\t\t\t<div class=\"elementor-column elementor-col-50 elementor-inner-column elementor-element elementor-element-a652b68\" data-id=\"a652b68\" data-element_type=\"column\" data-e-type=\"column\">\n\t\t\t<div class=\"elementor-widget-wrap elementor-element-populated\">\n\t\t\t\t\t\t<div class=\"elementor-element elementor-element-09faeda elementor-widget elementor-widget-text-editor\" data-id=\"09faeda\" data-element_type=\"widget\" data-e-type=\"widget\" data-widget_type=\"text-editor.default\">\n\t\t\t\t<div class=\"elementor-widget-container\">\n\t\t\t\t\t\t\t\t\t<h4 style=\"text-align: center;\"><strong>P\u00e4dagogische Kr\u00e4fte<\/strong><\/h4><p style=\"text-align: center;\"><span style=\"font-style: inherit; font-weight: inherit; color: var( --e-global-color-text );\">Wir suchen &#8211; ab sofort oder auch sp\u00e4ter &#8211; motivierte Lehrkr\u00e4fte<\/span><span style=\"font-style: inherit; font-weight: inherit; color: var( --e-global-color-text );\">\u00a0f\u00fcr Grundschule bzw. Klassenstufe 5\/6, sowie ggf. p\u00e4dagogische Schulleitung in Voll- oder Teilzeit.<\/span><\/p><p style=\"text-align: center;\">Hier geht es zu den offenen Stellen:<\/p><p style=\"text-align: center;\"><a style=\"font-style: inherit; letter-spacing: 0.01em;\" href=\"https:\/\/www.mandelbaum.schule\/wordpress\/wp-content\/uploads\/2025\/02\/Auschreibung-Schulleitung-GIGS-ab-Maerz-2025.pdf\" target=\"_blank\" rel=\"noopener\">Schulleitung Grund-\/ Gesamtschule<\/a><\/p>\t\t\t\t\t\t\t\t<\/div>\n\t\t\t\t<\/div>\n\t\t\t\t\t<\/div>\n\t\t<\/div>\n\t\t\t\t<div class=\"elementor-column elementor-col-50 elementor-inner-column elementor-element elementor-element-7b055ee\" data-id=\"7b055ee\" data-element_type=\"column\" data-e-type=\"column\">\n\t\t\t<div class=\"elementor-widget-wrap elementor-element-populated\">\n\t\t\t\t\t\t<div class=\"elementor-element elementor-element-d6c3534 elementor-widget elementor-widget-text-editor\" data-id=\"d6c3534\" data-element_type=\"widget\" data-e-type=\"widget\" data-widget_type=\"text-editor.default\">\n\t\t\t\t<div class=\"elementor-widget-container\">\n\t\t\t\t\t\t\t\t\t<h4 style=\"text-align: center;\"><strong>FSJ \/ BDF Stelle<\/strong><\/h4>\n<p style=\"text-align: center;\">Hast du Freude daran mit Kindern die Welt zu entdecken? Dann b<span style=\"letter-spacing: 0.01em;\">ewerbe dich f\u00fcr eine&nbsp; FSJ- oder BFD- Stelle!<\/span><\/p><p style=\"text-align: center;\"><span style=\"letter-spacing: 0.01em;\"><br><\/span><\/p>\n<p style=\"text-align: center;\"><a href=\"mailto:sekretariat@mandelbaum.schule\"><span style=\"font-style: inherit; font-weight: inherit;\">sekretariat@mandelbaum.schule<\/span><\/a><\/p>\t\t\t\t\t\t\t\t<\/div>\n\t\t\t\t<\/div>\n\t\t\t\t\t<\/div>\n\t\t<\/div>\n\t\t\t\t\t<\/div>\n\t\t<\/section>\n\t\t\t\t<div class=\"elementor-element elementor-element-f3eee8a elementor-widget-divider--view-line elementor-widget elementor-widget-divider\" data-id=\"f3eee8a\" data-element_type=\"widget\" data-e-type=\"widget\" data-widget_type=\"divider.default\">\n\t\t\t\t<div class=\"elementor-widget-container\">\n\t\t\t\t\t\t\t<div class=\"elementor-divider\">\n\t\t\t<span class=\"elementor-divider-separator\">\n\t\t\t\t\t\t<\/span>\n\t\t<\/div>\n\t\t\t\t\t\t<\/div>\n\t\t\t\t<\/div>\n\t\t\t\t<div class=\"elementor-element elementor-element-e3eb9a3 elementor-widget elementor-widget-heading\" data-id=\"e3eb9a3\" data-element_type=\"widget\" data-e-type=\"widget\" data-widget_type=\"heading.default\">\n\t\t\t\t<div class=\"elementor-widget-container\">\n\t\t\t\t\t<h2 class=\"elementor-heading-title elementor-size-default\"><span style=\"font-weight: 500;font-family: Roboto;font-size: 3rem;text-align: center\">Informationsveranstaltungen f\u00fcr die \nMandelbaum Grundschule bis<\/span><font color=\"#54595f\" face=\"Roboto\"><span style=\"font-size: 30px;font-weight: 500\"> Stufe 5 \/ 6<\/span><\/font><\/h2>\t\t\t\t<\/div>\n\t\t\t\t<\/div>\n\t\t\t\t<div class=\"elementor-element elementor-element-9a0bdb8 elementor-widget elementor-widget-text-editor\" data-id=\"9a0bdb8\" data-element_type=\"widget\" data-e-type=\"widget\" data-widget_type=\"text-editor.default\">\n\t\t\t\t<div class=\"elementor-widget-container\">\n\t\t\t\t\t\t\t\t\t<p>M\u00f6chtet ihr eine Einladung f\u00fcr die n\u00e4chste Informationsveranstaltung erhalten, schreibt einfach eine kurze Nachricht an <a href=\"mailto:sekretariat@mandelbaum.schule\">sekretariat@mandelbaum.schule<\/a><\/p>\n<p><span style=\"font-style: inherit; font-weight: inherit; letter-spacing: 0.01em;\">Termin Infoabend: <\/span><b style=\"font-style: inherit; letter-spacing: 0.01em;\">20. Januar und 05. M\u00e4rz 2026 um 19:00<\/b><\/p>\t\t\t\t\t\t\t\t<\/div>\n\t\t\t\t<\/div>\n\t\t\t\t<div class=\"elementor-element elementor-element-4f7b301 elementor-align-center elementor-widget elementor-widget-button\" data-id=\"4f7b301\" data-element_type=\"widget\" data-e-type=\"widget\" data-widget_type=\"button.default\">\n\t\t\t\t<div class=\"elementor-widget-container\">\n\t\t\t\t\t\t\t\t\t<div class=\"elementor-button-wrapper\">\n\t\t\t\t\t<a class=\"elementor-button elementor-button-link elementor-size-sm\" href=\"https:\/\/www.mandelbaum.schule\/wordpress\/wp-content\/uploads\/2025\/10\/251113-Flyer-Infoabend-Nov.pdf\" target=\"_blank\">\n\t\t\t\t\t\t<span class=\"elementor-button-content-wrapper\">\n\t\t\t\t\t\t<span class=\"elementor-button-icon\">\n\t\t\t\t<i aria-hidden=\"true\" class=\"fas fa-file-pdf\"><\/i>\t\t\t<\/span>\n\t\t\t\t\t\t\t\t\t<span class=\"elementor-button-text\">Flyer<\/span>\n\t\t\t\t\t<\/span>\n\t\t\t\t\t<\/a>\n\t\t\t\t<\/div>\n\t\t\t\t\t\t\t\t<\/div>\n\t\t\t\t<\/div>\n\t\t\t\t<div class=\"elementor-element elementor-element-318c661 elementor-widget-divider--view-line elementor-widget elementor-widget-divider\" data-id=\"318c661\" data-element_type=\"widget\" data-e-type=\"widget\" data-widget_type=\"divider.default\">\n\t\t\t\t<div class=\"elementor-widget-container\">\n\t\t\t\t\t\t\t<div class=\"elementor-divider\">\n\t\t\t<span class=\"elementor-divider-separator\">\n\t\t\t\t\t\t<\/span>\n\t\t<\/div>\n\t\t\t\t\t\t<\/div>\n\t\t\t\t<\/div>\n\t\t\t\t<div class=\"elementor-element elementor-element-f6cb12b elementor-widget elementor-widget-heading\" data-id=\"f6cb12b\" data-element_type=\"widget\" data-e-type=\"widget\" data-widget_type=\"heading.default\">\n\t\t\t\t<div class=\"elementor-widget-container\">\n\t\t\t\t\t<h2 class=\"elementor-heading-title elementor-size-default\"><span style=\"font-weight: 500;font-family: Roboto;font-size: 3rem;text-align: center\">Anmeldung<\/span><\/h2>\t\t\t\t<\/div>\n\t\t\t\t<\/div>\n\t\t\t\t<div class=\"elementor-element elementor-element-53e3527 elementor-widget elementor-widget-text-editor\" data-id=\"53e3527\" data-element_type=\"widget\" data-e-type=\"widget\" data-widget_type=\"text-editor.default\">\n\t\t\t\t<div class=\"elementor-widget-container\">\n\t\t\t\t\t\t\t\t\t<p style=\"text-align: center;\">Ein Wechsel zur Mandelbaum-Schule ist auch unterj\u00e4hrig m\u00f6glich.<br \/><span style=\"color: var( --e-global-color-text ); font-style: inherit; font-weight: inherit; letter-spacing: 0.01em;\">Bei Interesse an einem Schulplatz findet ihr hier den <a href=\"https:\/\/www.mandelbaum.schule\/wordpress\/wp-content\/uploads\/2025\/05\/Aufnahmeantrag-Mandelbaumschule-25.pdf\">[Aufnahmeantrag]<\/a>, <\/span><span style=\"font-style: inherit; font-weight: inherit; letter-spacing: 0.01em; color: var( --e-global-color-text );\">den ihr gerne\u00a0 an\u00a0<\/span><a style=\"font-style: inherit; font-weight: inherit; letter-spacing: 0.01em; background-color: #ffffff;\" href=\"mailto:sekretariat@mandelbaum.schule\">sekretariat@mandelbaum.schule<\/a><span style=\"font-style: inherit; font-weight: inherit; letter-spacing: 0.01em; color: var( --e-global-color-text );\"> sendet.<\/span><\/p><p style=\"text-align: center;\">Schnuppertage f\u00fcr Kinder nach Absprache<\/p>\t\t\t\t\t\t\t\t<\/div>\n\t\t\t\t<\/div>\n\t\t\t\t<div class=\"elementor-element elementor-element-f89c149 elementor-widget-divider--view-line elementor-widget elementor-widget-divider\" data-id=\"f89c149\" data-element_type=\"widget\" data-e-type=\"widget\" data-widget_type=\"divider.default\">\n\t\t\t\t<div class=\"elementor-widget-container\">\n\t\t\t\t\t\t\t<div class=\"elementor-divider\">\n\t\t\t<span class=\"elementor-divider-separator\">\n\t\t\t\t\t\t<\/span>\n\t\t<\/div>\n\t\t\t\t\t\t<\/div>\n\t\t\t\t<\/div>\n\t\t\t\t<div class=\"elementor-element elementor-element-3d1d4c8 elementor-widget elementor-widget-heading\" data-id=\"3d1d4c8\" data-element_type=\"widget\" data-e-type=\"widget\" data-widget_type=\"heading.default\">\n\t\t\t\t<div class=\"elementor-widget-container\">\n\t\t\t\t\t<h2 class=\"elementor-heading-title elementor-size-default\">Unterst\u00fctzen und Mitarbeiten<\/h2>\t\t\t\t<\/div>\n\t\t\t\t<\/div>\n\t\t\t\t<section class=\"elementor-section elementor-inner-section elementor-element elementor-element-2106902 elementor-section-boxed elementor-section-height-default elementor-section-height-default\" data-id=\"2106902\" data-element_type=\"section\" data-e-type=\"section\">\n\t\t\t\t\t\t<div class=\"elementor-container elementor-column-gap-default\">\n\t\t\t\t\t<div class=\"elementor-column elementor-col-50 elementor-inner-column elementor-element elementor-element-128e495\" data-id=\"128e495\" data-element_type=\"column\" data-e-type=\"column\">\n\t\t\t<div class=\"elementor-widget-wrap elementor-element-populated\">\n\t\t\t\t\t\t<div class=\"elementor-element elementor-element-38ad9e6 elementor-widget elementor-widget-heading\" data-id=\"38ad9e6\" data-element_type=\"widget\" data-e-type=\"widget\" data-widget_type=\"heading.default\">\n\t\t\t\t<div class=\"elementor-widget-container\">\n\t\t\t\t\t<h2 class=\"elementor-heading-title elementor-size-default\"><br>Du kannst ausgew\u00e4hlte Projekte \ndirekt \u00fcber \n[betterplace] unterst\u00fctzen &gt; &gt; &gt;<br><br><br>oder<br><br><br><span style=\"font-family: var( --e-global-typography-text-font-family ), Sans-serif;font-size: 28px;font-style: inherit\">&nbsp;Teil der Schulgr\u00fcndung werden <br>und langfristig<br>in die Zukunft von Kindern&nbsp;<\/span>investieren!<span style=\"font-style: inherit;letter-spacing: 0.01em\"><\/span><br><\/h2>\t\t\t\t<\/div>\n\t\t\t\t<\/div>\n\t\t\t\t\t<\/div>\n\t\t<\/div>\n\t\t\t\t<div class=\"elementor-column elementor-col-50 elementor-inner-column elementor-element elementor-element-ac1f803\" data-id=\"ac1f803\" data-element_type=\"column\" data-e-type=\"column\">\n\t\t\t<div class=\"elementor-widget-wrap elementor-element-populated\">\n\t\t\t\t\t\t<div class=\"elementor-element elementor-element-91b8ae4 elementor-widget elementor-widget-html\" data-id=\"91b8ae4\" data-element_type=\"widget\" data-e-type=\"widget\" data-widget_type=\"html.default\">\n\t\t\t\t<div class=\"elementor-widget-container\">\n\t\t\t\t\t<iframe frameborder=\"0\" marginheight=\"0\" marginwidth=\"0\"\r\nsrc=\"https:\/\/www.betterplace-widget.org\/projects\/120896?l=de\"\r\nwidth=\"100%\" height=\"320\" style=\"border: 0; padding:0;\r\nmargin:0;\">Informieren und spenden: &lt;a\r\nhref=&#39;https:\/\/www.betterplace.org\/de\/projects\/120896-kinder-pflanzen-baeume-und-lernen-im-schulgarten&#39;\r\ntarget=&#39;_blank&#39;&gt;\u201eKinder pflanzen B\u00e4ume und lernen im\r\nSchulgarten \u201c&lt;\/a&gt; auf betterplace.org \u00f6ffnen.<\/iframe>\r\n\t\t\t\t<\/div>\n\t\t\t\t<\/div>\n\t\t\t\t\t<\/div>\n\t\t<\/div>\n\t\t\t\t\t<\/div>\n\t\t<\/section>\n\t\t\t\t<div class=\"elementor-element elementor-element-fde9be8 elementor-widget elementor-widget-progress\" data-id=\"fde9be8\" data-element_type=\"widget\" data-e-type=\"widget\" data-widget_type=\"progress.default\">\n\t\t\t\t<div class=\"elementor-widget-container\">\n\t\t\t\t\t\t\t\t<span class=\"elementor-title\" id=\"elementor-progress-bar-fde9be8\">\n\t\t\t\tAktionen \t\t\t<\/span>\n\t\t\n\t\t<div aria-labelledby=\"elementor-progress-bar-fde9be8\" class=\"elementor-progress-wrapper\" role=\"progressbar\" aria-valuemin=\"0\" aria-valuemax=\"100\" aria-valuenow=\"68\" aria-valuetext=\"68% (Zusagen )\">\n\t\t\t<div class=\"elementor-progress-bar\" data-max=\"68\">\n\t\t\t\t<span class=\"elementor-progress-text\">Zusagen <\/span>\n\t\t\t\t\t\t\t\t\t<span class=\"elementor-progress-percentage\">68%<\/span>\n\t\t\t\t\t\t\t<\/div>\n\t\t<\/div>\n\t\t\t\t\t\t<\/div>\n\t\t\t\t<\/div>\n\t\t\t\t<div class=\"elementor-element elementor-element-e663ccb elementor-widget elementor-widget-text-editor\" data-id=\"e663ccb\" data-element_type=\"widget\" data-e-type=\"widget\" data-widget_type=\"text-editor.default\">\n\t\t\t\t<div class=\"elementor-widget-container\">\n\t\t\t\t\t\t\t\t\t<p><span style=\"font-style: inherit; font-weight: inherit;\">Das erhobene Schulgeld deckt einen Teil der erforderlichen Kosten.\u00a0<\/span><span style=\"font-style: inherit; font-weight: inherit;\">Der initiale Finanzierungsbedarf von insgesamt \u00fcber 400.000 \u20ac ist \u00fcberwiegend durch Eigenmittel (z.B. Freundesdarlehen) und Stiftungsgelder zustande gekommen. S<\/span><span style=\"font-style: inherit; font-weight: var( --e-global-typography-text-font-weight );\">taatliche F\u00f6rderung greift nun ab dem vierten Jahr nach Schulstart.<\/span><span style=\"font-style: inherit; font-weight: var( --e-global-typography-text-font-weight );\">\u00a0<\/span><span style=\"font-style: inherit; font-weight: inherit;\">Als freier Tr\u00e4ger sind wir weiterhin dankbar f\u00fcr jegliche Unterst\u00fctzung.<\/span><\/p><p><span style=\"font-family: 'Roboto Condensed', sans-serif;\">Deine Spende macht es m\u00f6glich und ist eine gro\u00dfe Ermutigung f\u00fcr das ganze Team.<br \/>Wir sagen allen <strong>DANKE,<\/strong> die uns bereits finanziell unterst\u00fctzen.<\/span><\/p><p>Unsere Bankverbindung bei der Freikirchenbank SKB<br \/>\u00a0IBAN DE 6650 0921 0000 0178 0603<span style=\"font-family: 'Roboto Condensed', sans-serif; font-style: inherit; font-weight: inherit;\"><br \/><strong>Als gemeinn\u00fctziger Verein stellen wir gerne eine Spendenbescheinigung aus.<\/strong><\/span><\/p>\t\t\t\t\t\t\t\t<\/div>\n\t\t\t\t<\/div>\n\t\t\t\t<div class=\"elementor-element elementor-element-0eee250 elementor-widget-divider--view-line elementor-widget elementor-widget-divider\" data-id=\"0eee250\" data-element_type=\"widget\" data-e-type=\"widget\" data-widget_type=\"divider.default\">\n\t\t\t\t<div class=\"elementor-widget-container\">\n\t\t\t\t\t\t\t<div class=\"elementor-divider\">\n\t\t\t<span class=\"elementor-divider-separator\">\n\t\t\t\t\t\t<\/span>\n\t\t<\/div>\n\t\t\t\t\t\t<\/div>\n\t\t\t\t<\/div>\n\t\t\t\t<div class=\"elementor-element elementor-element-803cf7a elementor-widget elementor-widget-text-editor\" data-id=\"803cf7a\" data-element_type=\"widget\" data-e-type=\"widget\" data-widget_type=\"text-editor.default\">\n\t\t\t\t<div class=\"elementor-widget-container\">\n\t\t\t\t\t\t\t\t\t<p>Als gemeinn\u00fctziger Verein nehmen wir gerne kompetente Unterst\u00fctzung in Administration, B\u00fcro-Organisation und Buchhaltung an !\u00a0\u00a0<\/p>\t\t\t\t\t\t\t\t<\/div>\n\t\t\t\t<\/div>\n\t\t\t\t\t<\/div>\n\t\t<\/footer>\n\t\t\t\t\t<\/div>\n\t\t<\/section>\n\t\t\t\t<section class=\"elementor-section elementor-top-section elementor-element elementor-element-e485218 elementor-section-boxed elementor-section-height-default elementor-section-height-default\" data-id=\"e485218\" data-element_type=\"section\" data-e-type=\"section\">\n\t\t\t\t\t\t<div class=\"elementor-container elementor-column-gap-default\">\n\t\t\t\t\t<div class=\"elementor-column elementor-col-100 elementor-top-column elementor-element elementor-element-0776d96\" data-id=\"0776d96\" data-element_type=\"column\" data-e-type=\"column\">\n\t\t\t<div class=\"elementor-widget-wrap elementor-element-populated\">\n\t\t\t\t\t\t<div class=\"elementor-element elementor-element-4a65331 elementor-widget-divider--view-line elementor-widget elementor-widget-divider\" data-id=\"4a65331\" data-element_type=\"widget\" data-e-type=\"widget\" data-widget_type=\"divider.default\">\n\t\t\t\t<div class=\"elementor-widget-container\">\n\t\t\t\t\t\t\t<div class=\"elementor-divider\">\n\t\t\t<span class=\"elementor-divider-separator\">\n\t\t\t\t\t\t<\/span>\n\t\t<\/div>\n\t\t\t\t\t\t<\/div>\n\t\t\t\t<\/div>\n\t\t\t\t<div class=\"elementor-element elementor-element-9c1795e elementor-widget elementor-widget-heading\" data-id=\"9c1795e\" data-element_type=\"widget\" data-e-type=\"widget\" data-widget_type=\"heading.default\">\n\t\t\t\t<div class=\"elementor-widget-container\">\n\t\t\t\t\t<h2 class=\"elementor-heading-title elementor-size-default\">Kontakt<\/h2>\t\t\t\t<\/div>\n\t\t\t\t<\/div>\n\t\t\t\t<div class=\"elementor-element elementor-element-8b0e2ad elementor-widget elementor-widget-text-editor\" data-id=\"8b0e2ad\" data-element_type=\"widget\" data-e-type=\"widget\" data-widget_type=\"text-editor.default\">\n\t\t\t\t<div class=\"elementor-widget-container\">\n\t\t\t\t\t\t\t\t\t<p><span style=\"font-family: Roboto Condensed, sans-serif;\">Willst du mehr \u00fcber&nbsp;<\/span><span style=\"font-family: &quot;Roboto Condensed&quot;, sans-serif; font-weight: var( --e-global-typography-text-font-weight ); letter-spacing: 0.01em;\">die Mandelbaumschule oder<\/span><span style=\"font-family: &quot;Roboto Condensed&quot;, sans-serif; font-style: inherit; font-weight: inherit; letter-spacing: 0.01em;\">&nbsp;den Tr\u00e4gerverein [Wurzelwerke &#8211; Initiative f\u00fcr ganzheitliche P\u00e4dagogik e.V.]&nbsp;<\/span><span style=\"font-family: &quot;Roboto Condensed&quot;, sans-serif; font-style: inherit; font-weight: inherit; letter-spacing: 0.01em;\">erfahren oder mit uns in Kontakt kommen?<\/span><\/p>\n<p><span style=\"font-family: Roboto Condensed, sans-serif;\">Schau hier gerne bald wieder vorbei oder schreib uns einfach eine E-Mail an:<br><a href=\"mailto:info@wurzelwerke.org\" data-wplink-edit=\"true\">info@wurzelwerke.org<\/a><\/span><\/p>\t\t\t\t\t\t\t\t<\/div>\n\t\t\t\t<\/div>\n\t\t\t\t\t<\/div>\n\t\t<\/div>\n\t\t\t\t\t<\/div>\n\t\t<\/section>\n\t\t\t\t<section class=\"elementor-section elementor-top-section elementor-element elementor-element-1886c53 elementor-section-boxed elementor-section-height-default elementor-section-height-default\" data-id=\"1886c53\" data-element_type=\"section\" data-e-type=\"section\">\n\t\t\t\t\t\t<div class=\"elementor-container elementor-column-gap-default\">\n\t\t\t\t\t<div class=\"elementor-column elementor-col-100 elementor-top-column elementor-element elementor-element-e9e0251\" data-id=\"e9e0251\" data-element_type=\"column\" data-e-type=\"column\">\n\t\t\t<div class=\"elementor-widget-wrap elementor-element-populated\">\n\t\t\t\t\t\t<div class=\"elementor-element elementor-element-29c911b elementor-widget-divider--view-line elementor-widget elementor-widget-divider\" data-id=\"29c911b\" data-element_type=\"widget\" data-e-type=\"widget\" data-widget_type=\"divider.default\">\n\t\t\t\t<div class=\"elementor-widget-container\">\n\t\t\t\t\t\t\t<div class=\"elementor-divider\">\n\t\t\t<span class=\"elementor-divider-separator\">\n\t\t\t\t\t\t<\/span>\n\t\t<\/div>\n\t\t\t\t\t\t<\/div>\n\t\t\t\t<\/div>\n\t\t\t\t\t<\/div>\n\t\t<\/div>\n\t\t\t\t\t<\/div>\n\t\t<\/section>\n\t\t\t\t<section class=\"elementor-section elementor-top-section elementor-element elementor-element-dc22aa9 elementor-section-boxed elementor-section-height-default elementor-section-height-default\" data-id=\"dc22aa9\" data-element_type=\"section\" data-e-type=\"section\">\n\t\t\t\t\t\t<div class=\"elementor-container elementor-column-gap-default\">\n\t\t\t\t\t<div class=\"elementor-column elementor-col-100 elementor-top-column elementor-element elementor-element-9356814\" data-id=\"9356814\" data-element_type=\"column\" data-e-type=\"column\">\n\t\t\t<div class=\"elementor-widget-wrap elementor-element-populated\">\n\t\t\t\t\t\t<div class=\"elementor-element elementor-element-eeb80b1 elementor-align-center elementor-widget elementor-widget-button\" data-id=\"eeb80b1\" data-element_type=\"widget\" data-e-type=\"widget\" data-widget_type=\"button.default\">\n\t\t\t\t<div class=\"elementor-widget-container\">\n\t\t\t\t\t\t\t\t\t<div class=\"elementor-button-wrapper\">\n\t\t\t\t\t<a class=\"elementor-button elementor-button-link elementor-size-sm\" href=\"http:\/\/eepurl.com\/iy202-\/\" target=\"_blank\">\n\t\t\t\t\t\t<span class=\"elementor-button-content-wrapper\">\n\t\t\t\t\t\t<span class=\"elementor-button-icon\">\n\t\t\t\t<i aria-hidden=\"true\" class=\"far fa-newspaper\"><\/i>\t\t\t<\/span>\n\t\t\t\t\t\t\t\t\t<span class=\"elementor-button-text\">Ja - ich m\u00f6chte mit dem Newsletter immer wieder zu den aktuellen Entwicklungen der  Mandelbaumschule informiert werden.<\/span>\n\t\t\t\t\t<\/span>\n\t\t\t\t\t<\/a>\n\t\t\t\t<\/div>\n\t\t\t\t\t\t\t\t<\/div>\n\t\t\t\t<\/div>\n\t\t\t\t<div class=\"elementor-element elementor-element-2fea86f elementor-widget elementor-widget-spacer\" data-id=\"2fea86f\" data-element_type=\"widget\" data-e-type=\"widget\" data-widget_type=\"spacer.default\">\n\t\t\t\t<div class=\"elementor-widget-container\">\n\t\t\t\t\t\t\t<div class=\"elementor-spacer\">\n\t\t\t<div class=\"elementor-spacer-inner\"><\/div>\n\t\t<\/div>\n\t\t\t\t\t\t<\/div>\n\t\t\t\t<\/div>\n\t\t\t\t\t<\/div>\n\t\t<\/div>\n\t\t\t\t\t<\/div>\n\t\t<\/section>\n\t\t\t\t<\/div>\n\t\t","protected":false},"excerpt":{"rendered":"<p>VISION EINER SCHULE Gemeinsam neue Wege gehen WIR MACHEN SCHULE Aus der Vision einen kindgerechten Lernort zu schaffen&nbsp;ist Realit\u00e4t geworden.&nbsp;Ein Lernort,&nbsp;der&nbsp;die individuelle Entwicklung jedes einzelnen Kindes ber\u00fccksichtigt, sowie&nbsp;naturverbundenes und beziehungsorientiertes Lernen erm\u00f6glicht.&nbsp; Eine Grundschule (inklusive 5\/6) als Elterninitiative in freier Tr\u00e4gerschaft&nbsp;auf Grundlage biblischer Werte&nbsp;in Ober-Ramstadt im Landkreis Darmstadt-Dieburg. Gottvertrauen Naturverbunden Beziehungsorientiert Moderne Lernformen Ganzheitliches Lernen [&hellip;]<\/p>\n","protected":false},"author":4,"featured_media":0,"parent":0,"menu_order":0,"comment_status":"closed","ping_status":"closed","template":"page-templates\/pagebuilder.php","meta":{"zakra_sidebar_layout":"stretched","zakra_remove_content_margin":false,"zakra_sidebar":"customizer","zakra_transparent_header":"0","zakra_logo":0,"zakra_main_header_style":"default","zakra_menu_item_color":"","zakra_menu_item_hover_color":"","zakra_menu_item_active_color":"","zakra_menu_active_style":"","zakra_page_header":true,"footnotes":""},"class_list":["post-1190","page","type-page","status-publish","hentry"],"yoast_head":"<!-- This site is optimized with the Yoast SEO plugin v27.5 - https:\/\/yoast.com\/product\/yoast-seo-wordpress\/ -->\n<title>Home - Initiative f\u00fcr ganzheitliche P\u00e4dagogik - Mandelbaum Grundschule<\/title>\n<meta name=\"description\" content=\"Mandelbaumschule - von der Vision einer modernen Schule mit christlichen Werten - Initiative f\u00fcr ganzheitliche P\u00e4dagogik - Mandelbaum Grundschule\" \/>\n<meta name=\"robots\" content=\"index, follow, max-snippet:-1, max-image-preview:large, max-video-preview:-1\" \/>\n<link rel=\"canonical\" href=\"https:\/\/www.mandelbaum.schule\/wordpress\/\" \/>\n<meta property=\"og:locale\" content=\"de_DE\" \/>\n<meta property=\"og:type\" content=\"article\" \/>\n<meta property=\"og:title\" content=\"Home - Initiative f\u00fcr ganzheitliche P\u00e4dagogik - Mandelbaum Grundschule\" \/>\n<meta property=\"og:description\" content=\"Mandelbaumschule - von der Vision einer modernen Schule mit christlichen Werten - Initiative f\u00fcr ganzheitliche P\u00e4dagogik - Mandelbaum Grundschule\" \/>\n<meta property=\"og:url\" content=\"https:\/\/www.mandelbaum.schule\/wordpress\/\" \/>\n<meta property=\"og:site_name\" content=\"Initiative f\u00fcr ganzheitliche P\u00e4dagogik - Mandelbaum Grundschule\" \/>\n<meta property=\"article:modified_time\" content=\"2026-01-07T10:32:52+00:00\" \/>\n<meta property=\"og:image\" content=\"https:\/\/www.mandelbaum.schule\/wordpress\/wp-content\/uploads\/2025\/02\/Logo_Mandelbaumschule_CMYK_2025.png\" \/>\n\t<meta property=\"og:image:width\" content=\"768\" \/>\n\t<meta property=\"og:image:height\" content=\"855\" \/>\n\t<meta property=\"og:image:type\" content=\"image\/png\" \/>\n<meta name=\"twitter:card\" content=\"summary_large_image\" \/>\n<meta name=\"twitter:label1\" content=\"Gesch\u00e4tzte Lesezeit\" \/>\n\t<meta name=\"twitter:data1\" content=\"3\u00a0Minuten\" \/>\n<script type=\"application\/ld+json\" class=\"yoast-schema-graph\">{\"@context\":\"https:\\\/\\\/schema.org\",\"@graph\":[{\"@type\":\"WebPage\",\"@id\":\"https:\\\/\\\/www.mandelbaum.schule\\\/wordpress\\\/\",\"url\":\"https:\\\/\\\/www.mandelbaum.schule\\\/wordpress\\\/\",\"name\":\"Home - Initiative f\u00fcr ganzheitliche P\u00e4dagogik - Mandelbaum Grundschule\",\"isPartOf\":{\"@id\":\"https:\\\/\\\/www.mandelbaum.schule\\\/wordpress\\\/#website\"},\"primaryImageOfPage\":{\"@id\":\"https:\\\/\\\/www.mandelbaum.schule\\\/wordpress\\\/#primaryimage\"},\"image\":{\"@id\":\"https:\\\/\\\/www.mandelbaum.schule\\\/wordpress\\\/#primaryimage\"},\"thumbnailUrl\":\"https:\\\/\\\/www.mandelbaum.schule\\\/wordpress\\\/wp-content\\\/uploads\\\/2025\\\/02\\\/Logo_Mandelbaumschule_CMYK_2025-269x300.png\",\"datePublished\":\"2019-02-02T15:11:19+00:00\",\"dateModified\":\"2026-01-07T10:32:52+00:00\",\"description\":\"Mandelbaumschule - von der Vision einer modernen Schule mit christlichen Werten - Initiative f\u00fcr ganzheitliche P\u00e4dagogik - Mandelbaum Grundschule\",\"breadcrumb\":{\"@id\":\"https:\\\/\\\/www.mandelbaum.schule\\\/wordpress\\\/#breadcrumb\"},\"inLanguage\":\"de\",\"potentialAction\":[{\"@type\":\"ReadAction\",\"target\":[\"https:\\\/\\\/www.mandelbaum.schule\\\/wordpress\\\/\"]}]},{\"@type\":\"ImageObject\",\"inLanguage\":\"de\",\"@id\":\"https:\\\/\\\/www.mandelbaum.schule\\\/wordpress\\\/#primaryimage\",\"url\":\"https:\\\/\\\/www.mandelbaum.schule\\\/wordpress\\\/wp-content\\\/uploads\\\/2025\\\/02\\\/Logo_Mandelbaumschule_CMYK_2025.png\",\"contentUrl\":\"https:\\\/\\\/www.mandelbaum.schule\\\/wordpress\\\/wp-content\\\/uploads\\\/2025\\\/02\\\/Logo_Mandelbaumschule_CMYK_2025.png\",\"width\":768,\"height\":855},{\"@type\":\"BreadcrumbList\",\"@id\":\"https:\\\/\\\/www.mandelbaum.schule\\\/wordpress\\\/#breadcrumb\",\"itemListElement\":[{\"@type\":\"ListItem\",\"position\":1,\"name\":\"Startseite\",\"item\":\"https:\\\/\\\/www.mandelbaum.schule\\\/wordpress\\\/\"},{\"@type\":\"ListItem\",\"position\":2,\"name\":\"Home\"}]},{\"@type\":\"WebSite\",\"@id\":\"https:\\\/\\\/www.mandelbaum.schule\\\/wordpress\\\/#website\",\"url\":\"https:\\\/\\\/www.mandelbaum.schule\\\/wordpress\\\/\",\"name\":\"Initiative f\u00fcr ganzheitliche P\u00e4dagogik - Mandelbaum Grundschule\",\"description\":\"Schulgr\u00fcndung Darmstadt Dieburg\",\"publisher\":{\"@id\":\"https:\\\/\\\/www.mandelbaum.schule\\\/wordpress\\\/#organization\"},\"potentialAction\":[{\"@type\":\"SearchAction\",\"target\":{\"@type\":\"EntryPoint\",\"urlTemplate\":\"https:\\\/\\\/www.mandelbaum.schule\\\/wordpress\\\/?s={search_term_string}\"},\"query-input\":{\"@type\":\"PropertyValueSpecification\",\"valueRequired\":true,\"valueName\":\"search_term_string\"}}],\"inLanguage\":\"de\"},{\"@type\":\"Organization\",\"@id\":\"https:\\\/\\\/www.mandelbaum.schule\\\/wordpress\\\/#organization\",\"name\":\"Initiative f\u00fcr ganzheitliche P\u00e4dagogik - Mandelbaum Grundschule\",\"url\":\"https:\\\/\\\/www.mandelbaum.schule\\\/wordpress\\\/\",\"logo\":{\"@type\":\"ImageObject\",\"inLanguage\":\"de\",\"@id\":\"https:\\\/\\\/www.mandelbaum.schule\\\/wordpress\\\/#\\\/schema\\\/logo\\\/image\\\/\",\"url\":\"https:\\\/\\\/www.mandelbaum.schule\\\/wordpress\\\/wp-content\\\/uploads\\\/2020\\\/05\\\/cropped-Wurzlewerke-e.V-log_web_03.png\",\"contentUrl\":\"https:\\\/\\\/www.mandelbaum.schule\\\/wordpress\\\/wp-content\\\/uploads\\\/2020\\\/05\\\/cropped-Wurzlewerke-e.V-log_web_03.png\",\"width\":924,\"height\":246,\"caption\":\"Initiative f\u00fcr ganzheitliche P\u00e4dagogik - Mandelbaum Grundschule\"},\"image\":{\"@id\":\"https:\\\/\\\/www.mandelbaum.schule\\\/wordpress\\\/#\\\/schema\\\/logo\\\/image\\\/\"},\"sameAs\":[\"https:\\\/\\\/instagram.com\\\/mandelbaum.schule\"]}]}<\/script>\n<!-- \/ Yoast SEO plugin. -->","yoast_head_json":{"title":"Home - Initiative f\u00fcr ganzheitliche P\u00e4dagogik - Mandelbaum Grundschule","description":"Mandelbaumschule - von der Vision einer modernen Schule mit christlichen Werten - Initiative f\u00fcr ganzheitliche P\u00e4dagogik - Mandelbaum Grundschule","robots":{"index":"index","follow":"follow","max-snippet":"max-snippet:-1","max-image-preview":"max-image-preview:large","max-video-preview":"max-video-preview:-1"},"canonical":"https:\/\/www.mandelbaum.schule\/wordpress\/","og_locale":"de_DE","og_type":"article","og_title":"Home - Initiative f\u00fcr ganzheitliche P\u00e4dagogik - Mandelbaum Grundschule","og_description":"Mandelbaumschule - von der Vision einer modernen Schule mit christlichen Werten - Initiative f\u00fcr ganzheitliche P\u00e4dagogik - Mandelbaum Grundschule","og_url":"https:\/\/www.mandelbaum.schule\/wordpress\/","og_site_name":"Initiative f\u00fcr ganzheitliche P\u00e4dagogik - Mandelbaum Grundschule","article_modified_time":"2026-01-07T10:32:52+00:00","og_image":[{"width":768,"height":855,"url":"https:\/\/www.mandelbaum.schule\/wordpress\/wp-content\/uploads\/2025\/02\/Logo_Mandelbaumschule_CMYK_2025.png","type":"image\/png"}],"twitter_card":"summary_large_image","twitter_misc":{"Gesch\u00e4tzte Lesezeit":"3\u00a0Minuten"},"schema":{"@context":"https:\/\/schema.org","@graph":[{"@type":"WebPage","@id":"https:\/\/www.mandelbaum.schule\/wordpress\/","url":"https:\/\/www.mandelbaum.schule\/wordpress\/","name":"Home - Initiative f\u00fcr ganzheitliche P\u00e4dagogik - Mandelbaum Grundschule","isPartOf":{"@id":"https:\/\/www.mandelbaum.schule\/wordpress\/#website"},"primaryImageOfPage":{"@id":"https:\/\/www.mandelbaum.schule\/wordpress\/#primaryimage"},"image":{"@id":"https:\/\/www.mandelbaum.schule\/wordpress\/#primaryimage"},"thumbnailUrl":"https:\/\/www.mandelbaum.schule\/wordpress\/wp-content\/uploads\/2025\/02\/Logo_Mandelbaumschule_CMYK_2025-269x300.png","datePublished":"2019-02-02T15:11:19+00:00","dateModified":"2026-01-07T10:32:52+00:00","description":"Mandelbaumschule - von der Vision einer modernen Schule mit christlichen Werten - Initiative f\u00fcr ganzheitliche P\u00e4dagogik - Mandelbaum Grundschule","breadcrumb":{"@id":"https:\/\/www.mandelbaum.schule\/wordpress\/#breadcrumb"},"inLanguage":"de","potentialAction":[{"@type":"ReadAction","target":["https:\/\/www.mandelbaum.schule\/wordpress\/"]}]},{"@type":"ImageObject","inLanguage":"de","@id":"https:\/\/www.mandelbaum.schule\/wordpress\/#primaryimage","url":"https:\/\/www.mandelbaum.schule\/wordpress\/wp-content\/uploads\/2025\/02\/Logo_Mandelbaumschule_CMYK_2025.png","contentUrl":"https:\/\/www.mandelbaum.schule\/wordpress\/wp-content\/uploads\/2025\/02\/Logo_Mandelbaumschule_CMYK_2025.png","width":768,"height":855},{"@type":"BreadcrumbList","@id":"https:\/\/www.mandelbaum.schule\/wordpress\/#breadcrumb","itemListElement":[{"@type":"ListItem","position":1,"name":"Startseite","item":"https:\/\/www.mandelbaum.schule\/wordpress\/"},{"@type":"ListItem","position":2,"name":"Home"}]},{"@type":"WebSite","@id":"https:\/\/www.mandelbaum.schule\/wordpress\/#website","url":"https:\/\/www.mandelbaum.schule\/wordpress\/","name":"Initiative f\u00fcr ganzheitliche P\u00e4dagogik - Mandelbaum Grundschule","description":"Schulgr\u00fcndung Darmstadt Dieburg","publisher":{"@id":"https:\/\/www.mandelbaum.schule\/wordpress\/#organization"},"potentialAction":[{"@type":"SearchAction","target":{"@type":"EntryPoint","urlTemplate":"https:\/\/www.mandelbaum.schule\/wordpress\/?s={search_term_string}"},"query-input":{"@type":"PropertyValueSpecification","valueRequired":true,"valueName":"search_term_string"}}],"inLanguage":"de"},{"@type":"Organization","@id":"https:\/\/www.mandelbaum.schule\/wordpress\/#organization","name":"Initiative f\u00fcr ganzheitliche P\u00e4dagogik - Mandelbaum Grundschule","url":"https:\/\/www.mandelbaum.schule\/wordpress\/","logo":{"@type":"ImageObject","inLanguage":"de","@id":"https:\/\/www.mandelbaum.schule\/wordpress\/#\/schema\/logo\/image\/","url":"https:\/\/www.mandelbaum.schule\/wordpress\/wp-content\/uploads\/2020\/05\/cropped-Wurzlewerke-e.V-log_web_03.png","contentUrl":"https:\/\/www.mandelbaum.schule\/wordpress\/wp-content\/uploads\/2020\/05\/cropped-Wurzlewerke-e.V-log_web_03.png","width":924,"height":246,"caption":"Initiative f\u00fcr ganzheitliche P\u00e4dagogik - Mandelbaum Grundschule"},"image":{"@id":"https:\/\/www.mandelbaum.schule\/wordpress\/#\/schema\/logo\/image\/"},"sameAs":["https:\/\/instagram.com\/mandelbaum.schule"]}]}},"_links":{"self":[{"href":"https:\/\/www.mandelbaum.schule\/wordpress\/wp-json\/wp\/v2\/pages\/1190","targetHints":{"allow":["GET"]}}],"collection":[{"href":"https:\/\/www.mandelbaum.schule\/wordpress\/wp-json\/wp\/v2\/pages"}],"about":[{"href":"https:\/\/www.mandelbaum.schule\/wordpress\/wp-json\/wp\/v2\/types\/page"}],"author":[{"embeddable":true,"href":"https:\/\/www.mandelbaum.schule\/wordpress\/wp-json\/wp\/v2\/users\/4"}],"replies":[{"embeddable":true,"href":"https:\/\/www.mandelbaum.schule\/wordpress\/wp-json\/wp\/v2\/comments?post=1190"}],"version-history":[{"count":1271,"href":"https:\/\/www.mandelbaum.schule\/wordpress\/wp-json\/wp\/v2\/pages\/1190\/revisions"}],"predecessor-version":[{"id":3977,"href":"https:\/\/www.mandelbaum.schule\/wordpress\/wp-json\/wp\/v2\/pages\/1190\/revisions\/3977"}],"wp:attachment":[{"href":"https:\/\/www.mandelbaum.schule\/wordpress\/wp-json\/wp\/v2\/media?parent=1190"}],"curies":[{"name":"wp","href":"https:\/\/api.w.org\/{rel}","templated":true}]}}