{"version":"1.0","provider_name":"Initiative f\u00fcr ganzheitliche P\u00e4dagogik - Mandelbaum Grundschule","provider_url":"https:\/\/www.mandelbaum.schule\/wordpress","author_name":"admin","author_url":"https:\/\/www.mandelbaum.schule\/wordpress\/author\/admin\/","title":"Team - Initiative f\u00fcr ganzheitliche P\u00e4dagogik - Mandelbaum Grundschule","type":"rich","width":600,"height":338,"html":"<blockquote class=\"wp-embedded-content\" data-secret=\"NscyzJLrFI\"><a href=\"https:\/\/www.mandelbaum.schule\/wordpress\/team\/\">Team<\/a><\/blockquote><iframe sandbox=\"allow-scripts\" security=\"restricted\" src=\"https:\/\/www.mandelbaum.schule\/wordpress\/team\/embed\/#?secret=NscyzJLrFI\" width=\"600\" height=\"338\" title=\"&#8222;Team&#8220; &#8211; Initiative f\u00fcr ganzheitliche P\u00e4dagogik - Mandelbaum Grundschule\" data-secret=\"NscyzJLrFI\" frameborder=\"0\" marginwidth=\"0\" marginheight=\"0\" scrolling=\"no\" class=\"wp-embedded-content\"><\/iframe><script type=\"text\/javascript\">\n\/* <![CDATA[ *\/\n\/*! This file is auto-generated *\/\n!function(d,l){\"use strict\";l.querySelector&&d.addEventListener&&\"undefined\"!=typeof URL&&(d.wp=d.wp||{},d.wp.receiveEmbedMessage||(d.wp.receiveEmbedMessage=function(e){var t=e.data;if((t||t.secret||t.message||t.value)&&!\/[^a-zA-Z0-9]\/.test(t.secret)){for(var s,r,n,a=l.querySelectorAll('iframe[data-secret=\"'+t.secret+'\"]'),o=l.querySelectorAll('blockquote[data-secret=\"'+t.secret+'\"]'),c=new RegExp(\"^https?:$\",\"i\"),i=0;i<o.length;i++)o[i].style.display=\"none\";for(i=0;i<a.length;i++)s=a[i],e.source===s.contentWindow&&(s.removeAttribute(\"style\"),\"height\"===t.message?(1e3<(r=parseInt(t.value,10))?r=1e3:~~r<200&&(r=200),s.height=r):\"link\"===t.message&&(r=new URL(s.getAttribute(\"src\")),n=new URL(t.value),c.test(n.protocol))&&n.host===r.host&&l.activeElement===s&&(d.top.location.href=t.value))}},d.addEventListener(\"message\",d.wp.receiveEmbedMessage,!1),l.addEventListener(\"DOMContentLoaded\",function(){for(var e,t,s=l.querySelectorAll(\"iframe.wp-embedded-content\"),r=0;r<s.length;r++)(t=(e=s[r]).getAttribute(\"data-secret\"))||(t=Math.random().toString(36).substring(2,12),e.src+=\"#?secret=\"+t,e.setAttribute(\"data-secret\",t)),e.contentWindow.postMessage({message:\"ready\",secret:t},\"*\")},!1)))}(window,document);\n\/\/# sourceURL=https:\/\/www.mandelbaum.schule\/wordpress\/wp-includes\/js\/wp-embed.min.js\n\/* ]]> *\/\n<\/script>\n","description":"Das Team der Mandelbaumschule 24_25 Unsere Vision von der Mandelbaum Grundschule ist m\u00f6glich, weil wir als engagierte Eltern gemeinsam mit den Lehrkr\u00e4ften unser Ziel verfolgen. Jeder bringt seine F\u00e4higkeiten und Begabungen da ein, wo es gebraucht wird &#8211; das begeistert uns! Das Gr\u00fcndungs-Team\u00a0hat voller Begeisterung\u00a0den Verein Wurzelwerke &#8211; Initiative f\u00fcr ganzheitliche P\u00e4dagogik e.V.\u00a0im August 2019\u00a0gegr\u00fcndet.","thumbnail_url":"https:\/\/www.mandelbaum.schule\/wordpress\/wp-content\/uploads\/2024\/12\/MbS-Team-585x1024.png","thumbnail_width":585,"thumbnail_height":1024}